{"id":5,"date":"2015-12-14T04:09:47","date_gmt":"2015-12-14T04:09:47","guid":{"rendered":"http:\/\/theme-fusion.com\/avada\/medical\/?page_id=5"},"modified":"2026-04-30T11:00:34","modified_gmt":"2026-04-30T09:00:34","slug":"home","status":"publish","type":"page","link":"https:\/\/cebie.es\/Staging\/","title":{"rendered":"Home"},"content":{"rendered":"<p><div class=\"fusion-fullwidth fullwidth-box fusion-builder-row-1 has-pattern-background has-mask-background fusion-parallax-none nonhundred-percent-fullwidth non-hundred-percent-height-scrolling fusion-no-small-visibility\" style=\"--awb-background-position:right center;--awb-border-sizes-top:0px;--awb-border-sizes-bottom:0px;--awb-border-sizes-left:0px;--awb-border-sizes-right:0px;--awb-border-radius-top-left:0px;--awb-border-radius-top-right:0px;--awb-border-radius-bottom-right:0px;--awb-border-radius-bottom-left:0px;--awb-padding-top:10%;--awb-padding-right:5%;--awb-padding-bottom:5%;--awb-padding-left:5%;--awb-background-image:url(&quot;https:\/\/cebie.es\/Staging\/wp-content\/uploads\/2024\/12\/CEBIE-centro-psicologos-logrono-1920x750-1.webp&quot;);--awb-background-size:cover;--awb-flex-wrap:wrap;\" ><div class=\"fusion-builder-row fusion-row\"><div class=\"fusion-layout-column fusion_builder_column fusion-builder-column-0 fusion_builder_column_1_1 1_1 fusion-one-full fusion-column-first fusion-column-last\" style=\"--awb-padding-right:5%;--awb-padding-bottom:2%;--awb-padding-left:5%;--awb-bg-color:rgba(0,0,0,0.32);--awb-bg-color-hover:rgba(0,0,0,0.32);--awb-bg-blend:overlay;--awb-bg-size:cover;\" data-scroll-devices=\"small-visibility,medium-visibility,large-visibility\"><div class=\"fusion-column-wrapper fusion-column-has-shadow fusion-flex-column-wrapper-legacy\"><div class=\"fusion-column-content-centered\"><div class=\"fusion-column-content\"><div class=\"fusion-text fusion-text-1 fusion-text-no-margin\" style=\"--awb-margin-bottom:50px;\"><h1 style=\"text-align: center;\"><span style=\"color: #ffffff; font-size: 14pt;\">Psicoterapeutas y psic\u00f3logos en Logro\u00f1o y Arnedo<\/span><\/h1>\n<\/div><div class=\"fusion-text fusion-text-2 fusion-text-no-margin\" style=\"--awb-line-height:2.4em;--awb-margin-bottom:50px;\"><p style=\"text-align: center;\"><span style=\"font-size: 45pt; color: #ffffff;\">Centro sanitario multidisciplinar con psic\u00f3logos especializados en ni\u00f1os, adolescentes y adultos<\/span><\/p>\n<\/div><div class=\"fusion-text fusion-text-3\"><p style=\"text-align: center;\"><span style=\"color: #ffffff;\">Te acompa\u00f1amos en tu proceso terap\u00e9utico a superar tus dificultades, descubriendo juntos las causas y motivos que originan sufrimiento, para integrarlas y lograr cambios presentes y futuros en tu vida.<\/span><\/p>\n<\/div><div class=\"fusion-aligncenter\"><a class=\"fusion-button button-flat fusion-button-default-size button-default fusion-button-default button-1 fusion-button-span-no fusion-button-default-type\" style=\"--button_margin-top:50px;--button_margin-bottom:30px;\" target=\"_self\" href=\"https:\/\/api.whatsapp.com\/send\/?phone=34636016783&amp;text&amp;type=phone_number&amp;app_absent=0\" rel=\"nofollow noopener\"><span class=\"fusion-button-text awb-button__text awb-button__text--default\">Com\u00e9ntanos tu caso<\/span><i class=\"fa-whatsapp fab awb-button__icon awb-button__icon--default button-icon-right\" aria-hidden=\"true\"><\/i><\/a><\/div><\/div><\/div><div class=\"fusion-clearfix\"><\/div><\/div><\/div><\/div><\/div><div class=\"fusion-fullwidth fullwidth-box fusion-builder-row-2 has-pattern-background has-mask-background nonhundred-percent-fullwidth non-hundred-percent-height-scrolling fusion-no-medium-visibility fusion-no-large-visibility\" style=\"--awb-background-position:right center;--awb-border-sizes-top:0px;--awb-border-sizes-bottom:0px;--awb-border-sizes-left:0px;--awb-border-sizes-right:0px;--awb-border-radius-top-left:0px;--awb-border-radius-top-right:0px;--awb-border-radius-bottom-right:0px;--awb-border-radius-bottom-left:0px;--awb-padding-top:10%;--awb-padding-right:5%;--awb-padding-bottom:5%;--awb-padding-left:5%;--awb-background-color:var(--awb-color1);--awb-flex-wrap:wrap;\" ><div class=\"fusion-builder-row fusion-row\"><div class=\"fusion-layout-column fusion_builder_column fusion-builder-column-1 fusion_builder_column_1_1 1_1 fusion-one-full fusion-column-first fusion-column-last\" style=\"--awb-padding-right:5%;--awb-padding-bottom:2%;--awb-padding-left:5%;--awb-bg-color:var(--awb-color2);--awb-bg-color-hover:var(--awb-color2);--awb-bg-blend:overlay;--awb-bg-size:cover;\" data-scroll-devices=\"small-visibility,medium-visibility,large-visibility\"><div class=\"fusion-column-wrapper fusion-column-has-shadow fusion-flex-column-wrapper-legacy\"><div class=\"fusion-column-content-centered\"><div class=\"fusion-column-content\"><div class=\"fusion-text fusion-text-4 fusion-text-no-margin\" style=\"--awb-margin-bottom:50px;\"><h1 style=\"text-align: left; line-height: 0.5;\"><span style=\"font-size: 12pt;\">Psicoterapeutas y psic\u00f3logos<br \/>\nen Logro\u00f1o y Arnedo<\/span><\/h1>\n<\/div><div class=\"fusion-text fusion-text-5\"><p style=\"text-align: left;\">Te acompa\u00f1amos en tu proceso terap\u00e9utico a superar tus dificultades, descubriendo juntos las causas y motivos que originan sufrimiento, para integrarlas y lograr cambios presentes y futuros en tu vida.<\/p>\n<\/div><div class=\"fusion-alignleft\"><a class=\"fusion-button button-flat fusion-button-default-size button-default fusion-button-default button-2 fusion-button-span-no fusion-button-default-type\" style=\"--button_margin-top:50px;--button_margin-bottom:50px;\" target=\"_self\" href=\"https:\/\/api.whatsapp.com\/send\/?phone=34636016783&amp;text&amp;type=phone_number&amp;app_absent=0\" rel=\"nofollow noopener\"><span class=\"fusion-button-text awb-button__text awb-button__text--default\">Com\u00e9ntanos tu caso<\/span><i class=\"fa-whatsapp fab awb-button__icon awb-button__icon--default button-icon-right\" aria-hidden=\"true\"><\/i><\/a><\/div><\/div><\/div><div class=\"fusion-clearfix\"><\/div><\/div><\/div><\/div><\/div><div class=\"fusion-fullwidth fullwidth-box fusion-builder-row-3 has-pattern-background has-mask-background nonhundred-percent-fullwidth non-hundred-percent-height-scrolling fusion-no-medium-visibility fusion-no-large-visibility\" style=\"--awb-background-position:left top;--awb-border-sizes-top:0px;--awb-border-sizes-bottom:0px;--awb-border-sizes-left:0px;--awb-border-sizes-right:0px;--awb-border-radius-top-left:0px;--awb-border-radius-top-right:0px;--awb-border-radius-bottom-right:0px;--awb-border-radius-bottom-left:0px;--awb-padding-top:50px;--awb-padding-bottom:0px;--awb-flex-wrap:wrap;\" ><div class=\"fusion-builder-row fusion-row\"><div class=\"fusion-layout-column fusion_builder_column fusion-builder-column-2 fusion_builder_column_1_3 1_3 fusion-one-third fusion-column-first fusion-column-no-min-height\" style=\"--awb-bg-blend:overlay;--awb-bg-size:cover;--awb-margin-bottom:0px;width:30.6666%; margin-right: 4%;\"><div class=\"fusion-column-wrapper fusion-flex-column-wrapper-legacy\"><div class=\"fusion-sep-clear\"><\/div><div class=\"fusion-separator fusion-full-width-sep\" style=\"margin-left: auto;margin-right: auto;margin-top:5px;margin-bottom:5px;width:100%;\"><\/div><div class=\"fusion-sep-clear\"><\/div><div class=\"fusion-image-element in-legacy-container\" style=\"--awb-caption-title-font-family:var(--h2_typography-font-family);--awb-caption-title-font-weight:var(--h2_typography-font-weight);--awb-caption-title-font-style:var(--h2_typography-font-style);--awb-caption-title-size:var(--h2_typography-font-size);--awb-caption-title-transform:var(--h2_typography-text-transform);--awb-caption-title-line-height:var(--h2_typography-line-height);--awb-caption-title-letter-spacing:var(--h2_typography-letter-spacing);\"><span class=\" fusion-imageframe imageframe-glow imageframe-1 hover-type-none\" style=\"border:10px solid #f6f6f6;-webkit-box-shadow: 0 0 3px rgba(0,0,0,0.3);box-shadow: 0 0 3px rgba(0,0,0,0.3);\"><img decoding=\"async\" width=\"208\" height=\"300\" alt=\"psicologos logro\u00f1o\" title=\"Cebie-centro-psicologos-logrono-450&#215;650\" src=\"https:\/\/cebie.es\/Staging\/wp-content\/uploads\/2024\/12\/Cebie-centro-psicologos-logrono-450x650-1-208x300.webp\" class=\"img-responsive wp-image-3486\" srcset=\"https:\/\/cebie.es\/Staging\/wp-content\/uploads\/2024\/12\/Cebie-centro-psicologos-logrono-450x650-1-200x289.webp 200w, https:\/\/cebie.es\/Staging\/wp-content\/uploads\/2024\/12\/Cebie-centro-psicologos-logrono-450x650-1-400x578.webp 400w, https:\/\/cebie.es\/Staging\/wp-content\/uploads\/2024\/12\/Cebie-centro-psicologos-logrono-450x650-1.webp 450w\" sizes=\"(max-width: 800px) 100vw, 400px\" \/><\/span><\/div><div class=\"fusion-clearfix\"><\/div><\/div><\/div><div class=\"fusion-layout-column fusion_builder_column fusion-builder-column-3 fusion_builder_column_2_3 2_3 fusion-two-third fusion-column-last\" style=\"--awb-padding-top:30px;--awb-bg-blend:overlay;--awb-bg-size:cover;width:65.3333%;\" data-scroll-devices=\"small-visibility,medium-visibility,large-visibility\"><div class=\"fusion-column-wrapper fusion-column-has-shadow fusion-flex-column-wrapper-legacy\"><div class=\"fusion-text fusion-text-6\" style=\"--awb-font-size:24px;--awb-text-color:var(--awb-color4);\"><h2 style=\"text-align: left;\"><strong><span style=\"color: #3bafbf; font-size: 18pt;\">CEBIE &#8211; Centro de Bienestar Emocional<\/span><\/strong><\/h2>\n<\/div><div class=\"fusion-text fusion-text-7\"><h2 style=\"text-align: left;\">Un centro de psicolog\u00eda en Logro\u00f1o donde conectar con tu mundo interior<\/h2>\n<\/div><div class=\"fusion-text fusion-text-8\"><p style=\"text-align: left;\">Somos un Centro Psicol\u00f3gico Especializado, ofrecemos terapias para adultos, adolescentes y ni\u00f1os, as\u00ed como terapias de pareja.<\/p>\n<p>Trabajamos desde el psicoan\u00e1lisis, explorando el origen de tus pensamientos, emociones y conductas psicosom\u00e1ticas, pero sin quedarnos solo en la teor\u00eda. Complementamos el proceso con t\u00e9cnicas efectivas como la <strong>asociaci\u00f3n libre<\/strong> sino el <strong>EMDR, terapia cognitivo-conductual y humanista. <\/strong><\/p>\n<p style=\"text-align: left;\">Te ayudamos a <strong>superar depresi\u00f3n, ansiedad, estr\u00e9s, fobias, obsesiones, trastornos alimenticios, baja autoestima, problemas de conducta y dificultades en las relaciones<\/strong>. Somos psic\u00f3logas y terapeutas psicoanal\u00edticas comprometidas con tu bienestar emocional.<\/p>\n<p style=\"text-align: left;\"><span style=\"font-size: 18pt;\">\u00a0<\/span><\/p>\n<\/div><div class=\"fusion-clearfix\"><\/div><\/div><\/div><\/div><\/div><div class=\"fusion-fullwidth fullwidth-box fusion-builder-row-4 fusion-flex-container has-pattern-background has-mask-background nonhundred-percent-fullwidth non-hundred-percent-height-scrolling\" style=\"--awb-border-sizes-top:2px;--awb-border-sizes-bottom:2px;--awb-border-sizes-left:2px;--awb-border-sizes-right:2px;--awb-border-color:var(--awb-color4);--awb-border-radius-top-left:0px;--awb-border-radius-top-right:0px;--awb-border-radius-bottom-right:0px;--awb-border-radius-bottom-left:0px;--awb-padding-top:50px;--awb-padding-bottom:50px;--awb-margin-top:50px;--awb-margin-bottom:50px;--awb-background-color:var(--awb-color1);--awb-flex-wrap:wrap;\" ><div class=\"fusion-builder-row fusion-row fusion-flex-align-items-stretch fusion-flex-content-wrap\" style=\"max-width:1216.8px;margin-left: calc(-4% \/ 2 );margin-right: calc(-4% \/ 2 );\"><div class=\"fusion-layout-column fusion_builder_column fusion-builder-column-4 fusion_builder_column_2_3 2_3 fusion-flex-column\" style=\"--awb-bg-size:cover;--awb-width-large:66.666666666667%;--awb-margin-top-large:0px;--awb-spacing-right-large:2.88%;--awb-margin-bottom-large:30px;--awb-spacing-left-large:2.88%;--awb-width-medium:100%;--awb-order-medium:0;--awb-spacing-right-medium:1.92%;--awb-spacing-left-medium:1.92%;--awb-width-small:100%;--awb-order-small:0;--awb-spacing-right-small:1.92%;--awb-spacing-left-small:1.92%;\"><div class=\"fusion-column-wrapper fusion-column-has-shadow fusion-flex-justify-content-flex-start fusion-content-layout-column\"><div class=\"fusion-image-element \" style=\"--awb-aspect-ratio:1 \/ 1;--awb-caption-title-font-family:var(--h2_typography-font-family);--awb-caption-title-font-weight:var(--h2_typography-font-weight);--awb-caption-title-font-style:var(--h2_typography-font-style);--awb-caption-title-size:var(--h2_typography-font-size);--awb-caption-title-transform:var(--h2_typography-text-transform);--awb-caption-title-line-height:var(--h2_typography-line-height);--awb-caption-title-letter-spacing:var(--h2_typography-letter-spacing);\"><span class=\" fusion-imageframe imageframe-none imageframe-2 hover-type-none has-aspect-ratio fusion-animated\" data-animationType=\"zoomIn\" data-animationDuration=\"1.0\" data-animationOffset=\"top-into-view\"><img decoding=\"async\" width=\"300\" height=\"196\" title=\"IAP_9230_cropped2\" src=\"https:\/\/cebie.es\/Staging\/wp-content\/uploads\/2026\/04\/IAP_9230_cropped2-300x196.jpg\" class=\"img-responsive wp-image-3717 img-with-aspect-ratio\" data-parent-fit=\"cover\" data-parent-container=\".fusion-image-element\" srcset=\"https:\/\/cebie.es\/Staging\/wp-content\/uploads\/2026\/04\/IAP_9230_cropped2-200x130.jpg 200w, https:\/\/cebie.es\/Staging\/wp-content\/uploads\/2026\/04\/IAP_9230_cropped2-400x261.jpg 400w, https:\/\/cebie.es\/Staging\/wp-content\/uploads\/2026\/04\/IAP_9230_cropped2-600x391.jpg 600w, https:\/\/cebie.es\/Staging\/wp-content\/uploads\/2026\/04\/IAP_9230_cropped2-800x522.jpg 800w, https:\/\/cebie.es\/Staging\/wp-content\/uploads\/2026\/04\/IAP_9230_cropped2-1200x782.jpg 1200w\" sizes=\"(max-width: 1024px) 100vw, (max-width: 640px) 100vw, 800px\" alt=\"\"><\/span><\/div><\/div><\/div><div class=\"fusion-layout-column fusion_builder_column fusion-builder-column-5 fusion_builder_column_1_3 1_3 fusion-flex-column\" style=\"--awb-bg-size:cover;--awb-width-large:33.333333333333%;--awb-margin-top-large:0px;--awb-spacing-right-large:5.76%;--awb-margin-bottom-large:30px;--awb-spacing-left-large:5.76%;--awb-width-medium:100%;--awb-order-medium:0;--awb-spacing-right-medium:1.92%;--awb-spacing-left-medium:1.92%;--awb-width-small:100%;--awb-order-small:0;--awb-spacing-right-small:1.92%;--awb-spacing-left-small:1.92%;\" data-scroll-devices=\"small-visibility,medium-visibility,large-visibility\"><div class=\"fusion-column-wrapper fusion-column-has-shadow fusion-flex-justify-content-space-evenly fusion-content-layout-column\"><div class=\"fusion-text fusion-text-9\" style=\"--awb-line-height:1.4em;\"><p><span style=\"font-size: 24pt;\">Abrimos un nuevo centro especializado en <strong><span style=\"color: #3bafbf;\">neuroeducaci\u00f3n, estimulaci\u00f3n cognitiva y m\u00fasica<\/span><\/strong> para todas las edades.<\/span><\/p>\n<\/div><ul style=\"--awb-size:18px;--awb-iconcolor:var(--awb-color4);--awb-line-height:30.6px;--awb-icon-width:30.6px;--awb-icon-height:30.6px;--awb-icon-margin:12.6px;--awb-content-margin:43.2px;--awb-circlecolor:var(--awb-color1);--awb-circle-yes-font-size:15.84px;\" class=\"fusion-checklist fusion-checklist-1 fusion-checklist-default type-icons\"><li class=\"fusion-li-item\" style=\"\"><span class=\"icon-wrapper circle-yes\"><i class=\"fusion-li-icon fa-check-circle fas\" aria-hidden=\"true\"><\/i><\/span><div class=\"fusion-li-item-content\">\n<p>Ni\u00f1os con m\u00e1s autoestima<\/p>\n<\/div><\/li><li class=\"fusion-li-item\" style=\"\"><span class=\"icon-wrapper circle-yes\"><i class=\"fusion-li-icon fa-check-circle fas\" aria-hidden=\"true\"><\/i><\/span><div class=\"fusion-li-item-content\">\n<p>Mayores m\u00e1s activos<\/p>\n<\/div><\/li><li class=\"fusion-li-item\" style=\"\"><span class=\"icon-wrapper circle-yes\"><i class=\"fusion-li-icon fa-check-circle fas\" aria-hidden=\"true\"><\/i><\/span><div class=\"fusion-li-item-content\">\n<article class=\"text-token-text-primary w-full\" dir=\"auto\" data-testid=\"conversation-turn-3\" data-scroll-anchor=\"false\">\n<div class=\"text-base my-auto mx-auto py-5 &#091;--thread-content-margin:--spacing(4)&#093; @&#091;37rem&#093;:&#091;--thread-content-margin:--spacing(6)&#093; @&#091;72rem&#093;:&#091;--thread-content-margin:--spacing(16)&#093; px-(--thread-content-margin)\">\n<div class=\"&#091;--thread-content-max-width:32rem&#093; @&#091;34rem&#093;:&#091;--thread-content-max-width:40rem&#093; @&#091;64rem&#093;:&#091;--thread-content-max-width:48rem&#093; mx-auto flex max-w-(--thread-content-max-width) flex-1 text-base gap-4 md:gap-5 lg:gap-6 group\/turn-messages focus-visible:outline-hidden\" tabindex=\"-1\">\n<div class=\"group\/conversation-turn relative flex w-full min-w-0 flex-col\">\n<div class=\"relative flex-col gap-1 md:gap-3\">\n<div class=\"flex max-w-full flex-col grow\">\n<div class=\"min-h-8 text-message relative flex w-full flex-col items-end gap-2 text-start break-words whitespace-normal &#091;.text-message+&amp;&#093;:mt-5\" dir=\"auto\" data-message-author-role=\"user\" data-message-id=\"5759920b-b579-4cea-be66-5f39366260f7\">\n<div class=\"flex w-full flex-col gap-1 empty:hidden items-end rtl:items-start\">\n<div class=\"relative max-w-&#091;var(--user-chat-width,70%)&#093; bg-token-message-surface rounded-3xl px-5 py-2.5\">\n<div class=\"whitespace-pre-wrap\">Familias m\u00e1s unidas<\/div>\n<\/div>\n<\/div>\n<\/div>\n<\/div>\n<\/div>\n<\/div>\n<\/div>\n<\/div>\n<\/article>\n<article class=\"text-token-text-primary w-full\" dir=\"auto\" data-testid=\"conversation-turn-4\" data-scroll-anchor=\"true\">\n<h6 class=\"sr-only\"><\/h6>\n<\/article>\n<\/div><\/li><\/ul><div class=\"fusion-separator fusion-full-width-sep\" style=\"align-self: center;margin-left: auto;margin-right: auto;margin-bottom:30px;width:100%;\"><\/div><div class=\"fusion-builder-row fusion-builder-row-inner fusion-row fusion-flex-align-items-stretch fusion-flex-content-wrap\" style=\"--awb-flex-grow:0;--awb-flex-grow-medium:0;--awb-flex-grow-small:0;--awb-flex-shrink:0;--awb-flex-shrink-medium:0;--awb-flex-shrink-small:0;width:104% !important;max-width:104% !important;margin-left: calc(-4% \/ 2 );margin-right: calc(-4% \/ 2 );\"><div class=\"fusion-layout-column fusion_builder_column_inner fusion-builder-nested-column-0 fusion_builder_column_inner_1_2 1_2 fusion-flex-column\" style=\"--awb-bg-size:cover;--awb-width-large:50%;--awb-margin-top-large:0px;--awb-spacing-right-large:3.84%;--awb-margin-bottom-large:30px;--awb-spacing-left-large:3.84%;--awb-width-medium:100%;--awb-order-medium:0;--awb-spacing-right-medium:1.92%;--awb-spacing-left-medium:1.92%;--awb-width-small:100%;--awb-order-small:0;--awb-spacing-right-small:1.92%;--awb-spacing-left-small:1.92%;\"><div class=\"fusion-column-wrapper fusion-column-has-shadow fusion-flex-justify-content-flex-start fusion-content-layout-column\"><div ><a class=\"fusion-button button-flat fusion-button-default-size button-default fusion-button-default button-3 fusion-button-default-span fusion-button-default-type\" style=\"width:calc(100%);\" target=\"_self\" href=\"https:\/\/api.whatsapp.com\/send\/?phone=34611545642&amp;text&amp;type=phone_number&amp;app_absent=0\" rel=\"nofollow noopener\"><span class=\"fusion-button-text awb-button__text awb-button__text--default\">\u00a1Me interesa!<\/span><i class=\"fa-whatsapp fab awb-button__icon awb-button__icon--default button-icon-right\" aria-hidden=\"true\"><\/i><\/a><\/div><\/div><\/div><div class=\"fusion-layout-column fusion_builder_column_inner fusion-builder-nested-column-1 fusion_builder_column_inner_1_2 1_2 fusion-flex-column\" style=\"--awb-bg-size:cover;--awb-width-large:50%;--awb-margin-top-large:0px;--awb-spacing-right-large:3.84%;--awb-margin-bottom-large:30px;--awb-spacing-left-large:3.84%;--awb-width-medium:100%;--awb-order-medium:0;--awb-spacing-right-medium:1.92%;--awb-spacing-left-medium:1.92%;--awb-width-small:100%;--awb-order-small:0;--awb-spacing-right-small:1.92%;--awb-spacing-left-small:1.92%;\"><div class=\"fusion-column-wrapper fusion-column-has-shadow fusion-flex-justify-content-flex-start fusion-content-layout-column\"><div ><a class=\"fusion-button button-flat fusion-button-default-size button-custom fusion-button-default button-4 fusion-button-default-span fusion-button-default-type\" style=\"--button_accent_color:var(--awb-color4);--button_border_color:var(--awb-color4);--button_accent_hover_color:#ffffff;--button_border_hover_color:#ffffff;--button_border_width-top:1px;--button_border_width-right:1px;--button_border_width-bottom:1px;--button_border_width-left:1px;--button_gradient_top_color:var(--awb-color1);--button_gradient_bottom_color:var(--awb-color1);--button_gradient_top_color_hover:#00a8bf;--button_gradient_bottom_color_hover:#00a8bf;width:calc(100%);\" target=\"_self\" href=\"https:\/\/cebie.es\/Staging\/neuropsicologia-sorzano\/\"><span class=\"fusion-button-text awb-button__text awb-button__text--default\">M\u00e1s informaci\u00f3n<\/span><\/a><\/div><\/div><\/div><\/div><\/div><\/div><\/div><\/div><div class=\"fusion-fullwidth fullwidth-box fusion-builder-row-5 fusion-flex-container has-pattern-background has-mask-background nonhundred-percent-fullwidth non-hundred-percent-height-scrolling\" style=\"--awb-border-radius-top-left:0px;--awb-border-radius-top-right:0px;--awb-border-radius-bottom-right:0px;--awb-border-radius-bottom-left:0px;--awb-padding-top:30px;--awb-background-color:#f4f4f4;--awb-flex-wrap:wrap;\" ><div class=\"fusion-builder-row fusion-row fusion-flex-align-items-flex-start fusion-flex-content-wrap\" style=\"max-width:1216.8px;margin-left: calc(-4% \/ 2 );margin-right: calc(-4% \/ 2 );\"><div class=\"fusion-layout-column fusion_builder_column fusion-builder-column-6 fusion_builder_column_1_2 1_2 fusion-flex-column\" style=\"--awb-bg-size:cover;--awb-width-large:50%;--awb-margin-top-large:0px;--awb-spacing-right-large:3.84%;--awb-margin-bottom-large:30px;--awb-spacing-left-large:3.84%;--awb-width-medium:100%;--awb-order-medium:0;--awb-spacing-right-medium:1.92%;--awb-spacing-left-medium:1.92%;--awb-width-small:100%;--awb-order-small:0;--awb-spacing-right-small:1.92%;--awb-spacing-left-small:1.92%;\"><div class=\"fusion-column-wrapper fusion-column-has-shadow fusion-flex-justify-content-flex-start fusion-content-layout-column\"><div class=\"fusion-image-element \" style=\"--awb-aspect-ratio:3 \/ 2;--awb-caption-title-font-family:var(--h2_typography-font-family);--awb-caption-title-font-weight:var(--h2_typography-font-weight);--awb-caption-title-font-style:var(--h2_typography-font-style);--awb-caption-title-size:var(--h2_typography-font-size);--awb-caption-title-transform:var(--h2_typography-text-transform);--awb-caption-title-line-height:var(--h2_typography-line-height);--awb-caption-title-letter-spacing:var(--h2_typography-letter-spacing);\"><span class=\" fusion-imageframe imageframe-none imageframe-3 hover-type-none has-aspect-ratio\"><img decoding=\"async\" width=\"300\" height=\"212\" title=\"1\" src=\"https:\/\/cebie.es\/Staging\/wp-content\/uploads\/2026\/04\/1-300x212.jpg\" class=\"img-responsive wp-image-3761 img-with-aspect-ratio\" data-parent-fit=\"cover\" data-parent-container=\".fusion-image-element\" srcset=\"https:\/\/cebie.es\/Staging\/wp-content\/uploads\/2026\/04\/1-200x141.jpg 200w, https:\/\/cebie.es\/Staging\/wp-content\/uploads\/2026\/04\/1-400x283.jpg 400w, https:\/\/cebie.es\/Staging\/wp-content\/uploads\/2026\/04\/1-600x424.jpg 600w, https:\/\/cebie.es\/Staging\/wp-content\/uploads\/2026\/04\/1-800x566.jpg 800w, https:\/\/cebie.es\/Staging\/wp-content\/uploads\/2026\/04\/1-1200x848.jpg 1200w\" sizes=\"(max-width: 1024px) 100vw, (max-width: 640px) 100vw, 600px\" alt=\"\"><\/span><\/div><\/div><\/div><div class=\"fusion-layout-column fusion_builder_column fusion-builder-column-7 fusion_builder_column_1_2 1_2 fusion-flex-column\" style=\"--awb-bg-size:cover;--awb-width-large:50%;--awb-margin-top-large:0px;--awb-spacing-right-large:3.84%;--awb-margin-bottom-large:30px;--awb-spacing-left-large:3.84%;--awb-width-medium:100%;--awb-order-medium:0;--awb-spacing-right-medium:1.92%;--awb-spacing-left-medium:1.92%;--awb-width-small:100%;--awb-order-small:0;--awb-spacing-right-small:1.92%;--awb-spacing-left-small:1.92%;\"><div class=\"fusion-column-wrapper fusion-column-has-shadow fusion-flex-justify-content-flex-start fusion-content-layout-column\"><div class=\"fusion-image-element \" style=\"--awb-aspect-ratio:3 \/ 2;--awb-caption-title-font-family:var(--h2_typography-font-family);--awb-caption-title-font-weight:var(--h2_typography-font-weight);--awb-caption-title-font-style:var(--h2_typography-font-style);--awb-caption-title-size:var(--h2_typography-font-size);--awb-caption-title-transform:var(--h2_typography-text-transform);--awb-caption-title-line-height:var(--h2_typography-line-height);--awb-caption-title-letter-spacing:var(--h2_typography-letter-spacing);\"><span class=\" fusion-imageframe imageframe-none imageframe-4 hover-type-none has-aspect-ratio\"><img decoding=\"async\" width=\"300\" height=\"212\" title=\"2\" src=\"https:\/\/cebie.es\/Staging\/wp-content\/uploads\/2026\/04\/2-300x212.jpg\" class=\"img-responsive wp-image-3760 img-with-aspect-ratio\" data-parent-fit=\"cover\" data-parent-container=\".fusion-image-element\" srcset=\"https:\/\/cebie.es\/Staging\/wp-content\/uploads\/2026\/04\/2-200x141.jpg 200w, https:\/\/cebie.es\/Staging\/wp-content\/uploads\/2026\/04\/2-400x283.jpg 400w, https:\/\/cebie.es\/Staging\/wp-content\/uploads\/2026\/04\/2-600x424.jpg 600w, https:\/\/cebie.es\/Staging\/wp-content\/uploads\/2026\/04\/2-800x566.jpg 800w, https:\/\/cebie.es\/Staging\/wp-content\/uploads\/2026\/04\/2-1200x848.jpg 1200w\" sizes=\"(max-width: 1024px) 100vw, (max-width: 640px) 100vw, 600px\" alt=\"\"><\/span><\/div><\/div><\/div><div class=\"fusion-layout-column fusion_builder_column fusion-builder-column-8 fusion_builder_column_1_3 1_3 fusion-flex-column\" style=\"--awb-bg-size:cover;--awb-width-large:33.333333333333%;--awb-margin-top-large:0px;--awb-spacing-right-large:5.76%;--awb-margin-bottom-large:30px;--awb-spacing-left-large:5.76%;--awb-width-medium:100%;--awb-order-medium:0;--awb-spacing-right-medium:1.92%;--awb-spacing-left-medium:1.92%;--awb-width-small:100%;--awb-order-small:0;--awb-spacing-right-small:1.92%;--awb-spacing-left-small:1.92%;\"><div class=\"fusion-column-wrapper fusion-column-has-shadow fusion-flex-justify-content-flex-start fusion-content-layout-column\"><\/div><\/div><div class=\"fusion-layout-column fusion_builder_column fusion-builder-column-9 fusion_builder_column_1_3 1_3 fusion-flex-column\" style=\"--awb-bg-color:#ffffff;--awb-bg-color-hover:#ffffff;--awb-bg-size:cover;--awb-width-large:33.333333333333%;--awb-margin-top-large:0px;--awb-spacing-right-large:5.76%;--awb-margin-bottom-large:30px;--awb-spacing-left-large:5.76%;--awb-width-medium:100%;--awb-order-medium:0;--awb-spacing-right-medium:1.92%;--awb-spacing-left-medium:1.92%;--awb-width-small:100%;--awb-order-small:0;--awb-spacing-right-small:1.92%;--awb-spacing-left-small:1.92%;\" data-scroll-devices=\"small-visibility,medium-visibility,large-visibility\"><div class=\"fusion-column-wrapper fusion-column-has-shadow fusion-flex-justify-content-flex-start fusion-content-layout-column\"><i class=\"fb-icon-element-1 fb-icon-element fontawesome-icon fa-ticket-alt fas circle-yes\" style=\"--awb-circlebordersize:1px;--awb-font-size:22px;--awb-width:44px;--awb-height:44px;--awb-line-height:42px;--awb-align-self:center;--awb-margin-top:30px;--awb-margin-right:0px;--awb-margin-bottom:15px;--awb-margin-left:0px;\"><\/i><div class=\"fusion-text fusion-text-10\"><h3 style=\"text-align: center;\"><span style=\"font-size: 18pt;\">Dos sesiones, de 90 minutos:<\/span><\/h3>\n<p style=\"text-align: center;\"><span style=\"font-size: 14pt;\">Viernes, 22 de mayo de 2026: 19:30-21:00<br \/>\nS\u00e1bado, 23 de mayo de 2026: 10:30-12:00<\/span><\/p>\n<\/div><div style=\"text-align:center;\"><a class=\"fusion-button button-flat fusion-button-default-size button-default fusion-button-default button-5 fusion-button-default-span fusion-button-default-type\" style=\"--button_margin-top:5px;--button_margin-right:20px;--button_margin-bottom:20px;--button_margin-left:20px;width:calc(100% - 20px - 20px);\" target=\"_blank\" rel=\"noopener noreferrer nofollow\" href=\"https:\/\/www.eventbrite.es\/e\/entradas-el-vacio-y-sus-respuestas-1988468235019?aff=oddtdtcreator\"><i class=\"fa-ticket-alt fas awb-button__icon awb-button__icon--default button-icon-left\" aria-hidden=\"true\"><\/i><span class=\"fusion-button-text awb-button__text awb-button__text--default\">COMPRAR ENTRADAS<\/span><\/a><\/div><\/div><\/div><div class=\"fusion-layout-column fusion_builder_column fusion-builder-column-10 fusion_builder_column_1_3 1_3 fusion-flex-column\" style=\"--awb-bg-size:cover;--awb-width-large:33.333333333333%;--awb-margin-top-large:0px;--awb-spacing-right-large:5.76%;--awb-margin-bottom-large:30px;--awb-spacing-left-large:5.76%;--awb-width-medium:100%;--awb-order-medium:0;--awb-spacing-right-medium:1.92%;--awb-spacing-left-medium:1.92%;--awb-width-small:100%;--awb-order-small:0;--awb-spacing-right-small:1.92%;--awb-spacing-left-small:1.92%;\"><div class=\"fusion-column-wrapper fusion-column-has-shadow fusion-flex-justify-content-flex-start fusion-content-layout-column\"><\/div><\/div><\/div><\/div><div class=\"fusion-fullwidth fullwidth-box fusion-builder-row-6 fusion-flex-container has-pattern-background has-mask-background nonhundred-percent-fullwidth non-hundred-percent-height-scrolling\" style=\"--awb-border-radius-top-left:0px;--awb-border-radius-top-right:0px;--awb-border-radius-bottom-right:0px;--awb-border-radius-bottom-left:0px;--awb-padding-top:50px;--awb-padding-bottom:20px;--awb-background-color:#f4f4f4;--awb-flex-wrap:wrap;\" ><div class=\"fusion-builder-row fusion-row fusion-flex-align-items-stretch fusion-flex-content-wrap\" style=\"max-width:1216.8px;margin-left: calc(-4% \/ 2 );margin-right: calc(-4% \/ 2 );\"><div class=\"fusion-layout-column fusion_builder_column fusion-builder-column-11 fusion_builder_column_1_5 1_5 fusion-flex-column fusion-flex-align-self-stretch\" style=\"--awb-padding-top:30px;--awb-padding-right:30px;--awb-padding-bottom:30px;--awb-padding-left:30px;--awb-bg-color:#ffffff;--awb-bg-color-hover:#ffffff;--awb-bg-size:cover;--awb-width-large:20%;--awb-margin-top-large:0px;--awb-spacing-right-large:9.6%;--awb-margin-bottom-large:30px;--awb-spacing-left-large:9.6%;--awb-width-medium:100%;--awb-order-medium:0;--awb-spacing-right-medium:1.92%;--awb-spacing-left-medium:1.92%;--awb-width-small:100%;--awb-order-small:0;--awb-spacing-right-small:1.92%;--awb-spacing-left-small:1.92%;\" data-scroll-devices=\"small-visibility,medium-visibility,large-visibility\"><div class=\"fusion-column-wrapper fusion-column-has-shadow fusion-flex-justify-content-flex-start fusion-content-layout-column\"><i class=\"fb-icon-element-2 fb-icon-element fontawesome-icon fa-phone fas circle-yes\" style=\"--awb-circlebordersize:1px;--awb-font-size:22px;--awb-width:44px;--awb-height:44px;--awb-line-height:42px;--awb-align-self:center;--awb-margin-top:0px;--awb-margin-right:0px;--awb-margin-bottom:20px;--awb-margin-left:0px;\"><\/i><div ><a class=\"fusion-button button-flat fusion-button-default-size button-default fusion-button-default button-6 fusion-button-default-span fusion-button-default-type\" style=\"--button_padding-top:15px;--button_padding-right:15px;--button_padding-left:15px;width:calc(100%);\" target=\"_self\" href=\"tel:636016783\"><span class=\"fusion-button-text awb-button__text awb-button__text--default\">Ll\u00e1manos<\/span><\/a><\/div><div class=\"fusion-text fusion-text-11\" style=\"--awb-line-height:1.2em;--awb-margin-top:20px;\"><p style=\"text-align: center;\"><span style=\"color: #000000;\"><strong> C. Siete Infantes de Lara y Arnedo<\/strong><\/span><\/p>\n<p style=\"text-align: center;\"><span style=\"font-size: 14pt;\"> 636 016 783<\/span><\/p>\n<\/div><\/div><\/div><div class=\"fusion-layout-column fusion_builder_column fusion-builder-column-12 fusion_builder_column_1_5 1_5 fusion-flex-column fusion-flex-align-self-stretch\" style=\"--awb-padding-top:30px;--awb-padding-right:30px;--awb-padding-bottom:30px;--awb-padding-left:30px;--awb-bg-color:#ffffff;--awb-bg-color-hover:#ffffff;--awb-bg-size:cover;--awb-width-large:20%;--awb-margin-top-large:0px;--awb-spacing-right-large:9.6%;--awb-margin-bottom-large:30px;--awb-spacing-left-large:9.6%;--awb-width-medium:100%;--awb-order-medium:0;--awb-spacing-right-medium:1.92%;--awb-spacing-left-medium:1.92%;--awb-width-small:100%;--awb-order-small:0;--awb-spacing-right-small:1.92%;--awb-spacing-left-small:1.92%;\" data-scroll-devices=\"small-visibility,medium-visibility,large-visibility\"><div class=\"fusion-column-wrapper fusion-column-has-shadow fusion-flex-justify-content-flex-start fusion-content-layout-column\"><i class=\"fb-icon-element-3 fb-icon-element fontawesome-icon fa-map-marked-alt fas circle-yes\" style=\"--awb-circlebordersize:1px;--awb-font-size:22px;--awb-width:44px;--awb-height:44px;--awb-line-height:42px;--awb-align-self:center;--awb-margin-top:0px;--awb-margin-right:0px;--awb-margin-bottom:20px;--awb-margin-left:0px;\"><\/i><div ><a class=\"fusion-button button-flat fusion-button-default-size button-default fusion-button-default button-7 fusion-button-default-span fusion-button-default-type\" style=\"--button_padding-top:15px;--button_padding-right:15px;--button_padding-left:15px;width:calc(100%);\" target=\"_blank\" rel=\"noopener noreferrer nofollow\" href=\"https:\/\/maps.app.goo.gl\/EvUxeRfSKfcUJ3gr6\"><span class=\"fusion-button-text awb-button__text awb-button__text--default\">Vis\u00edtanos<\/span><\/a><\/div><div class=\"fusion-text fusion-text-12\" style=\"--awb-line-height:1.2em;--awb-text-color:#2b2b2b;--awb-margin-top:20px;\"><p style=\"text-align: center;\"><span style=\"font-size: 18pt;\"><strong>en Logro\u00f1o<\/strong><\/span><\/p>\n<p style=\"text-align: center;\">C. Siete Infantes de Lara, 13, 26007 Logro\u00f1o, La Rioja<\/p>\n<\/div><\/div><\/div><div class=\"fusion-layout-column fusion_builder_column fusion-builder-column-13 fusion_builder_column_1_5 1_5 fusion-flex-column fusion-flex-align-self-stretch\" style=\"--awb-padding-top:30px;--awb-padding-right:30px;--awb-padding-bottom:30px;--awb-padding-left:30px;--awb-bg-color:#ffffff;--awb-bg-color-hover:#ffffff;--awb-bg-size:cover;--awb-width-large:20%;--awb-margin-top-large:0px;--awb-spacing-right-large:9.6%;--awb-margin-bottom-large:30px;--awb-spacing-left-large:9.6%;--awb-width-medium:100%;--awb-order-medium:0;--awb-spacing-right-medium:1.92%;--awb-spacing-left-medium:1.92%;--awb-width-small:100%;--awb-order-small:0;--awb-spacing-right-small:1.92%;--awb-spacing-left-small:1.92%;\" data-scroll-devices=\"small-visibility,medium-visibility,large-visibility\"><div class=\"fusion-column-wrapper fusion-column-has-shadow fusion-flex-justify-content-flex-start fusion-content-layout-column\"><i class=\"fb-icon-element-4 fb-icon-element fontawesome-icon fa-map-marked-alt fas circle-yes\" style=\"--awb-circlebordersize:1px;--awb-font-size:22px;--awb-width:44px;--awb-height:44px;--awb-line-height:42px;--awb-align-self:center;--awb-margin-top:0px;--awb-margin-right:0px;--awb-margin-bottom:20px;--awb-margin-left:0px;\"><\/i><div ><a class=\"fusion-button button-flat fusion-button-default-size button-default fusion-button-default button-8 fusion-button-default-span fusion-button-default-type\" style=\"--button_padding-top:15px;--button_padding-right:15px;--button_padding-left:15px;width:calc(100%);\" target=\"_blank\" rel=\"noopener noreferrer nofollow\" href=\"https:\/\/maps.app.goo.gl\/iE1b2wP8raEMZUAn7\"><span class=\"fusion-button-text awb-button__text awb-button__text--default\">Vis\u00edtanos<\/span><\/a><\/div><div class=\"fusion-text fusion-text-13\" style=\"--awb-line-height:1.2em;--awb-text-color:#2b2b2b;--awb-margin-top:20px;\"><p style=\"text-align: center;\"><span style=\"font-size: 18pt;\"><strong>en Arnedo<\/strong><\/span><\/p>\n<p style=\"text-align: center;\">C. Huertas, 1, 4\u00baa, 26580 Arnedo, La Rioja<\/p>\n<\/div><\/div><\/div><div class=\"fusion-layout-column fusion_builder_column fusion-builder-column-14 fusion_builder_column_1_5 1_5 fusion-flex-column\" style=\"--awb-padding-top:30px;--awb-padding-right:30px;--awb-padding-bottom:30px;--awb-padding-left:30px;--awb-bg-color:#ffffff;--awb-bg-color-hover:#ffffff;--awb-bg-size:cover;--awb-width-large:20%;--awb-margin-top-large:0px;--awb-spacing-right-large:9.6%;--awb-margin-bottom-large:30px;--awb-spacing-left-large:9.6%;--awb-width-medium:100%;--awb-order-medium:0;--awb-spacing-right-medium:1.92%;--awb-spacing-left-medium:1.92%;--awb-width-small:100%;--awb-order-small:0;--awb-spacing-right-small:1.92%;--awb-spacing-left-small:1.92%;\" data-scroll-devices=\"small-visibility,medium-visibility,large-visibility\"><div class=\"fusion-column-wrapper fusion-column-has-shadow fusion-flex-justify-content-flex-start fusion-content-layout-column\"><i class=\"fb-icon-element-5 fb-icon-element fontawesome-icon fa-map-marked-alt fas circle-yes\" style=\"--awb-circlebordersize:1px;--awb-font-size:22px;--awb-width:44px;--awb-height:44px;--awb-line-height:42px;--awb-align-self:center;--awb-margin-top:0px;--awb-margin-right:0px;--awb-margin-bottom:20px;--awb-margin-left:0px;\"><\/i><div ><a class=\"fusion-button button-flat fusion-button-default-size button-default fusion-button-default button-9 fusion-button-default-span fusion-button-default-type\" style=\"--button_padding-top:15px;--button_padding-right:15px;--button_padding-left:15px;width:calc(100%);\" target=\"_blank\" rel=\"noopener noreferrer nofollow\" href=\"https:\/\/maps.app.goo.gl\/5mwsmnzySUVU2G9p7\"><span class=\"fusion-button-text awb-button__text awb-button__text--default\">Vis\u00edtanos<\/span><\/a><\/div><div class=\"fusion-text fusion-text-14\" style=\"--awb-line-height:1.2em;--awb-text-color:#2b2b2b;--awb-margin-top:20px;\"><p style=\"text-align: center;\"><span style=\"font-size: 18pt;\"><strong>en Logro\u00f1o<\/strong><\/span><\/p>\n<p style=\"text-align: center;\">C. Sorzano, 4, Bajo 9, 26008 Logro\u00f1o, La Rioja<\/p>\n<\/div><\/div><\/div><div class=\"fusion-layout-column fusion_builder_column fusion-builder-column-15 fusion_builder_column_1_5 1_5 fusion-flex-column fusion-flex-align-self-stretch\" style=\"--awb-padding-top:30px;--awb-padding-right:30px;--awb-padding-bottom:30px;--awb-padding-left:30px;--awb-bg-color:#ffffff;--awb-bg-color-hover:#ffffff;--awb-bg-size:cover;--awb-width-large:20%;--awb-margin-top-large:0px;--awb-spacing-right-large:9.6%;--awb-margin-bottom-large:30px;--awb-spacing-left-large:9.6%;--awb-width-medium:100%;--awb-order-medium:0;--awb-spacing-right-medium:1.92%;--awb-spacing-left-medium:1.92%;--awb-width-small:100%;--awb-order-small:0;--awb-spacing-right-small:1.92%;--awb-spacing-left-small:1.92%;\" data-scroll-devices=\"small-visibility,medium-visibility,large-visibility\"><div class=\"fusion-column-wrapper fusion-column-has-shadow fusion-flex-justify-content-flex-start fusion-content-layout-column\"><i class=\"fb-icon-element-6 fb-icon-element fontawesome-icon fa-phone fas circle-yes\" style=\"--awb-circlebordersize:1px;--awb-font-size:22px;--awb-width:44px;--awb-height:44px;--awb-line-height:42px;--awb-align-self:center;--awb-margin-top:0px;--awb-margin-right:0px;--awb-margin-bottom:20px;--awb-margin-left:0px;\"><\/i><div ><a class=\"fusion-button button-flat fusion-button-default-size button-default fusion-button-default button-10 fusion-button-default-span fusion-button-default-type\" style=\"--button_padding-top:15px;--button_padding-right:15px;--button_padding-left:15px;width:calc(100%);\" target=\"_self\" href=\"tel:611545642\"><span class=\"fusion-button-text awb-button__text awb-button__text--default\">Ll\u00e1manos<\/span><\/a><\/div><div class=\"fusion-text fusion-text-15\" style=\"--awb-line-height:1.2em;--awb-margin-top:20px;\"><p style=\"text-align: center;\"><span style=\"color: #000000;\">C. Sorzano<\/span><\/p>\n<p style=\"text-align: center;\"><span style=\"font-size: 14pt;\"> 611 545 642<\/span><\/p>\n<\/div><\/div><\/div><\/div><\/div>\n<div class=\"fusion-fullwidth fullwidth-box fusion-builder-row-7 fusion-flex-container has-pattern-background has-mask-background nonhundred-percent-fullwidth non-hundred-percent-height-scrolling\" style=\"--awb-border-radius-top-left:0px;--awb-border-radius-top-right:0px;--awb-border-radius-bottom-right:0px;--awb-border-radius-bottom-left:0px;--awb-padding-top:95px;--awb-padding-bottom:95px;--awb-background-color:#f4f4f4;--awb-flex-wrap:wrap;\" ><div class=\"fusion-builder-row fusion-row fusion-flex-align-items-flex-start fusion-flex-content-wrap\" style=\"max-width:1216.8px;margin-left: calc(-4% \/ 2 );margin-right: calc(-4% \/ 2 );\"><div class=\"fusion-layout-column fusion_builder_column fusion-builder-column-16 fusion_builder_column_1_1 1_1 fusion-flex-column\" style=\"--awb-bg-size:cover;--awb-width-large:100%;--awb-margin-top-large:0px;--awb-spacing-right-large:1.92%;--awb-margin-bottom-large:30px;--awb-spacing-left-large:1.92%;--awb-width-medium:100%;--awb-order-medium:0;--awb-spacing-right-medium:1.92%;--awb-spacing-left-medium:1.92%;--awb-width-small:100%;--awb-order-small:0;--awb-spacing-right-small:1.92%;--awb-spacing-left-small:1.92%;\"><div class=\"fusion-column-wrapper fusion-column-has-shadow fusion-flex-justify-content-flex-start fusion-content-layout-column\"><div class=\"fusion-title title fusion-title-1 fusion-sep-none fusion-title-text fusion-title-size-two\" style=\"--awb-margin-bottom:30px;--awb-margin-top-small:10px;--awb-margin-right-small:0px;--awb-margin-bottom-small:10px;--awb-margin-left-small:0px;--awb-font-size:24px;\"><h2 class=\"fusion-title-heading title-heading-left fusion-responsive-typography-calculated\" style=\"margin:0;font-size:1em;--fontSize:24;--minFontSize:24;line-height:1.2;\"><h2 style=\"text-align: center;\">Terapia psicol\u00f3gica en Logro\u00f1o y Arnedo<\/h2><\/h2><\/div><div class=\"fusion-title title fusion-title-2 fusion-sep-none fusion-title-text fusion-title-size-one\" style=\"--awb-margin-top-small:10px;--awb-margin-right-small:0px;--awb-margin-bottom-small:10px;--awb-margin-left-small:0px;\"><h1 class=\"fusion-title-heading title-heading-left fusion-responsive-typography-calculated\" style=\"margin:0;--fontSize:50;line-height:1.2;\"><h2 style=\"text-align: center;\">Especializados en intervenci\u00f3n psicol\u00f3gica seg\u00fan tus necesidades<\/h2><\/h1><\/div><div class=\"fusion-text fusion-text-16 fusion-no-small-visibility\"><p style=\"text-align: center;\">En CEBIE, contamos con psic\u00f3logos en Logro\u00f1o y Arnedo especializados en diferentes \u00e1reas para ofrecerte un tratamiento psicoterap\u00e9utico adaptado a tus necesidades. Atendemos a ni\u00f1os, adolescentes, adultos, pareja y familia considerando particularidades de cada etapa vital y el modo singular en que cada individuo se relaciona consigo mismo y con los dem\u00e1s. Nuestro enfoque se orienta a <strong>comprender tu malestar en profundidad, favoreciendo un cambio significativo y sostenido en el tiempo.<\/strong><\/p>\n<\/div><\/div><\/div><div class=\"fusion-layout-column fusion_builder_column fusion-builder-column-17 fusion_builder_column_1_2 1_2 fusion-flex-column fusion-flex-align-self-stretch\" style=\"--awb-padding-top:30px;--awb-padding-right:30px;--awb-padding-bottom:30px;--awb-padding-left:30px;--awb-bg-color:#ffffff;--awb-bg-color-hover:#ffffff;--awb-bg-size:cover;--awb-width-large:50%;--awb-margin-top-large:0px;--awb-spacing-right-large:3.84%;--awb-margin-bottom-large:30px;--awb-spacing-left-large:3.84%;--awb-width-medium:100%;--awb-order-medium:0;--awb-spacing-right-medium:1.92%;--awb-spacing-left-medium:1.92%;--awb-width-small:100%;--awb-order-small:0;--awb-spacing-right-small:1.92%;--awb-spacing-left-small:1.92%;\" data-scroll-devices=\"small-visibility,medium-visibility,large-visibility\"><div class=\"fusion-column-wrapper fusion-column-has-shadow fusion-flex-justify-content-flex-start fusion-content-layout-column\"><div class=\"fusion-title title fusion-title-3 fusion-sep-none fusion-title-text fusion-title-size-three\" style=\"--awb-margin-top-small:10px;--awb-margin-right-small:0px;--awb-margin-bottom-small:10px;--awb-margin-left-small:0px;\"><h3 class=\"fusion-title-heading title-heading-left fusion-responsive-typography-calculated\" style=\"margin:0;--fontSize:35;line-height:1.2;\"><h3 style=\"text-align: left;\">Terapia infantil y adolescente<\/h3><\/h3><\/div><div class=\"fusion-text fusion-text-17\"><p>Ofrecemos terapia infantil y para adolescentes, les ayudamos a superar dificultades emocionales y de comportamiento. Abordamos problemas como ansiedad, depresi\u00f3n, bullying, trastornos de la alimentaci\u00f3n y conflictos familiares, ayudando a ni\u00f1os y j\u00f3venes a relacionarse con sus emociones y fortalecer su autoestima.<\/p>\n<\/div><div ><a class=\"fusion-button button-flat fusion-button-default-size button-custom fusion-button-default button-11 fusion-button-span-no fusion-button-default-type\" style=\"--button_accent_color:#ffffff;--button_accent_hover_color:#ffffff;--button_border_hover_color:#ffffff;--button_gradient_top_color:rgba(30,172,191,0.71);--button_gradient_bottom_color:rgba(30,172,191,0.71);--button_gradient_top_color_hover:#00a8bf;--button_gradient_bottom_color_hover:#00a8bf;\" target=\"_self\" href=\"https:\/\/cebie.es\/Staging\/psicologo-infantil-logrono\/\"><span class=\"fusion-button-text awb-button__text awb-button__text--default\">Saber m\u00e1s<\/span><\/a><\/div><\/div><\/div><div class=\"fusion-layout-column fusion_builder_column fusion-builder-column-18 fusion_builder_column_1_2 1_2 fusion-flex-column fusion-flex-align-self-stretch\" style=\"--awb-padding-top:30px;--awb-padding-right:30px;--awb-padding-bottom:30px;--awb-padding-left:30px;--awb-bg-color:#ffffff;--awb-bg-color-hover:#ffffff;--awb-bg-size:cover;--awb-width-large:50%;--awb-margin-top-large:0px;--awb-spacing-right-large:3.84%;--awb-margin-bottom-large:30px;--awb-spacing-left-large:3.84%;--awb-width-medium:100%;--awb-order-medium:0;--awb-spacing-right-medium:1.92%;--awb-spacing-left-medium:1.92%;--awb-width-small:100%;--awb-order-small:0;--awb-spacing-right-small:1.92%;--awb-spacing-left-small:1.92%;\" data-scroll-devices=\"small-visibility,medium-visibility,large-visibility\"><div class=\"fusion-column-wrapper fusion-column-has-shadow fusion-flex-justify-content-flex-start fusion-content-layout-column\"><div class=\"fusion-title title fusion-title-4 fusion-sep-none fusion-title-text fusion-title-size-three\" style=\"--awb-margin-top-small:10px;--awb-margin-right-small:0px;--awb-margin-bottom-small:10px;--awb-margin-left-small:0px;\"><h3 class=\"fusion-title-heading title-heading-left fusion-responsive-typography-calculated\" style=\"margin:0;--fontSize:35;line-height:0.8;\"><h3 style=\"text-align: left;\">Terapia para adultos<\/h3><\/h3><\/div><div class=\"fusion-text fusion-text-18\"><p>Proporcionamos terapia para adultos enfocados en mejorar la salud mental y emocional. Tratamos diversas condiciones como ansiedad, estr\u00e9s, miedos, obsesiones, duelos, depresi\u00f3n, problemas de relaci\u00f3n y v\u00ednculo, problemas laborales entre otros, facilitando herramientas para comprender el origen del malestar y posibilitar una genuina transformaci\u00f3n.<\/p>\n<\/div><div ><a class=\"fusion-button button-flat fusion-button-default-size button-custom fusion-button-default button-12 fusion-button-span-no fusion-button-default-type\" style=\"--button_accent_color:#ffffff;--button_accent_hover_color:#ffffff;--button_border_hover_color:#ffffff;--button_gradient_top_color:rgba(30,172,191,0.71);--button_gradient_bottom_color:rgba(30,172,191,0.71);--button_gradient_top_color_hover:#00a8bf;--button_gradient_bottom_color_hover:#00a8bf;\" target=\"_self\" href=\"https:\/\/cebie.es\/Staging\/servicios\/psicoanalisis\/\"><span class=\"fusion-button-text awb-button__text awb-button__text--default\">Saber m\u00e1s<\/span><\/a><\/div><\/div><\/div><div class=\"fusion-layout-column fusion_builder_column fusion-builder-column-19 fusion_builder_column_1_2 1_2 fusion-flex-column fusion-flex-align-self-stretch\" style=\"--awb-padding-top:30px;--awb-padding-right:30px;--awb-padding-bottom:30px;--awb-padding-left:30px;--awb-bg-color:#ffffff;--awb-bg-color-hover:#ffffff;--awb-bg-size:cover;--awb-width-large:50%;--awb-margin-top-large:0px;--awb-spacing-right-large:3.84%;--awb-margin-bottom-large:30px;--awb-spacing-left-large:3.84%;--awb-width-medium:100%;--awb-order-medium:0;--awb-spacing-right-medium:1.92%;--awb-spacing-left-medium:1.92%;--awb-width-small:100%;--awb-order-small:0;--awb-spacing-right-small:1.92%;--awb-spacing-left-small:1.92%;\" data-scroll-devices=\"small-visibility,medium-visibility,large-visibility\"><div class=\"fusion-column-wrapper fusion-column-has-shadow fusion-flex-justify-content-flex-start fusion-content-layout-column\"><div class=\"fusion-title title fusion-title-5 fusion-sep-none fusion-title-text fusion-title-size-three\" style=\"--awb-margin-top-small:10px;--awb-margin-right-small:0px;--awb-margin-bottom-small:10px;--awb-margin-left-small:0px;\"><h3 class=\"fusion-title-heading title-heading-left fusion-responsive-typography-calculated\" style=\"margin:0;--fontSize:35;line-height:1.2;\"><h3 style=\"text-align: left;\">Terapia familiar<\/h3><\/h3><\/div><div class=\"fusion-text fusion-text-19\"><p>El trabajo terap\u00e9utico con familias busca comprender las din\u00e1micas relacionales que se generan en el malestar del v\u00ednculo, permitiendo que cada miembro encuentre su lugar dentro del mismo sistema familiar. Abordamos conflictos intergeneracionales, dificultades en la comunicaci\u00f3n, crisis familiares y situaciones de estr\u00e9s, promoviendo un ambiente saludable, armonioso y funcional.<\/p>\n<\/div><div ><a class=\"fusion-button button-flat fusion-button-default-size button-custom fusion-button-default button-13 fusion-button-span-no fusion-button-default-type\" style=\"--button_accent_color:#ffffff;--button_accent_hover_color:#ffffff;--button_border_hover_color:#ffffff;--button_gradient_top_color:rgba(30,172,191,0.71);--button_gradient_bottom_color:rgba(30,172,191,0.71);--button_gradient_top_color_hover:#00a8bf;--button_gradient_bottom_color_hover:#00a8bf;\" target=\"_self\" href=\"https:\/\/cebie.es\/Staging\/servicios\/mediacion-familiar\/\"><span class=\"fusion-button-text awb-button__text awb-button__text--default\">Saber m\u00e1s<\/span><\/a><\/div><\/div><\/div><div class=\"fusion-layout-column fusion_builder_column fusion-builder-column-20 fusion_builder_column_1_2 1_2 fusion-flex-column fusion-flex-align-self-stretch\" style=\"--awb-padding-top:30px;--awb-padding-right:30px;--awb-padding-bottom:30px;--awb-padding-left:30px;--awb-bg-color:#ffffff;--awb-bg-color-hover:#ffffff;--awb-bg-size:cover;--awb-width-large:50%;--awb-margin-top-large:0px;--awb-spacing-right-large:3.84%;--awb-margin-bottom-large:30px;--awb-spacing-left-large:3.84%;--awb-width-medium:100%;--awb-order-medium:0;--awb-spacing-right-medium:1.92%;--awb-spacing-left-medium:1.92%;--awb-width-small:100%;--awb-order-small:0;--awb-spacing-right-small:1.92%;--awb-spacing-left-small:1.92%;\" data-scroll-devices=\"small-visibility,medium-visibility,large-visibility\"><div class=\"fusion-column-wrapper fusion-column-has-shadow fusion-flex-justify-content-flex-start fusion-content-layout-column\"><div class=\"fusion-title title fusion-title-6 fusion-sep-none fusion-title-text fusion-title-size-three\" style=\"--awb-margin-top-small:10px;--awb-margin-right-small:0px;--awb-margin-bottom-small:10px;--awb-margin-left-small:0px;\"><h3 class=\"fusion-title-heading title-heading-left fusion-responsive-typography-calculated\" style=\"margin:0;--fontSize:35;line-height:0.8;\"><h3 style=\"text-align: left;\">Terapia de pareja<\/h3><\/h3><\/div><div class=\"fusion-text fusion-text-20\"><p>Las relaciones de pareja pueden atravesar momentos de crisis, incomprensi\u00f3n y conflictos. Nuestra intervenci\u00f3n ofrece un espacio seguro para que ambos miembros puedan escucharse y, a su vez, ser escuchados, identificar patrones disfuncionales para luego reencontrarse en un v\u00ednculo comprensivo y saludable. Trabajamos aspectos como la comunicaci\u00f3n, la gesti\u00f3n de emociones, la resoluci\u00f3n de conflictos y la construcci\u00f3n de proyectos en com\u00fan.<\/p>\n<\/div><div ><a class=\"fusion-button button-flat fusion-button-default-size button-custom fusion-button-default button-14 fusion-button-span-no fusion-button-default-type\" style=\"--button_accent_color:#ffffff;--button_accent_hover_color:#ffffff;--button_border_hover_color:#ffffff;--button_gradient_top_color:rgba(30,172,191,0.71);--button_gradient_bottom_color:rgba(30,172,191,0.71);--button_gradient_top_color_hover:#00a8bf;--button_gradient_bottom_color_hover:#00a8bf;\" target=\"_self\" href=\"https:\/\/cebie.es\/Staging\/terapia-pareja-logrono\/\"><span class=\"fusion-button-text awb-button__text awb-button__text--default\">Saber m\u00e1s<\/span><\/a><\/div><\/div><\/div><div class=\"fusion-layout-column fusion_builder_column fusion-builder-column-21 fusion_builder_column_1_1 1_1 fusion-flex-column fusion-flex-align-self-stretch\" style=\"--awb-padding-top:30px;--awb-padding-right:30px;--awb-padding-bottom:30px;--awb-padding-left:30px;--awb-bg-color:#ffffff;--awb-bg-color-hover:#ffffff;--awb-bg-size:cover;--awb-width-large:100%;--awb-margin-top-large:0px;--awb-spacing-right-large:1.92%;--awb-margin-bottom-large:30px;--awb-spacing-left-large:1.92%;--awb-width-medium:100%;--awb-order-medium:0;--awb-spacing-right-medium:1.92%;--awb-spacing-left-medium:1.92%;--awb-width-small:100%;--awb-order-small:0;--awb-spacing-right-small:1.92%;--awb-spacing-left-small:1.92%;\" data-scroll-devices=\"small-visibility,medium-visibility,large-visibility\"><div class=\"fusion-column-wrapper fusion-column-has-shadow fusion-flex-justify-content-flex-start fusion-content-layout-column\"><div class=\"fusion-title title fusion-title-7 fusion-sep-none fusion-title-text fusion-title-size-three\" style=\"--awb-margin-top-small:10px;--awb-margin-right-small:0px;--awb-margin-bottom-small:10px;--awb-margin-left-small:0px;\"><h3 class=\"fusion-title-heading title-heading-left fusion-responsive-typography-calculated\" style=\"margin:0;--fontSize:35;line-height:0.8;\"><h3 style=\"text-align: left;\">Evaluaci\u00f3n y Diagn\u00f3stico<\/h3><\/h3><\/div><div class=\"fusion-text fusion-text-21\"><p>Ofrecemos evaluaciones psicol\u00f3gicas especializadas para ni\u00f1os, adolescentes y adultos, enfoc\u00e1ndonos en la detecci\u00f3n de Trastornos del Espectro Autista (TEA), Trastorno por D\u00e9ficit de Atenci\u00f3n e Hiperactividad (TDAH), altas capacidades y trastornos del aprendizaje. Nuestro proceso integral incluye entrevistas, pruebas psicom\u00e9tricas y observaciones del proceso, garantizando un diagn\u00f3stico preciso y una orientaci\u00f3n personalizada para cada paciente.<\/p>\n<\/div><div ><a class=\"fusion-button button-flat fusion-button-default-size button-custom fusion-button-default button-15 fusion-button-span-no fusion-button-default-type\" style=\"--button_accent_color:#ffffff;--button_accent_hover_color:#ffffff;--button_border_hover_color:#ffffff;--button_gradient_top_color:rgba(30,172,191,0.71);--button_gradient_bottom_color:rgba(30,172,191,0.71);--button_gradient_top_color_hover:#00a8bf;--button_gradient_bottom_color_hover:#00a8bf;\" target=\"_self\" href=\"https:\/\/cebie.es\/Staging\/pide-una-cita\/\"><span class=\"fusion-button-text awb-button__text awb-button__text--default\">Saber m\u00e1s<\/span><\/a><\/div><\/div><\/div><\/div><\/div><div class=\"fusion-fullwidth fullwidth-box fusion-builder-row-8 hundred-percent-fullwidth non-hundred-percent-height-scrolling fusion-equal-height-columns\" style=\"--awb-border-sizes-top:0px;--awb-border-sizes-bottom:0px;--awb-border-sizes-left:0px;--awb-border-sizes-right:0px;--awb-border-radius-top-left:0px;--awb-border-radius-top-right:0px;--awb-border-radius-bottom-right:0px;--awb-border-radius-bottom-left:0px;--awb-padding-top:0%;--awb-padding-right:0%;--awb-padding-bottom:0%;--awb-padding-left:0%;--awb-flex-wrap:wrap;\" ><div class=\"fusion-builder-row fusion-row\"><div class=\"fusion-layout-column fusion_builder_column fusion-builder-column-22 fusion_builder_column_1_1 1_1 fusion-one-full fusion-column-first fusion-column-last\" style=\"--awb-bg-blend:overlay;--awb-bg-size:cover;\"><div class=\"fusion-column-wrapper fusion-flex-column-wrapper-legacy\">\t\t\t\t\t<div class=\"fusion-slider-container fusion-slider-sc-slider-principal-home fusion-no-small-visibility fusion-slider-55\" style=\"height:450px; max-width:100%;\" data-id=\"55\" data-full_height=\"\">\n\t\t\t\t\t\t<style type=\"text\/css\">.fusion-slider-55 .flex-direction-nav a {width:50px;height:50px;line-height:50px;font-size:20px;}<\/style>\t\t\t\t\t\t<div class=\"fusion-slider-loading\">Loading...<\/div>\n\t\t\t\t\t\t<div class=\"tfs-slider flexslider main-flex\" data-slider_width=\"100%\" data-slider_height=\"450px\" data-full_screen=\"1\" data-parallax=\"1\" data-nav_arrows=\"1\" data-nav_box_width=\"50px\" data-nav_box_height=\"50px\" data-nav_arrow_size=\"20px\" data-pagination_circles=\"1\" data-autoplay=\"1\" data-loop=\"1\" data-animation=\"fade\" data-slideshow_speed=\"8000\" data-animation_speed=\"1000\" data-typo_sensitivity=\"1\" data-typo_factor=\"1.5\" data-orderby=\"date\" data-order=\"DESC\" style=\"max-width:100%;\">\n\t\t\t\t\t\t\t<ul class=\"slides\">\n\t\t\t\t\t\t\t\t\t\t\t\t\t\t\t\t\t<li data-mute=\"yes\" data-loop=\"yes\" data-autoplay=\"yes\">\n\t\t\t\t\t\t\t\t\t\t<div class=\"slide-content-container slide-content-center\" style=\"display: none;\">\n\t\t\t\t\t\t\t\t\t\t\t<div class=\"slide-content\" style=\"\">\n\t\t\t\t\t\t\t\t\t\t\t\t\t\t\t\t\t\t\t\t\t\t\t\t\t<div class=\"heading with-bg\">\n\t\t\t\t\t\t\t\t\t\t\t\t\t\t<div class=\"fusion-title-sc-wrapper\" style=\"background-color: rgba(0,0,0, 0.4);\">\n\t\t\t\t\t\t\t\t\t\t\t\t\t\t\t<div class=\"fusion-title title fusion-title-8 fusion-sep-none fusion-title-center fusion-title-text fusion-title-size-two\" style=\"--awb-margin-top-small:10px;--awb-margin-right-small:0px;--awb-margin-bottom-small:10px;--awb-margin-left-small:0px;--awb-font-size:45px;\"><h2 class=\"fusion-title-heading title-heading-center fusion-responsive-typography-calculated\" style=\"margin:0;font-size:1em;--fontSize:45;line-height:1.2;\">Ansiedad, autoestima, problemas de pareja, ataques de p\u00e1nico, estr\u00e9s, depresi\u00f3n, obsesiones...<\/h2><\/div>\t\t\t\t\t\t\t\t\t\t\t\t\t\t<\/div>\n\t\t\t\t\t\t\t\t\t\t\t\t\t<\/div>\n\t\t\t\t\t\t\t\t\t\t\t\t\t\t\t\t\t\t\t\t\t\t\t\t\t\t\t\t\t\t\t\t\t\t\t\t\t<div class=\"caption with-bg\">\n\t\t\t\t\t\t\t\t\t\t\t\t\t\t<div class=\"fusion-title-sc-wrapper\" style=\"background-color: rgba(0, 0, 0, 0.4);\">\n\t\t\t\t\t\t\t\t\t\t\t\t\t\t\t<div class=\"fusion-title title fusion-title-9 fusion-sep-none fusion-title-center fusion-title-text fusion-title-size-three\" style=\"--awb-margin-top-small:10px;--awb-margin-right-small:0px;--awb-margin-bottom-small:10px;--awb-margin-left-small:0px;--awb-font-size:24px;\"><h3 class=\"fusion-title-heading title-heading-center fusion-responsive-typography-calculated\" style=\"margin:0;font-size:1em;--fontSize:24;--minFontSize:24;line-height:1.58;\">Mejora con nosotros tu estado emocional, recuperando la din\u00e1mica optimista de tu vida diaria.\r\nProc\u00farate calidad de vida en tu d\u00eda a d\u00eda.\r\n\r\n \u00a1Ll\u00e1manos ya! 636 016 783<\/h3><\/div>\t\t\t\t\t\t\t\t\t\t\t\t\t\t<\/div>\n\t\t\t\t\t\t\t\t\t\t\t\t\t<\/div>\n\t\t\t\t\t\t\t\t\t\t\t\t\t\t\t\t\t\t\t\t\t\t\t\t\t\t\t\t\t\t\t\t\t\t\t\t\t<div class=\"buttons\" >\n\t\t\t\t\t\t\t\t\t\t\t\t\t\t\t\t\t\t\t\t\t\t\t\t\t\t\t\t\t<div class=\"tfs-button-1\"><a href=\"https:\/\/cebie.es\/Staging\/pide-una-cita\/\" target=\"_blank\" style=\"display: inline-block; text-decoration: none; background-color: #3BAFBF; color: #ffffff; padding: 12px 25px; border-radius: 5px; font-size: 16px; font-weight: 400; text-align: center; transition: all 0.3s ease-in-out; border: 2px solid #3BAFBF;\" onmouseover=\"this.style.transform=&#039;scale(1.1)&#039;; this.style.opacity=&#039;1&#039;;\" onmouseout=\"this.style.transform=&#039;scale(1)&#039;; this.style.opacity=&#039;1&#039;;\">\r\n    Pide tu cita aqu\u00ed\r\n<\/a><\/div>\n\t\t\t\t\t\t\t\t\t\t\t\t\t\t\t\t\t\t\t\t\t\t\t\t\t\t\t\t\t\t\t\t\t\t\t\t\t\t\t\t\t<\/div>\n\t\t\t\t\t\t\t\t\t\t\t\t\t\t\t\t\t\t\t\t\t\t\t<\/div>\n\t\t\t\t\t\t\t\t\t\t<\/div>\n\t\t\t\t\t\t\t\t\t\t\t\t\t\t\t\t\t\t\t\t\t\t\t\t\t\t\t\t\t\t\t\t\t\t\t\t\t\t\t\t<div class=\"background background-image\" style=\"background-image: url(https:\/\/cebie.es\/Staging\/wp-content\/uploads\/2017\/01\/centro-psicologia-logrono-arnedo-1920x450-1.webp);max-width:100%;height:450px;filter: progid:DXImageTransform.Microsoft.AlphaImageLoader(src='https:\/\/cebie.es\/Staging\/wp-content\/uploads\/2017\/01\/centro-psicologia-logrono-arnedo-1920x450-1.webp', sizingMethod='scale');\" data-imgwidth=\"1920\">\n\t\t\t\t\t\t\t\t\t\t\t\t\t\t\t\t\t\t\t\t\t\t\t\t\t\t\t\t\t\t\t\t\t\t\t\t\t\t\t\t\t\t\t\t\t\t\t\t\t\t\t\t\t\t\t\t\t\t\t\t\t\t\t\t\t\t<\/div>\n\t\t\t\t\t\t\t\t\t<\/li>\n\t\t\t\t\t\t\t\t\t\t\t\t\t\t\t\t\t<li data-mute=\"yes\" data-loop=\"yes\" data-autoplay=\"yes\">\n\t\t\t\t\t\t\t\t\t\t<div class=\"slide-content-container slide-content-center\" style=\"display: none;\">\n\t\t\t\t\t\t\t\t\t\t\t<div class=\"slide-content\" style=\"\">\n\t\t\t\t\t\t\t\t\t\t\t\t\t\t\t\t\t\t\t\t\t\t\t\t\t<div class=\"heading with-bg\">\n\t\t\t\t\t\t\t\t\t\t\t\t\t\t<div class=\"fusion-title-sc-wrapper\" style=\"background-color: rgba(0,0,0, 0.4);\">\n\t\t\t\t\t\t\t\t\t\t\t\t\t\t\t<div class=\"fusion-title title fusion-title-10 fusion-sep-none fusion-title-center fusion-title-text fusion-title-size-two\" style=\"--awb-margin-top-small:10px;--awb-margin-right-small:0px;--awb-margin-bottom-small:10px;--awb-margin-left-small:0px;--awb-font-size:45px;\"><h2 class=\"fusion-title-heading title-heading-center fusion-responsive-typography-calculated\" style=\"margin:0;font-size:1em;--fontSize:45;line-height:1.2;\">Tratamientos y terapias psicol\u00f3gicas en Logro\u00f1o y Arnedo<\/h2><\/div>\t\t\t\t\t\t\t\t\t\t\t\t\t\t<\/div>\n\t\t\t\t\t\t\t\t\t\t\t\t\t<\/div>\n\t\t\t\t\t\t\t\t\t\t\t\t\t\t\t\t\t\t\t\t\t\t\t\t\t\t\t\t\t\t\t\t\t\t\t\t\t<div class=\"caption with-bg\">\n\t\t\t\t\t\t\t\t\t\t\t\t\t\t<div class=\"fusion-title-sc-wrapper\" style=\"background-color: rgba(0, 0, 0, 0.4);\">\n\t\t\t\t\t\t\t\t\t\t\t\t\t\t\t<div class=\"fusion-title title fusion-title-11 fusion-sep-none fusion-title-center fusion-title-text fusion-title-size-three\" style=\"--awb-margin-top-small:10px;--awb-margin-right-small:0px;--awb-margin-bottom-small:10px;--awb-margin-left-small:0px;--awb-font-size:24px;\"><h3 class=\"fusion-title-heading title-heading-center fusion-responsive-typography-calculated\" style=\"margin:0;font-size:1em;--fontSize:24;--minFontSize:24;line-height:1.58;\">En CEBIE, brindamos las terapias desde el psicoan\u00e1lisis. Usamos diferentes t\u00e9cnicas y estrategias psicol\u00f3gicas como el EMDR, para tratar de manera integral los problemas a nivel de pensamiento, sentimientos y de somatizaci\u00f3n.<\/h3><\/div>\t\t\t\t\t\t\t\t\t\t\t\t\t\t<\/div>\n\t\t\t\t\t\t\t\t\t\t\t\t\t<\/div>\n\t\t\t\t\t\t\t\t\t\t\t\t\t\t\t\t\t\t\t\t\t\t\t\t\t\t\t\t\t\t\t\t\t\t\t\t\t<div class=\"buttons\" >\n\t\t\t\t\t\t\t\t\t\t\t\t\t\t\t\t\t\t\t\t\t\t\t\t\t\t\t\t\t<div class=\"tfs-button-1\"><a href=\"https:\/\/cebie.es\/Staging\/pide-una-cita\/\" target=\"_blank\" style=\"display: inline-block; text-decoration: none; background-color: #3BAFBF; color: #ffffff; padding: 12px 25px; border-radius: 5px; font-size: 16px; font-weight: 400; text-align: center; transition: all 0.3s ease-in-out; border: 2px solid #3BAFBF;\" onmouseover=\"this.style.transform=&#039;scale(1.1)&#039;; this.style.opacity=&#039;1&#039;;\" onmouseout=\"this.style.transform=&#039;scale(1)&#039;; this.style.opacity=&#039;1&#039;;\">\r\n    Pide tu cita aqu\u00ed\r\n<\/a><\/div>\n\t\t\t\t\t\t\t\t\t\t\t\t\t\t\t\t\t\t\t\t\t\t\t\t\t\t\t\t\t\t\t\t\t\t\t\t\t\t\t\t\t<\/div>\n\t\t\t\t\t\t\t\t\t\t\t\t\t\t\t\t\t\t\t\t\t\t\t<\/div>\n\t\t\t\t\t\t\t\t\t\t<\/div>\n\t\t\t\t\t\t\t\t\t\t\t\t\t\t\t\t\t\t\t\t\t\t\t\t\t\t\t\t\t\t\t\t\t\t\t\t\t\t\t\t<div class=\"background background-image\" style=\"background-image: url(https:\/\/cebie.es\/Staging\/wp-content\/uploads\/2017\/01\/psicologo-logrono-la-rioja-terapia-familiar-1920x450-1.webp);max-width:100%;height:450px;filter: progid:DXImageTransform.Microsoft.AlphaImageLoader(src='https:\/\/cebie.es\/Staging\/wp-content\/uploads\/2017\/01\/psicologo-logrono-la-rioja-terapia-familiar-1920x450-1.webp', sizingMethod='scale');\" data-imgwidth=\"1920\">\n\t\t\t\t\t\t\t\t\t\t\t\t\t\t\t\t\t\t\t\t\t\t\t\t\t\t\t\t\t\t\t\t\t\t\t\t\t\t\t\t\t\t\t\t\t\t\t\t\t\t\t\t\t\t\t\t\t\t\t\t\t\t\t\t\t\t<\/div>\n\t\t\t\t\t\t\t\t\t<\/li>\n\t\t\t\t\t\t\t\t\t\t\t\t\t\t\t\t\t<li data-mute=\"yes\" data-loop=\"yes\" data-autoplay=\"yes\">\n\t\t\t\t\t\t\t\t\t\t<div class=\"slide-content-container slide-content-center\" style=\"display: none;\">\n\t\t\t\t\t\t\t\t\t\t\t<div class=\"slide-content\" style=\"\">\n\t\t\t\t\t\t\t\t\t\t\t\t\t\t\t\t\t\t\t\t\t\t\t\t\t<div class=\"heading with-bg\">\n\t\t\t\t\t\t\t\t\t\t\t\t\t\t<div class=\"fusion-title-sc-wrapper fusion-block-element\" style=\"background-color: rgba(0,0,0, 0.4);\">\n\t\t\t\t\t\t\t\t\t\t\t\t\t\t\t<div class=\"fusion-title title fusion-title-12 fusion-title-center fusion-title-text fusion-title-size-two\" style=\"--awb-margin-top-small:10px;--awb-margin-right-small:0px;--awb-margin-bottom-small:10px;--awb-margin-left-small:0px;--awb-font-size:45px;\"><div class=\"title-sep-container title-sep-container-left\"><div class=\"title-sep sep-single sep-solid\" style=\"border-color:#03a9f4;\"><\/div><\/div><span class=\"awb-title-spacer\"><\/span><h2 class=\"fusion-title-heading title-heading-center fusion-responsive-typography-calculated\" style=\"margin:0;font-size:1em;--fontSize:45;line-height:1.2;\">CEBIE, tu gabinete psicol\u00f3gico en La Rioja (Logro\u00f1o y Arnedo)<\/h2><span class=\"awb-title-spacer\"><\/span><div class=\"title-sep-container title-sep-container-right\"><div class=\"title-sep sep-single sep-solid\" style=\"border-color:#03a9f4;\"><\/div><\/div><\/div>\t\t\t\t\t\t\t\t\t\t\t\t\t\t<\/div>\n\t\t\t\t\t\t\t\t\t\t\t\t\t<\/div>\n\t\t\t\t\t\t\t\t\t\t\t\t\t\t\t\t\t\t\t\t\t\t\t\t\t\t\t\t\t\t\t\t\t\t\t\t\t<div class=\"caption with-bg\">\n\t\t\t\t\t\t\t\t\t\t\t\t\t\t<div class=\"fusion-title-sc-wrapper\" style=\"background-color: rgba(0, 0, 0, 0.4);\">\n\t\t\t\t\t\t\t\t\t\t\t\t\t\t\t<div class=\"fusion-title title fusion-title-13 fusion-sep-none fusion-title-center fusion-title-text fusion-title-size-three\" style=\"--awb-margin-top-small:10px;--awb-margin-right-small:0px;--awb-margin-bottom-small:10px;--awb-margin-left-small:0px;--awb-font-size:24px;\"><h3 class=\"fusion-title-heading title-heading-center fusion-responsive-typography-calculated\" style=\"margin:0;font-size:1em;--fontSize:24;--minFontSize:24;line-height:1.58;\">Somos un centro de psicolog\u00eda homologado. Especialista en psicoan\u00e1lisis y EMDR con profesionales con m\u00e1s de 20 a\u00f1os de experiencia.\r\n\r\n\u00a1Ll\u00e1manos ya! 636 016 783<\/h3><\/div>\t\t\t\t\t\t\t\t\t\t\t\t\t\t<\/div>\n\t\t\t\t\t\t\t\t\t\t\t\t\t<\/div>\n\t\t\t\t\t\t\t\t\t\t\t\t\t\t\t\t\t\t\t\t\t\t\t\t\t\t\t\t\t\t\t\t\t\t\t\t\t<div class=\"buttons\" >\n\t\t\t\t\t\t\t\t\t\t\t\t\t\t\t\t\t\t\t\t\t\t\t\t\t\t\t\t\t<div class=\"tfs-button-1\"><a href=\"https:\/\/cebie.es\/Staging\/pide-una-cita\/\" target=\"_blank\" style=\"display: inline-block; text-decoration: none; background-color: #3BAFBF; color: #ffffff; padding: 12px 25px; border-radius: 5px; font-size: 16px; font-weight: 400; text-align: center; transition: all 0.3s ease-in-out; border: 2px solid #3BAFBF;\" onmouseover=\"this.style.transform=&#039;scale(1.1)&#039;; this.style.opacity=&#039;1&#039;;\" onmouseout=\"this.style.transform=&#039;scale(1)&#039;; this.style.opacity=&#039;1&#039;;\">\r\n    Pide tu cita aqu\u00ed\r\n<\/a>\r\n\r\n\r\n<\/div>\n\t\t\t\t\t\t\t\t\t\t\t\t\t\t\t\t\t\t\t\t\t\t\t\t\t\t\t\t\t\t\t\t\t\t\t\t\t\t\t\t\t<\/div>\n\t\t\t\t\t\t\t\t\t\t\t\t\t\t\t\t\t\t\t\t\t\t\t<\/div>\n\t\t\t\t\t\t\t\t\t\t<\/div>\n\t\t\t\t\t\t\t\t\t\t\t\t\t\t\t\t\t\t\t\t\t\t\t\t\t\t\t\t\t\t\t\t\t\t\t\t\t\t\t\t<div class=\"background background-image\" style=\"background-image: url(https:\/\/cebie.es\/Staging\/wp-content\/uploads\/2017\/01\/psicologia-logrono-cebie-1920x450-1.webp);max-width:100%;height:450px;filter: progid:DXImageTransform.Microsoft.AlphaImageLoader(src='https:\/\/cebie.es\/Staging\/wp-content\/uploads\/2017\/01\/psicologia-logrono-cebie-1920x450-1.webp', sizingMethod='scale');\" data-imgwidth=\"1920\">\n\t\t\t\t\t\t\t\t\t\t\t\t\t\t\t\t\t\t\t\t\t\t\t\t\t\t\t\t\t\t\t\t\t\t\t\t\t\t\t\t\t\t\t\t\t\t\t\t\t\t\t\t\t\t\t\t\t\t\t\t\t\t\t\t\t\t<\/div>\n\t\t\t\t\t\t\t\t\t<\/li>\n\t\t\t\t\t\t\t\t\t\t\t\t\t\t\t\t\t\t\t\t\t\t\t<\/ul>\n\t\t\t\t\t\t<\/div>\n\t\t\t\t\t<\/div>\n\t\t\t\t\t\t\t\t<div class=\"fusion-clearfix\"><\/div><\/div><\/div><\/div><\/div><div class=\"fusion-fullwidth fullwidth-box fusion-builder-row-9 has-pattern-background has-mask-background nonhundred-percent-fullwidth non-hundred-percent-height-scrolling\" style=\"--awb-background-position:left top;--awb-border-sizes-top:0px;--awb-border-sizes-bottom:0px;--awb-border-sizes-left:0px;--awb-border-sizes-right:0px;--awb-border-radius-top-left:0px;--awb-border-radius-top-right:0px;--awb-border-radius-bottom-right:0px;--awb-border-radius-bottom-left:0px;--awb-padding-top:75px;--awb-padding-bottom:75px;--awb-flex-wrap:wrap;\" ><div class=\"fusion-builder-row fusion-row\"><div class=\"fusion-layout-column fusion_builder_column fusion-builder-column-23 fusion_builder_column_1_1 1_1 fusion-one-full fusion-column-first fusion-column-last\" style=\"--awb-bg-size:cover;\"><div class=\"fusion-column-wrapper fusion-column-has-shadow fusion-flex-column-wrapper-legacy\"><div class=\"fusion-text fusion-text-22\"><h2 style=\"text-align: center;\">\u00bfNecesitas que un terapeuta o psic\u00f3logo en Logro\u00f1o te acompa\u00f1e y gu\u00ede?<\/h2>\n<\/div><div class=\"fusion-clearfix\"><\/div><\/div><\/div><div class=\"fusion-layout-column fusion_builder_column fusion-builder-column-24 fusion_builder_column_1_3 1_3 fusion-one-third fusion-column-first fusion-column-no-min-height\" style=\"--awb-bg-blend:overlay;--awb-bg-size:cover;--awb-margin-bottom:0px;width:30.6666%; margin-right: 4%;\"><div class=\"fusion-column-wrapper fusion-flex-column-wrapper-legacy\"><div class=\"fusion-sep-clear\"><\/div><div class=\"fusion-separator fusion-full-width-sep\" style=\"margin-left: auto;margin-right: auto;margin-top:5px;margin-bottom:5px;width:100%;\"><\/div><div class=\"fusion-sep-clear\"><\/div><div class=\"fusion-image-element in-legacy-container\" style=\"--awb-caption-title-font-family:var(--h2_typography-font-family);--awb-caption-title-font-weight:var(--h2_typography-font-weight);--awb-caption-title-font-style:var(--h2_typography-font-style);--awb-caption-title-size:var(--h2_typography-font-size);--awb-caption-title-transform:var(--h2_typography-text-transform);--awb-caption-title-line-height:var(--h2_typography-line-height);--awb-caption-title-letter-spacing:var(--h2_typography-letter-spacing);\"><span class=\" fusion-imageframe imageframe-glow imageframe-5 hover-type-none\" style=\"border:10px solid #f6f6f6;-webkit-box-shadow: 0 0 3px rgba(0,0,0,0.3);box-shadow: 0 0 3px rgba(0,0,0,0.3);\"><img decoding=\"async\" width=\"450\" height=\"650\" alt=\"Psicologa Logro\u00f1o\" title=\"maricela-psicologa-logrono-arnedo-450&#215;650\" src=\"https:\/\/cebie.es\/Staging\/wp-content\/uploads\/2024\/12\/maricela-psicologa-logrono-arnedo-450x650-1.jpg\" class=\"img-responsive wp-image-3506\" srcset=\"https:\/\/cebie.es\/Staging\/wp-content\/uploads\/2024\/12\/maricela-psicologa-logrono-arnedo-450x650-1-200x289.jpg 200w, https:\/\/cebie.es\/Staging\/wp-content\/uploads\/2024\/12\/maricela-psicologa-logrono-arnedo-450x650-1-400x578.jpg 400w, https:\/\/cebie.es\/Staging\/wp-content\/uploads\/2024\/12\/maricela-psicologa-logrono-arnedo-450x650-1.jpg 450w\" sizes=\"(max-width: 800px) 100vw, 400px\" \/><\/span><\/div><div class=\"fusion-clearfix\"><\/div><\/div><\/div><div class=\"fusion-layout-column fusion_builder_column fusion-builder-column-25 fusion_builder_column_2_3 2_3 fusion-two-third fusion-column-last\" style=\"--awb-bg-blend:overlay;--awb-bg-size:cover;width:65.3333%;\" data-scroll-devices=\"small-visibility,medium-visibility,large-visibility\"><div class=\"fusion-column-wrapper fusion-column-has-shadow fusion-flex-column-wrapper-legacy\"><div class=\"fusion-title title fusion-title-14 fusion-sep-none fusion-title-text fusion-title-size-two\" style=\"--awb-margin-top-small:10px;--awb-margin-right-small:0px;--awb-margin-bottom-small:10px;--awb-margin-left-small:0px;--awb-font-size:24px;\"><h2 class=\"fusion-title-heading title-heading-left fusion-responsive-typography-calculated\" style=\"margin:0;font-size:1em;--fontSize:24;--minFontSize:24;line-height:1.2;\"><h2 style=\"text-align: left;\"><span style=\"font-size: 18pt;\"><strong>Maricela Garc\u00eda Villalta<\/strong><\/span><\/h2><\/h2><\/div><div class=\"fusion-title title fusion-title-15 fusion-sep-none fusion-title-text fusion-title-size-two\" style=\"--awb-margin-top-small:10px;--awb-margin-right-small:0px;--awb-margin-bottom-small:10px;--awb-margin-left-small:0px;--awb-font-size:26px;\"><h2 class=\"fusion-title-heading title-heading-left fusion-responsive-typography-calculated\" style=\"margin:0;font-size:1em;--fontSize:26;--minFontSize:26;line-height:1.2;\"><h2 style=\"text-align: left;\">Psic\u00f3loga, Terapeuta psicoanal\u00edtica y Directora de CEBIE<\/h2><\/h2><\/div><div class=\"fusion-text fusion-text-23\"><p>Con m\u00e1s de 25 a\u00f1os de experiencia profesional en adultos, realizando tratamientos en trastornos emocionales y psicol\u00f3gicos complejos. Ofrezco mi enfoque terap\u00e9utico basado en psicoan\u00e1lisis, brindando un acompa\u00f1amiento profundo y efectivo para generar cambios reales y duraderos.<\/p>\n<\/div><div class=\"fusion-content-boxes content-boxes columns row fusion-columns-2 fusion-columns-total-2 fusion-content-boxes-1 content-boxes-icon-with-title content-left\" style=\"--awb-hover-accent-color:#3bafbf;--awb-circle-hover-accent-color:#3bafbf;\" data-animationOffset=\"top-into-view\"><div style=\"--awb-backgroundcolor:rgba(255,255,255,0);\" class=\"fusion-column content-box-column content-box-column content-box-column-1 col-lg-6 col-md-6 col-sm-6 fusion-content-box-hover content-box-column-first-in-row\"><div class=\"col content-box-wrapper content-wrapper link-area-box content-icon-wrapper-yes icon-hover-animation-fade\" data-animationOffset=\"top-into-view\"><div class=\"heading icon-left\"><h3 class=\"content-box-heading fusion-responsive-typography-calculated\" style=\"--h3_typography-font-size:22px;--fontSize:22;line-height:1.2;\">Mi formaci\u00f3n<\/h3><\/div><div class=\"fusion-clearfix\"><\/div><div class=\"content-container\">\n<ul>\n<li>Psic\u00f3loga Sanitaria.<\/li>\n<li>Terapeuta Cl\u00ednico EMDR.<\/li>\n<li>Terapeuta psicoanal\u00edtica.<\/li>\n<li>M\u00e1ster cl\u00ednico en Salud Mental y Psicoan\u00e1lisis.<\/li>\n<li>Miembro de la Asociaci\u00f3n EMDR Espa\u00f1a.<\/li>\n<li>Miembro reconocida como Psic\u00f3loga especialista en Psicoterapia por la European Federation of Psychologists Associations EFPA\/COP.<\/li>\n<\/ul>\n<\/div><\/div><\/div><div style=\"--awb-backgroundcolor:rgba(255,255,255,0);\" class=\"fusion-column content-box-column content-box-column content-box-column-2 col-lg-6 col-md-6 col-sm-6 fusion-content-box-hover content-box-column-last content-box-column-last-in-row\"><div class=\"col content-box-wrapper content-wrapper link-area-box content-icon-wrapper-yes icon-hover-animation-fade\" data-animationOffset=\"top-into-view\"><div class=\"heading icon-left\"><h3 class=\"content-box-heading fusion-responsive-typography-calculated\" style=\"--h3_typography-font-size:22px;--fontSize:22;line-height:1.2;\"> <\/h3><\/div><div class=\"fusion-clearfix\"><\/div><div class=\"content-container\">\n<ul>\n<li>Miembro de la Asociaci\u00f3n Internacional de Psicoterapia Psicoanal\u00edtica de Pareja y Familia FLASIP.<\/li>\n<li>Miembro Asociado del Centro de Psicoterapia Psicoanal\u00edtica de Lima.<\/li>\n<li>Miembro de la Federaci\u00f3n Latinoamericana de Asociaciones de Psicoterapia Psicoanal\u00edtica y Psicoan\u00e1lisis FLAPPSIP.<\/li>\n<li>Miembro fundador de CEBIE SAC.<\/li>\n<\/ul>\n<\/div><\/div><\/div><div class=\"fusion-clearfix\"><\/div><\/div><div class=\"fusion-text fusion-text-24\"><p>Si buscas un espacio seguro para comprenderte mejor, romper patrones inconscientes y mejorar tu bienestar emocional, estoy aqu\u00ed para acompa\u00f1arte en tu proceso.<\/p>\n<\/div><div class=\"fusion-clearfix\"><\/div><\/div><\/div><\/div><\/div><div class=\"fusion-fullwidth fullwidth-box fusion-builder-row-10 has-pattern-background has-mask-background nonhundred-percent-fullwidth non-hundred-percent-height-scrolling\" style=\"--awb-background-position:left top;--awb-border-sizes-top:0px;--awb-border-sizes-bottom:0px;--awb-border-sizes-left:0px;--awb-border-sizes-right:0px;--awb-border-radius-top-left:0px;--awb-border-radius-top-right:0px;--awb-border-radius-bottom-right:0px;--awb-border-radius-bottom-left:0px;--awb-padding-top:50px;--awb-padding-bottom:50px;--awb-background-color:#f4f4f4;--awb-flex-wrap:wrap;\" ><div class=\"fusion-builder-row fusion-row\"><div class=\"fusion-layout-column fusion_builder_column fusion-builder-column-26 fusion_builder_column_1_1 1_1 fusion-one-full fusion-column-first fusion-column-last\" style=\"--awb-bg-blend:overlay;--awb-bg-size:cover;\"><div class=\"fusion-column-wrapper fusion-flex-column-wrapper-legacy\"><div class=\"fusion-text fusion-text-25\"><h3 style=\"text-align: center;\">Nuestro equipo de psic\u00f3logos<\/h3>\n<p style=\"text-align: center;\">En nuestro centro de psicolog\u00eda y terapia en Logro\u00f1o, encontrar\u00e1s a <strong>psic\u00f3logos y terapeutas que te ayudar\u00e1n desde una terapia integradora para tratar la ra\u00edz de tus problemas. <\/strong>Durante nuestros a\u00f1os de ejercicio profesional en la salud mental, hemos acompa\u00f1ado y ayudado a much\u00edsimos pacientes que acud\u00edan a nosotros mientras transitaban depresi\u00f3n, ansiedad, duelo, problemas de pareja, entre otros&#8230; Contacta con nosotros. En el proceso, <strong>te acompa\u00f1ar\u00e1 el psic\u00f3logo especialista m\u00e1s adecuado a tus circunstancias.<\/strong><\/p>\n<\/div><div class=\"fusion-clearfix\"><\/div><\/div><\/div><div class=\"fusion-layout-column fusion_builder_column fusion-builder-column-27 fusion_builder_column_1_2 1_2 fusion-one-half fusion-column-first\" style=\"--awb-bg-size:cover;width:50%;width:calc(50% - ( ( 4% ) * 0.5 ) );margin-right: 4%;\"><div class=\"fusion-column-wrapper fusion-column-has-shadow fusion-flex-column-wrapper-legacy\"><div class=\"fusion-person person fusion-person-left fusion-person-1 fusion-person-icon-bottom\" style=\"--awb-pic-style-color:#000000;--awb-pic-borderradius:0px;--awb-margin-top:0px;--awb-margin-right:0px;--awb-margin-bottom:0px;--awb-margin-left:0px;\"><div class=\"person-shortcode-image-wrapper imageframe-liftup\"><div class=\"person-image-container\" style=\"border:0px solid #f6f6f6;-webkit-border-radius:0px;-moz-border-radius:0px;border-radius:0px;\"><img decoding=\"async\" class=\"person-img img-responsive wp-image-3178\" width=\"257\" height=\"300\" src=\"https:\/\/cebie.es\/Staging\/wp-content\/uploads\/2021\/10\/elvia-1.jpg\" alt=\"Elvia Garc\u00eda Villalta\" srcset=\"https:\/\/cebie.es\/Staging\/wp-content\/uploads\/2021\/10\/elvia-1-200x233.jpg 200w, https:\/\/cebie.es\/Staging\/wp-content\/uploads\/2021\/10\/elvia-1.jpg 257w\" sizes=\"(max-width: 800px) 100vw, 257px\" title=\"\"><\/div><\/div><div class=\"person-desc\" style=\"background-color:#ffffff;padding:40px;margin-top:0;\"><div class=\"person-author\"><div class=\"person-author-wrapper\"><span class=\"person-name\">Elvia Garc\u00eda Villalta<\/span><span class=\"person-title\">Licenciada en Psicolog\u00eda<\/span><\/div><\/div><div class=\"person-content fusion-clearfix\">Psic\u00f3loga Sanitaria con orientaci\u00f3n psicoanal\u00edtica de ni\u00f1os, adolescentes y adultos con 20 a\u00f1os de experiencia en tratamientos psicoterap\u00e9uticos a nivel individual, de pareja, familia y de grupos.<br \/>\nResponsable Sanitaria de CEBIE.<br \/>\nM\u00e1ster en Neuropsicolog\u00eda.<br \/>\nM\u00e1ster cl\u00ednico en Salud Mental y Psicoan\u00e1lisis. Terapeuta Cl\u00ednica en EMDR reconocida por la Asociaci\u00f3n EMDR Espa\u00f1a.<\/div><\/div><\/div><div class=\"fusion-clearfix\"><\/div><\/div><\/div><div class=\"fusion-layout-column fusion_builder_column fusion-builder-column-28 fusion_builder_column_1_2 1_2 fusion-one-half fusion-column-last\" style=\"--awb-bg-size:cover;width:50%;width:calc(50% - ( ( 4% ) * 0.5 ) );\"><div class=\"fusion-column-wrapper fusion-column-has-shadow fusion-flex-column-wrapper-legacy\"><div class=\"fusion-person person fusion-person-left fusion-person-2 fusion-person-icon-bottom\" style=\"--awb-pic-style-color:#000000;--awb-pic-borderradius:0px;--awb-margin-top:0px;--awb-margin-right:0px;--awb-margin-bottom:0px;--awb-margin-left:0px;\"><div class=\"person-shortcode-image-wrapper imageframe-liftup\"><div class=\"person-image-container\" style=\"border:0px solid #f6f6f6;-webkit-border-radius:0px;-moz-border-radius:0px;border-radius:0px;\"><img decoding=\"async\" class=\"person-img img-responsive wp-image-3179\" width=\"257\" height=\"300\" src=\"https:\/\/cebie.es\/Staging\/wp-content\/uploads\/2021\/10\/teresa-1.jpg\" alt=\"Dra. Teresa Gil-D\u00edez Usandizaga\" srcset=\"https:\/\/cebie.es\/Staging\/wp-content\/uploads\/2021\/10\/teresa-1-200x233.jpg 200w, https:\/\/cebie.es\/Staging\/wp-content\/uploads\/2021\/10\/teresa-1.jpg 257w\" sizes=\"(max-width: 800px) 100vw, 257px\" title=\"\"><\/div><\/div><div class=\"person-desc\" style=\"background-color:#ffffff;padding:40px;margin-top:0;\"><div class=\"person-author\"><div class=\"person-author-wrapper\"><span class=\"person-name\">Dra. Teresa Gil-D\u00edez Usandizaga<\/span><span class=\"person-title\">Licenciada en Psicolog\u00eda<\/span><\/div><\/div><div class=\"person-content fusion-clearfix\">Doctora y psic\u00f3loga cl\u00ednica, especialista en psicolog\u00eda infantil y juvenil, con orientaci\u00f3n psicoanal\u00edtica.<br \/>\nTerapeuta EMDR por la Asociaci\u00f3n EMDR Espa\u00f1a.<\/div><\/div><\/div><div class=\"fusion-clearfix\"><\/div><\/div><\/div><\/div><\/div><div class=\"fusion-fullwidth fullwidth-box fusion-builder-row-11 has-pattern-background has-mask-background nonhundred-percent-fullwidth non-hundred-percent-height-scrolling\" style=\"--awb-border-radius-top-left:0px;--awb-border-radius-top-right:0px;--awb-border-radius-bottom-right:0px;--awb-border-radius-bottom-left:0px;--awb-padding-top:20px;--awb-padding-bottom:20px;--awb-margin-top:50px;--awb-flex-wrap:wrap;\" ><div class=\"fusion-builder-row fusion-row\"><div class=\"fusion-layout-column fusion_builder_column fusion-builder-column-29 fusion_builder_column_1_1 1_1 fusion-one-full fusion-column-first fusion-column-last\" style=\"--awb-bg-blend:overlay;--awb-bg-size:cover;\"><div class=\"fusion-column-wrapper fusion-flex-column-wrapper-legacy\"><div class=\"fusion-sep-clear\"><\/div><div class=\"fusion-separator fusion-has-icon\" style=\"margin-left: auto;margin-right: auto;margin-bottom:50px;width:100%;max-width:50%;\"><div class=\"fusion-separator-border sep-single\" style=\"--awb-height:20px;--awb-amount:20px;--awb-sep-color:var(--awb-color4);border-color:var(--awb-color4);border-top-width:2px;\"><\/div><span class=\"icon-wrapper\" style=\"border-color:var(--awb-color4);background-color:rgba(255,255,255,0);font-size:17px;width: 1.75em; height: 1.75em;border-width:2px;padding:2px;margin-top:-1px\"><i class=\"fa-angle-down fas\" style=\"font-size: inherit;color:var(--awb-color4);\" aria-hidden=\"true\"><\/i><\/span><div class=\"fusion-separator-border sep-single\" style=\"--awb-height:20px;--awb-amount:20px;--awb-sep-color:var(--awb-color4);border-color:var(--awb-color4);border-top-width:2px;\"><\/div><\/div><div class=\"fusion-sep-clear\"><\/div><div class=\"fusion-text fusion-text-26 fusion-text-no-margin\" style=\"--awb-margin-bottom:20px;\"><h2 style=\"text-align: left;\">POR QU\u00c9 CEBIE<\/h2>\n<\/div><div class=\"fusion-text fusion-text-27 fusion-text-no-margin\" style=\"--awb-margin-bottom:20px;\"><h2 style=\"text-align: left;\">Tu centro sanitario de terapeutas y psic\u00f3logos en Logro\u00f1o<\/h2>\n<\/div><div class=\"fusion-text fusion-text-28\"><p style=\"text-align: left;\">En nuestro Centro de Bienestar CEBIE, en Logro\u00f1o y Arnedo, ofrecemos un <strong>abordaje integral para el tratamiento de las dificultades emocionales y conductuales<\/strong>. Nuestro trabajo no se limita a la reducci\u00f3n de los s\u00edntomas, sino que buscamos comprender el origen del malestar, facilitando un proceso de autoconocimiento profundo que permita a cada persona<strong> entender su propia historia, su modo de relacionarse y los factores que han condicionado su bienestar. <\/strong><\/p>\n<p style=\"text-align: left;\">Acompa\u00f1amos a nuestros pacientes en el desarrollo de sus propios recursos internos, <strong>para afrontar las dificultades cotidianas, promoviendo una aut\u00e9ntica autonom\u00eda y una mejor relaci\u00f3n consigo mismos<\/strong> y con los dem\u00e1s.<\/p>\n<p style=\"text-align: left;\">Adem\u00e1s de contar con un equipo de psic\u00f3logos sanitarios, cl\u00ednicos y psicoterapeutas, nuestra diferencia radica en un enfoque que va m\u00e1s all\u00e1 de la intervenci\u00f3n superficial de las emociones, permitiendo cambios sostenibles en el tiempo y adaptados a la singularidad de cada persona.<\/p>\n<\/div><ul style=\"--awb-size:20px;--awb-line-height:34px;--awb-icon-width:34px;--awb-icon-height:34px;--awb-icon-margin:14px;--awb-content-margin:48px;--awb-circlecolor:#3bafbf;--awb-circle-yes-font-size:17.6px;\" class=\"fusion-checklist fusion-checklist-2 fusion-checklist-default type-icons\"><li class=\"fusion-li-item\" style=\"\"><span class=\"icon-wrapper circle-yes\"><i class=\"fusion-li-icon fa-brain fas\" aria-hidden=\"true\"><\/i><\/span><div class=\"fusion-li-item-content\">\n<p><strong>Psicoan\u00e1lisis<\/strong>: Exploramos las ra\u00edces de tus emociones y comportamientos para comprender aquello que te bloquea y lograr alcanzar un bienestar profundo y duradero.<\/p>\n<\/div><\/li><li class=\"fusion-li-item\" style=\"\"><span class=\"icon-wrapper circle-yes\"><i class=\"fusion-li-icon fa-brain fas\" aria-hidden=\"true\"><\/i><\/span><div class=\"fusion-li-item-content\">\n<p><strong>Terapias de Grupo<\/strong>: En este espacio, compartes experiencias y aprendes en un entorno de apoyo mutuo.<\/p>\n<\/div><\/li><li class=\"fusion-li-item\" style=\"\"><span class=\"icon-wrapper circle-yes\"><i class=\"fusion-li-icon fa-brain fas\" aria-hidden=\"true\"><\/i><\/span><div class=\"fusion-li-item-content\">\n<p><strong>Talleres Vivenciales<\/strong>: Se realizan actividades pr\u00e1cticas para mejorar la autoestima, habilidades sociales, etc.<\/p>\n<\/div><\/li><li class=\"fusion-li-item\" style=\"\"><span class=\"icon-wrapper circle-yes\"><i class=\"fusion-li-icon fa-brain fas\" aria-hidden=\"true\"><\/i><\/span><div class=\"fusion-li-item-content\">\n<p><strong>Terapias Personalizadas y basadas en tus circunstancias<\/strong>: Abordamos tus conflictos internos, tus deseos, motivaciones, sentimientos, relaciones interpersonales, inseguridad, timidez, problemas de conducta y superaci\u00f3n personal.<\/p>\n<\/div><\/li><\/ul><div class=\"fusion-aligncenter\"><a class=\"fusion-button button-flat fusion-button-default-size button-default fusion-button-default button-16 fusion-button-span-no fusion-button-default-type\" style=\"--button_margin-top:50px;\" target=\"_self\" href=\"https:\/\/api.whatsapp.com\/send\/?phone=34636016783&amp;text&amp;type=phone_number&amp;app_absent=0\" rel=\"nofollow noopener\"><span class=\"fusion-button-text awb-button__text awb-button__text--default\">\u00bfHablamos?<\/span><i class=\"fa-whatsapp fab awb-button__icon awb-button__icon--default button-icon-right\" aria-hidden=\"true\"><\/i><\/a><\/div><div class=\"fusion-clearfix\"><\/div><\/div><\/div><\/div><\/div><div class=\"fusion-fullwidth fullwidth-box fusion-builder-row-12 has-pattern-background has-mask-background nonhundred-percent-fullwidth non-hundred-percent-height-scrolling\" style=\"--awb-border-radius-top-left:0px;--awb-border-radius-top-right:0px;--awb-border-radius-bottom-right:0px;--awb-border-radius-bottom-left:0px;--awb-padding-top:20px;--awb-padding-bottom:20px;--awb-margin-top:50px;--awb-flex-wrap:wrap;\" ><div class=\"fusion-builder-row fusion-row\"><div class=\"fusion-layout-column fusion_builder_column fusion-builder-column-30 fusion_builder_column_1_1 1_1 fusion-one-full fusion-column-first fusion-column-last\" style=\"--awb-bg-blend:overlay;--awb-bg-size:cover;\"><div class=\"fusion-column-wrapper fusion-flex-column-wrapper-legacy\"><div class=\"fusion-text fusion-text-29 fusion-text-no-margin\" style=\"--awb-margin-bottom:20px;\"><h2 style=\"text-align: center;\">OPINIONES DE NUESTROS PACIENTES<\/h2>\n<\/div><pre class=\"ti-widget\" style=\"display: none\"><template id=\"trustindex-google-widget-html\"><div class=\" ti-widget  ti-goog ti-no-profile-img ti-disable-nav ti-show-rating-text ti-review-text-mode-readmore ti-text-align-left\" data-no-translation=\"true\" data-plugin-version=\"13.2.9\" data-layout-id=\"13\" data-layout-category=\"slider\" data-set-id=\"light-background\" data-pid=\"\" data-language=\"es\" data-close-locale=\"Cerca\" data-review-target-width=\"275\" data-css-version=\"2\" data-reply-by-locale=\"Respuesta del propietario\" data-only-rating-locale=\"Esta usuario solo dej\u00f3 una calificaci\u00f3n.\" data-pager-autoplay-timeout=\"6\"> <div class=\"ti-widget-container ti-col-4\"> <div class=\"ti-footer source-Google\"> <div class=\"ti-row\"> <div class=\"ti-profile-img\"> <trustindex-image data-imgurl=\"https:\/\/lh5.googleusercontent.com\/-sUrHG9eR-Io\/AAAAAAAAAAI\/AAAAAAAAAAA\/2eGU1UI5SHE\/s160-p-k-no-ns-nd\/photo.jpg\" alt=\"CEBIE\" loading=\"lazy\"><\/trustindex-image> <\/div> <div class=\"ti-profile-details\"> <div class=\"ti-name\"> CEBIE<\/div> <span class=\"ti-stars\"><trustindex-image class=\"ti-star\" data-imgurl=\"https:\/\/cdn.trustindex.io\/assets\/platform\/Google\/star\/f.svg\" alt=\"Google star 1\" width=\"17\" height=\"17\" loading=\"lazy\"><\/trustindex-image><trustindex-image class=\"ti-star\" data-imgurl=\"https:\/\/cdn.trustindex.io\/assets\/platform\/Google\/star\/f.svg\" alt=\"Google star 2\" width=\"17\" height=\"17\" loading=\"lazy\"><\/trustindex-image><trustindex-image class=\"ti-star\" data-imgurl=\"https:\/\/cdn.trustindex.io\/assets\/platform\/Google\/star\/f.svg\" alt=\"Google star 3\" width=\"17\" height=\"17\" loading=\"lazy\"><\/trustindex-image><trustindex-image class=\"ti-star\" data-imgurl=\"https:\/\/cdn.trustindex.io\/assets\/platform\/Google\/star\/f.svg\" alt=\"Google star 4\" width=\"17\" height=\"17\" loading=\"lazy\"><\/trustindex-image><trustindex-image class=\"ti-star\" data-imgurl=\"https:\/\/cdn.trustindex.io\/assets\/platform\/Google\/star\/f.svg\" alt=\"Google star 5\" width=\"17\" height=\"17\" loading=\"lazy\"><\/trustindex-image><\/span> <div class=\"ti-rating-text\"> <span class=\"nowrap\"><strong>39 rese\u00f1as Google<\/strong><\/span> <\/div> <div class=\"ti-header-write-btn-container\"> <a href=\"https:\/\/admin.trustindex.io\/api\/googleWriteReview?place-id=ChIJB-Vyx7JURQ0RvOTSDCtpyAo\" class=\"ti-header-write-btn\" role=\"button\" aria-label=\"Escribe una rese\u00f1a a Google\" target=\"_blank\" rel=\"noopener\">Escribe una rese\u00f1a<\/a> <\/div>  <\/div> <\/div> <\/div> <div class=\"ti-reviews-container\"> <div class=\"ti-controls\"> <div class=\"ti-next\" aria-label=\"Siguiente rese\u00f1a\" role=\"button\" tabindex=\"0\"><\/div> <div class=\"ti-prev\" aria-label=\"Rese\u00f1a anterior\" role=\"button\" tabindex=\"0\"><\/div> <\/div> <div class=\"ti-reviews-container-wrapper\">  <div data-empty=\"0\" class=\"ti-review-item source-Google ti-image-layout-thumbnail\" data-id=\"cfcd208495d565ef66e7dff9f98764da\"> <div class=\"ti-inner\"> <div class=\"ti-review-header\"> <div class=\"ti-platform-icon ti-with-tooltip\"> <span class=\"ti-tooltip\">Publicado en <\/span> <trustindex-image data-imgurl=\"https:\/\/cdn.trustindex.io\/assets\/platform\/Google\/icon.svg\" alt=\"\" width=\"20\" height=\"20\" loading=\"lazy\"><\/trustindex-image> <\/div>  <div class=\"ti-profile-details\"> <div class=\"ti-name\"> Carlos Martin Subero <\/div> <div class=\"ti-date\">25 Abril 2025<\/div> <\/div> <\/div> <span class=\"ti-stars\"><trustindex-image class=\"ti-star\" data-imgurl=\"https:\/\/cdn.trustindex.io\/assets\/platform\/Google\/star\/f.svg\" alt=\"Google star 1\" width=\"17\" height=\"17\" loading=\"lazy\"><\/trustindex-image><trustindex-image class=\"ti-star\" data-imgurl=\"https:\/\/cdn.trustindex.io\/assets\/platform\/Google\/star\/f.svg\" alt=\"Google star 2\" width=\"17\" height=\"17\" loading=\"lazy\"><\/trustindex-image><trustindex-image class=\"ti-star\" data-imgurl=\"https:\/\/cdn.trustindex.io\/assets\/platform\/Google\/star\/f.svg\" alt=\"Google star 3\" width=\"17\" height=\"17\" loading=\"lazy\"><\/trustindex-image><trustindex-image class=\"ti-star\" data-imgurl=\"https:\/\/cdn.trustindex.io\/assets\/platform\/Google\/star\/f.svg\" alt=\"Google star 4\" width=\"17\" height=\"17\" loading=\"lazy\"><\/trustindex-image><trustindex-image class=\"ti-star\" data-imgurl=\"https:\/\/cdn.trustindex.io\/assets\/platform\/Google\/star\/f.svg\" alt=\"Google star 5\" width=\"17\" height=\"17\" loading=\"lazy\"><\/trustindex-image><\/span> <div class=\"ti-review-text-container ti-review-content\"><!-- R-CONTENT -->La experiencia no puede ser m\u00e1s  satisfactoria. Se trata de un centro donde se tratan las problem\u00e1ticas que podemos estar viviendo de un modo global y profundo. Muchas gracias!<!-- R-CONTENT --><\/div> <span class=\"ti-read-more\" data-container=\".ti-review-content\" data-collapse-text=\"Ocultar\" data-open-text=\"Leer m\u00e1s\"><\/span> <\/div> <\/div>  <div data-empty=\"0\" class=\"ti-review-item source-Google ti-image-layout-thumbnail\" data-id=\"cfcd208495d565ef66e7dff9f98764da\"> <div class=\"ti-inner\"> <div class=\"ti-review-header\"> <div class=\"ti-platform-icon ti-with-tooltip\"> <span class=\"ti-tooltip\">Publicado en <\/span> <trustindex-image data-imgurl=\"https:\/\/cdn.trustindex.io\/assets\/platform\/Google\/icon.svg\" alt=\"\" width=\"20\" height=\"20\" loading=\"lazy\"><\/trustindex-image> <\/div>  <div class=\"ti-profile-details\"> <div class=\"ti-name\"> maria pe\u00f1alva <\/div> <div class=\"ti-date\">27 Noviembre 2024<\/div> <\/div> <\/div> <span class=\"ti-stars\"><trustindex-image class=\"ti-star\" data-imgurl=\"https:\/\/cdn.trustindex.io\/assets\/platform\/Google\/star\/f.svg\" alt=\"Google star 1\" width=\"17\" height=\"17\" loading=\"lazy\"><\/trustindex-image><trustindex-image class=\"ti-star\" data-imgurl=\"https:\/\/cdn.trustindex.io\/assets\/platform\/Google\/star\/f.svg\" alt=\"Google star 2\" width=\"17\" height=\"17\" loading=\"lazy\"><\/trustindex-image><trustindex-image class=\"ti-star\" data-imgurl=\"https:\/\/cdn.trustindex.io\/assets\/platform\/Google\/star\/f.svg\" alt=\"Google star 3\" width=\"17\" height=\"17\" loading=\"lazy\"><\/trustindex-image><trustindex-image class=\"ti-star\" data-imgurl=\"https:\/\/cdn.trustindex.io\/assets\/platform\/Google\/star\/f.svg\" alt=\"Google star 4\" width=\"17\" height=\"17\" loading=\"lazy\"><\/trustindex-image><trustindex-image class=\"ti-star\" data-imgurl=\"https:\/\/cdn.trustindex.io\/assets\/platform\/Google\/star\/f.svg\" alt=\"Google star 5\" width=\"17\" height=\"17\" loading=\"lazy\"><\/trustindex-image><\/span> <div class=\"ti-review-text-container ti-review-content\"><!-- R-CONTENT -->Ha sido una experiencia muy satisfactoria. Los profesionales son estupendos, siempre han respetado el ritmo que yo marcaba durante las sesiones. Un placer, gracias.<!-- R-CONTENT --><\/div> <span class=\"ti-read-more\" data-container=\".ti-review-content\" data-collapse-text=\"Ocultar\" data-open-text=\"Leer m\u00e1s\"><\/span> <\/div> <\/div>  <div data-empty=\"0\" class=\"ti-review-item source-Google ti-image-layout-thumbnail\" data-id=\"cfcd208495d565ef66e7dff9f98764da\"> <div class=\"ti-inner\"> <div class=\"ti-review-header\"> <div class=\"ti-platform-icon ti-with-tooltip\"> <span class=\"ti-tooltip\">Publicado en <\/span> <trustindex-image data-imgurl=\"https:\/\/cdn.trustindex.io\/assets\/platform\/Google\/icon.svg\" alt=\"\" width=\"20\" height=\"20\" loading=\"lazy\"><\/trustindex-image> <\/div>  <div class=\"ti-profile-details\"> <div class=\"ti-name\"> ana bayano <\/div> <div class=\"ti-date\">20 Noviembre 2024<\/div> <\/div> <\/div> <span class=\"ti-stars\"><trustindex-image class=\"ti-star\" data-imgurl=\"https:\/\/cdn.trustindex.io\/assets\/platform\/Google\/star\/f.svg\" alt=\"Google star 1\" width=\"17\" height=\"17\" loading=\"lazy\"><\/trustindex-image><trustindex-image class=\"ti-star\" data-imgurl=\"https:\/\/cdn.trustindex.io\/assets\/platform\/Google\/star\/f.svg\" alt=\"Google star 2\" width=\"17\" height=\"17\" loading=\"lazy\"><\/trustindex-image><trustindex-image class=\"ti-star\" data-imgurl=\"https:\/\/cdn.trustindex.io\/assets\/platform\/Google\/star\/f.svg\" alt=\"Google star 3\" width=\"17\" height=\"17\" loading=\"lazy\"><\/trustindex-image><trustindex-image class=\"ti-star\" data-imgurl=\"https:\/\/cdn.trustindex.io\/assets\/platform\/Google\/star\/f.svg\" alt=\"Google star 4\" width=\"17\" height=\"17\" loading=\"lazy\"><\/trustindex-image><trustindex-image class=\"ti-star\" data-imgurl=\"https:\/\/cdn.trustindex.io\/assets\/platform\/Google\/star\/f.svg\" alt=\"Google star 5\" width=\"17\" height=\"17\" loading=\"lazy\"><\/trustindex-image><\/span> <div class=\"ti-review-text-container ti-review-content\"><!-- R-CONTENT -->Excelentes profesionales.<!-- R-CONTENT --><\/div> <span class=\"ti-read-more\" data-container=\".ti-review-content\" data-collapse-text=\"Ocultar\" data-open-text=\"Leer m\u00e1s\"><\/span> <\/div> <\/div>  <div data-empty=\"0\" class=\"ti-review-item source-Google ti-image-layout-thumbnail\" data-id=\"cfcd208495d565ef66e7dff9f98764da\"> <div class=\"ti-inner\"> <div class=\"ti-review-header\"> <div class=\"ti-platform-icon ti-with-tooltip\"> <span class=\"ti-tooltip\">Publicado en <\/span> <trustindex-image data-imgurl=\"https:\/\/cdn.trustindex.io\/assets\/platform\/Google\/icon.svg\" alt=\"\" width=\"20\" height=\"20\" loading=\"lazy\"><\/trustindex-image> <\/div>  <div class=\"ti-profile-details\"> <div class=\"ti-name\"> Javier Rouces De Vega <\/div> <div class=\"ti-date\">2 Noviembre 2024<\/div> <\/div> <\/div> <span class=\"ti-stars\"><trustindex-image class=\"ti-star\" data-imgurl=\"https:\/\/cdn.trustindex.io\/assets\/platform\/Google\/star\/f.svg\" alt=\"Google star 1\" width=\"17\" height=\"17\" loading=\"lazy\"><\/trustindex-image><trustindex-image class=\"ti-star\" data-imgurl=\"https:\/\/cdn.trustindex.io\/assets\/platform\/Google\/star\/f.svg\" alt=\"Google star 2\" width=\"17\" height=\"17\" loading=\"lazy\"><\/trustindex-image><trustindex-image class=\"ti-star\" data-imgurl=\"https:\/\/cdn.trustindex.io\/assets\/platform\/Google\/star\/f.svg\" alt=\"Google star 3\" width=\"17\" height=\"17\" loading=\"lazy\"><\/trustindex-image><trustindex-image class=\"ti-star\" data-imgurl=\"https:\/\/cdn.trustindex.io\/assets\/platform\/Google\/star\/f.svg\" alt=\"Google star 4\" width=\"17\" height=\"17\" loading=\"lazy\"><\/trustindex-image><trustindex-image class=\"ti-star\" data-imgurl=\"https:\/\/cdn.trustindex.io\/assets\/platform\/Google\/star\/f.svg\" alt=\"Google star 5\" width=\"17\" height=\"17\" loading=\"lazy\"><\/trustindex-image><\/span> <div class=\"ti-review-text-container ti-review-content\"><!-- R-CONTENT -->La atenci\u00f3n extraordinaria. Muy buenos profesionales, me ayudaron mucho y sal\u00ed muy contento del trato q me dieron. Lo recomiendo a todo el mundo<!-- R-CONTENT --><\/div> <span class=\"ti-read-more\" data-container=\".ti-review-content\" data-collapse-text=\"Ocultar\" data-open-text=\"Leer m\u00e1s\"><\/span> <\/div> <\/div>  <div data-empty=\"0\" class=\"ti-review-item source-Google ti-image-layout-thumbnail\" data-id=\"cfcd208495d565ef66e7dff9f98764da\"> <div class=\"ti-inner\"> <div class=\"ti-review-header\"> <div class=\"ti-platform-icon ti-with-tooltip\"> <span class=\"ti-tooltip\">Publicado en <\/span> <trustindex-image data-imgurl=\"https:\/\/cdn.trustindex.io\/assets\/platform\/Google\/icon.svg\" alt=\"\" width=\"20\" height=\"20\" loading=\"lazy\"><\/trustindex-image> <\/div>  <div class=\"ti-profile-details\"> <div class=\"ti-name\"> Jessica Alcantara <\/div> <div class=\"ti-date\">2 Noviembre 2024<\/div> <\/div> <\/div> <span class=\"ti-stars\"><trustindex-image class=\"ti-star\" data-imgurl=\"https:\/\/cdn.trustindex.io\/assets\/platform\/Google\/star\/f.svg\" alt=\"Google star 1\" width=\"17\" height=\"17\" loading=\"lazy\"><\/trustindex-image><trustindex-image class=\"ti-star\" data-imgurl=\"https:\/\/cdn.trustindex.io\/assets\/platform\/Google\/star\/f.svg\" alt=\"Google star 2\" width=\"17\" height=\"17\" loading=\"lazy\"><\/trustindex-image><trustindex-image class=\"ti-star\" data-imgurl=\"https:\/\/cdn.trustindex.io\/assets\/platform\/Google\/star\/f.svg\" alt=\"Google star 3\" width=\"17\" height=\"17\" loading=\"lazy\"><\/trustindex-image><trustindex-image class=\"ti-star\" data-imgurl=\"https:\/\/cdn.trustindex.io\/assets\/platform\/Google\/star\/f.svg\" alt=\"Google star 4\" width=\"17\" height=\"17\" loading=\"lazy\"><\/trustindex-image><trustindex-image class=\"ti-star\" data-imgurl=\"https:\/\/cdn.trustindex.io\/assets\/platform\/Google\/star\/f.svg\" alt=\"Google star 5\" width=\"17\" height=\"17\" loading=\"lazy\"><\/trustindex-image><\/span> <div class=\"ti-review-text-container ti-review-content\"><!-- R-CONTENT -->Excelentes profesionales \ud83d\udc4f<!-- R-CONTENT --><\/div> <span class=\"ti-read-more\" data-container=\".ti-review-content\" data-collapse-text=\"Ocultar\" data-open-text=\"Leer m\u00e1s\"><\/span> <\/div> <\/div>  <div data-empty=\"0\" class=\"ti-review-item source-Google ti-image-layout-thumbnail\" data-id=\"cfcd208495d565ef66e7dff9f98764da\"> <div class=\"ti-inner\"> <div class=\"ti-review-header\"> <div class=\"ti-platform-icon ti-with-tooltip\"> <span class=\"ti-tooltip\">Publicado en <\/span> <trustindex-image data-imgurl=\"https:\/\/cdn.trustindex.io\/assets\/platform\/Google\/icon.svg\" alt=\"\" width=\"20\" height=\"20\" loading=\"lazy\"><\/trustindex-image> <\/div>  <div class=\"ti-profile-details\"> <div class=\"ti-name\"> Leo DV <\/div> <div class=\"ti-date\">1 Noviembre 2024<\/div> <\/div> <\/div> <span class=\"ti-stars\"><trustindex-image class=\"ti-star\" data-imgurl=\"https:\/\/cdn.trustindex.io\/assets\/platform\/Google\/star\/f.svg\" alt=\"Google star 1\" width=\"17\" height=\"17\" loading=\"lazy\"><\/trustindex-image><trustindex-image class=\"ti-star\" data-imgurl=\"https:\/\/cdn.trustindex.io\/assets\/platform\/Google\/star\/f.svg\" alt=\"Google star 2\" width=\"17\" height=\"17\" loading=\"lazy\"><\/trustindex-image><trustindex-image class=\"ti-star\" data-imgurl=\"https:\/\/cdn.trustindex.io\/assets\/platform\/Google\/star\/f.svg\" alt=\"Google star 3\" width=\"17\" height=\"17\" loading=\"lazy\"><\/trustindex-image><trustindex-image class=\"ti-star\" data-imgurl=\"https:\/\/cdn.trustindex.io\/assets\/platform\/Google\/star\/f.svg\" alt=\"Google star 4\" width=\"17\" height=\"17\" loading=\"lazy\"><\/trustindex-image><trustindex-image class=\"ti-star\" data-imgurl=\"https:\/\/cdn.trustindex.io\/assets\/platform\/Google\/star\/f.svg\" alt=\"Google star 5\" width=\"17\" height=\"17\" loading=\"lazy\"><\/trustindex-image><\/span> <div class=\"ti-review-text-container ti-review-content\"><!-- R-CONTENT -->Buen servicio en general, espec\u00edficamente en el trato del personal<!-- R-CONTENT --><\/div> <span class=\"ti-read-more\" data-container=\".ti-review-content\" data-collapse-text=\"Ocultar\" data-open-text=\"Leer m\u00e1s\"><\/span> <\/div> <\/div>  <\/div> <div class=\"ti-controls-line\"> <div class=\"dot\"><\/div> <\/div>   <\/div> <\/div> <\/div> <\/template><\/pre><div data-src=\"https:\/\/cdn.trustindex.io\/loader.js?wp-widget\" data-template-id=\"trustindex-google-widget-html\" data-css-url=\"https:\/\/cebie.es\/Staging\/wp-content\/uploads\/trustindex-google-widget.css?1774444781\"><\/div><div class=\"fusion-clearfix\"><\/div><\/div><\/div><\/div><\/div><div class=\"fusion-fullwidth fullwidth-box fusion-builder-row-13 fusion-flex-container has-pattern-background has-mask-background nonhundred-percent-fullwidth non-hundred-percent-height-scrolling\" style=\"--awb-border-radius-top-left:0px;--awb-border-radius-top-right:0px;--awb-border-radius-bottom-right:0px;--awb-border-radius-bottom-left:0px;--awb-padding-top:50px;--awb-padding-bottom:20px;--awb-margin-bottom:50px;--awb-background-color:#ffffff;--awb-flex-wrap:wrap;\" ><div class=\"fusion-builder-row fusion-row fusion-flex-align-items-stretch fusion-flex-content-wrap\" style=\"max-width:1216.8px;margin-left: calc(-4% \/ 2 );margin-right: calc(-4% \/ 2 );\"><div class=\"fusion-layout-column fusion_builder_column fusion-builder-column-31 fusion_builder_column_1_1 1_1 fusion-flex-column\" style=\"--awb-bg-size:cover;--awb-width-large:100%;--awb-margin-top-large:0px;--awb-spacing-right-large:1.92%;--awb-margin-bottom-large:30px;--awb-spacing-left-large:1.92%;--awb-width-medium:100%;--awb-order-medium:0;--awb-spacing-right-medium:1.92%;--awb-spacing-left-medium:1.92%;--awb-width-small:100%;--awb-order-small:0;--awb-spacing-right-small:1.92%;--awb-spacing-left-small:1.92%;\"><div class=\"fusion-column-wrapper fusion-column-has-shadow fusion-flex-justify-content-flex-start fusion-content-layout-column\"><div class=\"fusion-title title fusion-title-16 fusion-sep-none fusion-title-text fusion-title-size-one\" style=\"--awb-margin-top-small:10px;--awb-margin-right-small:0px;--awb-margin-bottom-small:10px;--awb-margin-left-small:0px;\"><h1 class=\"fusion-title-heading title-heading-left fusion-responsive-typography-calculated\" style=\"margin:0;--fontSize:50;line-height:1.2;\"><h2 style=\"text-align: center;\">El proceso para iniciar tu terapia psicol\u00f3gica<\/h2><\/h1><\/div><\/div><\/div><div class=\"fusion-layout-column fusion_builder_column fusion-builder-column-32 fusion_builder_column_1_3 1_3 fusion-flex-column fusion-flex-align-self-stretch\" style=\"--awb-padding-top:30px;--awb-padding-right:30px;--awb-padding-bottom:30px;--awb-padding-left:30px;--awb-bg-color:#f4f4f4;--awb-bg-color-hover:#f4f4f4;--awb-bg-size:cover;--awb-width-large:33.333333333333%;--awb-margin-top-large:0px;--awb-spacing-right-large:5.76%;--awb-margin-bottom-large:30px;--awb-spacing-left-large:5.76%;--awb-width-medium:100%;--awb-order-medium:0;--awb-spacing-right-medium:1.92%;--awb-spacing-left-medium:1.92%;--awb-width-small:100%;--awb-order-small:0;--awb-spacing-right-small:1.92%;--awb-spacing-left-small:1.92%;\" data-scroll-devices=\"small-visibility,medium-visibility,large-visibility\"><div class=\"fusion-column-wrapper fusion-column-has-shadow fusion-flex-justify-content-flex-start fusion-content-layout-column\"><i class=\"fb-icon-element-7 fb-icon-element fontawesome-icon fa-phone fas circle-yes\" style=\"--awb-circlebordersize:1px;--awb-font-size:22px;--awb-width:44px;--awb-height:44px;--awb-line-height:42px;--awb-margin-top:0;--awb-margin-right:12.5px;--awb-margin-bottom:0;--awb-margin-left:0;--awb-align-self:flex-start;\"><\/i><div class=\"fusion-text fusion-text-30\" style=\"--awb-content-alignment:left;--awb-line-height:1.2em;--awb-margin-top:20px;\"><p><span style=\"font-size: 18pt;\"><strong>Habla con nosotros<\/strong><\/span><\/p>\n<\/div><div class=\"fusion-text fusion-text-31\" style=\"--awb-line-height:1.2em;--awb-margin-top:20px;\"><p>El primer paso es hablar con nosotros. Puedes contactarnos y compartir las razones que te llevan a buscar apoyo psicol\u00f3gico. Te escucharemos y resolveremos cualquier duda sobre el proceso terap\u00e9utico.<\/p>\n<\/div><\/div><\/div><div class=\"fusion-layout-column fusion_builder_column fusion-builder-column-33 fusion_builder_column_1_3 1_3 fusion-flex-column fusion-flex-align-self-stretch\" style=\"--awb-padding-top:30px;--awb-padding-right:30px;--awb-padding-bottom:30px;--awb-padding-left:30px;--awb-bg-color:#f4f4f4;--awb-bg-color-hover:#f4f4f4;--awb-bg-size:cover;--awb-width-large:33.333333333333%;--awb-margin-top-large:0px;--awb-spacing-right-large:5.76%;--awb-margin-bottom-large:30px;--awb-spacing-left-large:5.76%;--awb-width-medium:100%;--awb-order-medium:0;--awb-spacing-right-medium:1.92%;--awb-spacing-left-medium:1.92%;--awb-width-small:100%;--awb-order-small:0;--awb-spacing-right-small:1.92%;--awb-spacing-left-small:1.92%;\" data-scroll-devices=\"small-visibility,medium-visibility,large-visibility\"><div class=\"fusion-column-wrapper fusion-column-has-shadow fusion-flex-justify-content-flex-start fusion-content-layout-column\"><i class=\"fb-icon-element-8 fb-icon-element fontawesome-icon fa-user-friends fas circle-yes\" style=\"--awb-circlebordersize:1px;--awb-font-size:22px;--awb-width:44px;--awb-height:44px;--awb-line-height:42px;--awb-margin-top:0;--awb-margin-right:12.5px;--awb-margin-bottom:0;--awb-margin-left:0;--awb-align-self:flex-start;\"><\/i><div class=\"fusion-text fusion-text-32\" style=\"--awb-content-alignment:left;--awb-line-height:1.2em;--awb-margin-top:20px;\"><p><span style=\"font-size: 18pt;\"><strong>Primera sesi\u00f3n<\/strong><\/span><\/p>\n<\/div><div class=\"fusion-text fusion-text-33\" style=\"--awb-line-height:1.2em;--awb-margin-top:20px;\"><p>En tu primera cita, ser\u00e1s recibido por la psic\u00f3loga y terapeuta m\u00e1s adecuada para ti.<\/p>\n<p>Abriremos tu historial cl\u00ednico, hablaremos sobre la privacidad y la confidencialidad de las sesiones y daremos inicio a un espacio de trabajo terap\u00e9utico donde podr\u00e1s expresarte con total libertad.<\/p>\n<\/div><\/div><\/div><div class=\"fusion-layout-column fusion_builder_column fusion-builder-column-34 fusion_builder_column_1_3 1_3 fusion-flex-column fusion-flex-align-self-stretch\" style=\"--awb-padding-top:30px;--awb-padding-right:30px;--awb-padding-bottom:30px;--awb-padding-left:30px;--awb-bg-color:#f4f4f4;--awb-bg-color-hover:#f4f4f4;--awb-bg-size:cover;--awb-width-large:33.333333333333%;--awb-margin-top-large:0px;--awb-spacing-right-large:5.76%;--awb-margin-bottom-large:30px;--awb-spacing-left-large:5.76%;--awb-width-medium:100%;--awb-order-medium:0;--awb-spacing-right-medium:1.92%;--awb-spacing-left-medium:1.92%;--awb-width-small:100%;--awb-order-small:0;--awb-spacing-right-small:1.92%;--awb-spacing-left-small:1.92%;\" data-scroll-devices=\"small-visibility,medium-visibility,large-visibility\"><div class=\"fusion-column-wrapper fusion-column-has-shadow fusion-flex-justify-content-flex-start fusion-content-layout-column\"><i class=\"fb-icon-element-9 fb-icon-element fontawesome-icon fa-check-circle fas circle-yes\" style=\"--awb-circlebordersize:1px;--awb-font-size:22px;--awb-width:44px;--awb-height:44px;--awb-line-height:42px;--awb-margin-top:0;--awb-margin-right:12.5px;--awb-margin-bottom:0;--awb-margin-left:0;--awb-align-self:flex-start;\"><\/i><div class=\"fusion-text fusion-text-34\" style=\"--awb-content-alignment:left;--awb-line-height:1.2em;--awb-margin-top:20px;\"><p><span style=\"font-size: 18pt;\"><strong>Escucha activa<\/strong><\/span><\/p>\n<\/div><div class=\"fusion-text fusion-text-35\" style=\"--awb-line-height:1.2em;--awb-margin-top:20px;\"><p>A lo largo de las sesiones, exploraremos en profundidad los motivos que te han tra\u00eddo a terapia, comprendiendo su impacto en tu vida y estableciendo un marco de trabajo orientado a la transformaci\u00f3n personal.<\/p>\n<\/div><\/div><\/div><div class=\"fusion-layout-column fusion_builder_column fusion-builder-column-35 fusion_builder_column_1_3 1_3 fusion-flex-column fusion-flex-align-self-stretch\" style=\"--awb-padding-top:30px;--awb-padding-right:30px;--awb-padding-bottom:30px;--awb-padding-left:30px;--awb-bg-color:#f4f4f4;--awb-bg-color-hover:#f4f4f4;--awb-bg-size:cover;--awb-width-large:33.333333333333%;--awb-margin-top-large:0px;--awb-spacing-right-large:5.76%;--awb-margin-bottom-large:30px;--awb-spacing-left-large:5.76%;--awb-width-medium:100%;--awb-order-medium:0;--awb-spacing-right-medium:1.92%;--awb-spacing-left-medium:1.92%;--awb-width-small:100%;--awb-order-small:0;--awb-spacing-right-small:1.92%;--awb-spacing-left-small:1.92%;\" data-scroll-devices=\"small-visibility,medium-visibility,large-visibility\"><div class=\"fusion-column-wrapper fusion-column-has-shadow fusion-flex-justify-content-flex-start fusion-content-layout-column\"><i class=\"fb-icon-element-10 fb-icon-element fontawesome-icon fa-comments fas circle-yes\" style=\"--awb-circlebordersize:1px;--awb-font-size:22px;--awb-width:44px;--awb-height:44px;--awb-line-height:42px;--awb-margin-top:0;--awb-margin-right:12.5px;--awb-margin-bottom:0;--awb-margin-left:0;--awb-align-self:flex-start;\"><\/i><div class=\"fusion-text fusion-text-36\" style=\"--awb-content-alignment:left;--awb-line-height:1.2em;--awb-margin-top:20px;\"><p><span style=\"font-size: 18pt;\"><strong>Intervenci\u00f3n terap\u00e9utica<\/strong><\/span><\/p>\n<\/div><div class=\"fusion-text fusion-text-37\" style=\"--awb-line-height:1.2em;--awb-margin-top:20px;\"><p>Cada sesi\u00f3n ser\u00e1 un espacio de an\u00e1lisis y reflexi\u00f3n, donde trabajaremos sobre las experiencias, pensamientos y emociones que configuran tu malestar, ayud\u00e1ndote a darles un nuevo significado y a encontrar recursos internos para poderlas afrontar.<\/p>\n<\/div><\/div><\/div><div class=\"fusion-layout-column fusion_builder_column fusion-builder-column-36 fusion_builder_column_1_3 1_3 fusion-flex-column fusion-flex-align-self-stretch\" style=\"--awb-padding-top:30px;--awb-padding-right:30px;--awb-padding-bottom:30px;--awb-padding-left:30px;--awb-bg-color:#f4f4f4;--awb-bg-color-hover:#f4f4f4;--awb-bg-size:cover;--awb-width-large:33.333333333333%;--awb-margin-top-large:0px;--awb-spacing-right-large:5.76%;--awb-margin-bottom-large:30px;--awb-spacing-left-large:5.76%;--awb-width-medium:100%;--awb-order-medium:0;--awb-spacing-right-medium:1.92%;--awb-spacing-left-medium:1.92%;--awb-width-small:100%;--awb-order-small:0;--awb-spacing-right-small:1.92%;--awb-spacing-left-small:1.92%;\" data-scroll-devices=\"small-visibility,medium-visibility,large-visibility\"><div class=\"fusion-column-wrapper fusion-column-has-shadow fusion-flex-justify-content-flex-start fusion-content-layout-column\"><i class=\"fb-icon-element-11 fb-icon-element fontawesome-icon fa-brain fas circle-yes\" style=\"--awb-circlebordersize:1px;--awb-font-size:22px;--awb-width:44px;--awb-height:44px;--awb-line-height:42px;--awb-margin-top:0;--awb-margin-right:12.5px;--awb-margin-bottom:0;--awb-margin-left:0;--awb-align-self:flex-start;\"><\/i><div class=\"fusion-text fusion-text-38\" style=\"--awb-content-alignment:left;--awb-line-height:1.2em;--awb-margin-top:20px;\"><p><span style=\"font-size: 18pt;\"><strong style=\"font-size: 18pt;\">Enfoque Integral<\/strong><\/span><\/p>\n<\/div><div class=\"fusion-text fusion-text-39\" style=\"--awb-line-height:1.2em;--awb-margin-top:20px;\"><p>Nuestro trabajo no se limita a la reducci\u00f3n de s\u00edntomas, o manifestaciones conductuales. En CEBIE abordamos la psicoterapia desde una perspectiva cognitiva, afectiva y som\u00e1tica, considerando la singularidad de cada persona y su propia historia personal. Es un abordaje integral.<\/p>\n<\/div><\/div><\/div><div class=\"fusion-layout-column fusion_builder_column fusion-builder-column-37 fusion_builder_column_1_3 1_3 fusion-flex-column fusion-flex-align-self-stretch\" style=\"--awb-padding-top:30px;--awb-padding-right:30px;--awb-padding-bottom:30px;--awb-padding-left:30px;--awb-bg-color:#f4f4f4;--awb-bg-color-hover:#f4f4f4;--awb-bg-size:cover;--awb-width-large:33.333333333333%;--awb-margin-top-large:0px;--awb-spacing-right-large:5.76%;--awb-margin-bottom-large:30px;--awb-spacing-left-large:5.76%;--awb-width-medium:100%;--awb-order-medium:0;--awb-spacing-right-medium:1.92%;--awb-spacing-left-medium:1.92%;--awb-width-small:100%;--awb-order-small:0;--awb-spacing-right-small:1.92%;--awb-spacing-left-small:1.92%;\" data-scroll-devices=\"small-visibility,medium-visibility,large-visibility\"><div class=\"fusion-column-wrapper fusion-column-has-shadow fusion-flex-justify-content-flex-start fusion-content-layout-column\"><i class=\"fb-icon-element-12 fb-icon-element fontawesome-icon fa-hands fas circle-yes\" style=\"--awb-circlebordersize:1px;--awb-font-size:22px;--awb-width:44px;--awb-height:44px;--awb-line-height:42px;--awb-margin-top:0;--awb-margin-right:12.5px;--awb-margin-bottom:0;--awb-margin-left:0;--awb-align-self:flex-start;\"><\/i><div class=\"fusion-text fusion-text-40\" style=\"--awb-content-alignment:left;--awb-line-height:1.2em;--awb-margin-top:20px;\"><p><span style=\"font-size: 18pt;\"><strong>Entorno seguro<\/strong><\/span><\/p>\n<\/div><div class=\"fusion-text fusion-text-41\" style=\"--awb-line-height:1.2em;--awb-margin-top:20px;\"><p>La confianza, el respeto y la escucha son los pilares fundamentales de nuestro trabajo. Queremos que encuentres un entorno seguro donde puedas explorar con libertad tus emociones y avanzar hacia tu bienestar emocional.<\/p>\n<\/div><\/div><\/div><div class=\"fusion-layout-column fusion_builder_column fusion-builder-column-38 fusion_builder_column_1_1 1_1 fusion-flex-column\" style=\"--awb-bg-size:cover;--awb-width-large:100%;--awb-margin-top-large:0px;--awb-spacing-right-large:1.92%;--awb-margin-bottom-large:30px;--awb-spacing-left-large:1.92%;--awb-width-medium:100%;--awb-order-medium:0;--awb-spacing-right-medium:1.92%;--awb-spacing-left-medium:1.92%;--awb-width-small:100%;--awb-order-small:0;--awb-spacing-right-small:1.92%;--awb-spacing-left-small:1.92%;\"><div class=\"fusion-column-wrapper fusion-column-has-shadow fusion-flex-justify-content-flex-start fusion-content-layout-column\"><div style=\"text-align:center;\"><a class=\"fusion-button button-flat fusion-button-default-size button-default fusion-button-default button-17 fusion-button-span-no fusion-button-default-type\" style=\"--button_margin-top:50px;\" target=\"_self\" href=\"https:\/\/api.whatsapp.com\/send\/?phone=34636016783&amp;text&amp;type=phone_number&amp;app_absent=0\" rel=\"nofollow noopener\"><span class=\"fusion-button-text awb-button__text awb-button__text--default\">Com\u00e9ntanos tu caso<\/span><i class=\"fa-whatsapp fab awb-button__icon awb-button__icon--default button-icon-right\" aria-hidden=\"true\"><\/i><\/a><\/div><\/div><\/div><\/div><\/div><div class=\"fusion-fullwidth fullwidth-box fusion-builder-row-14 fusion-flex-container has-pattern-background has-mask-background nonhundred-percent-fullwidth non-hundred-percent-height-scrolling\" style=\"--awb-border-radius-top-left:0px;--awb-border-radius-top-right:0px;--awb-border-radius-bottom-right:0px;--awb-border-radius-bottom-left:0px;--awb-padding-top:95px;--awb-padding-bottom:50px;--awb-flex-wrap:wrap;\" ><div class=\"fusion-builder-row fusion-row fusion-flex-align-items-flex-start fusion-flex-content-wrap\" style=\"max-width:1216.8px;margin-left: calc(-4% \/ 2 );margin-right: calc(-4% \/ 2 );\"><div class=\"fusion-layout-column fusion_builder_column fusion-builder-column-39 fusion_builder_column_1_1 1_1 fusion-flex-column\" style=\"--awb-bg-size:cover;--awb-width-large:100%;--awb-margin-top-large:0px;--awb-spacing-right-large:1.92%;--awb-margin-bottom-large:30px;--awb-spacing-left-large:1.92%;--awb-width-medium:100%;--awb-order-medium:0;--awb-spacing-right-medium:1.92%;--awb-spacing-left-medium:1.92%;--awb-width-small:100%;--awb-order-small:0;--awb-spacing-right-small:1.92%;--awb-spacing-left-small:1.92%;\"><div class=\"fusion-column-wrapper fusion-column-has-shadow fusion-flex-justify-content-flex-start fusion-content-layout-column\"><div class=\"fusion-title title fusion-title-17 fusion-sep-none fusion-title-text fusion-title-size-two\" style=\"--awb-margin-top-small:10px;--awb-margin-right-small:0px;--awb-margin-bottom-small:10px;--awb-margin-left-small:0px;--awb-font-size:24px;\"><h2 class=\"fusion-title-heading title-heading-left fusion-responsive-typography-calculated\" style=\"margin:0;font-size:1em;--fontSize:24;--minFontSize:24;line-height:1.2;\"><p style=\"text-align: center;\">\u00bfBuscas psic\u00f3logos en Logro\u00f1o y a\u00fan tienes dudas?<\/p><\/h2><\/div><div class=\"fusion-title title fusion-title-18 fusion-sep-none fusion-title-text fusion-title-size-three\" style=\"--awb-margin-top:20px;--awb-margin-bottom:40px;--awb-margin-top-small:10px;--awb-margin-right-small:0px;--awb-margin-bottom-small:10px;--awb-margin-left-small:0px;\"><h3 class=\"fusion-title-heading title-heading-left fusion-responsive-typography-calculated\" style=\"margin:0;--fontSize:35;line-height:1.2;\"><p style=\"text-align: center;\">Resolvemos las preguntas frecuentes de nuestros\u00a0 pacientes<\/p><\/h3><\/div><div class=\"accordian fusion-accordian\" style=\"--awb-border-size:1px;--awb-icon-size:16px;--awb-content-font-size:17px;--awb-icon-alignment:left;--awb-hover-color:var(--awb-color2);--awb-border-color:var(--awb-color3);--awb-background-color:var(--awb-color1);--awb-divider-color:#e0dede;--awb-divider-hover-color:#e0dede;--awb-icon-color:var(--awb-color1);--awb-title-color:#2b2b2b;--awb-content-color:#7e8890;--awb-icon-box-color:#333333;--awb-toggle-hover-accent-color:var(--awb-color4);--awb-toggle-active-accent-color:var(--awb-color3);--awb-title-font-family:&quot;Source Sans Pro&quot;;--awb-title-font-weight:300;--awb-title-font-style:normal;--awb-title-font-size:20px;--awb-content-font-family:&quot;Source Sans Pro&quot;;--awb-content-font-style:normal;--awb-content-font-weight:300;\"><div class=\"panel-group fusion-toggle-icon-boxed\" id=\"accordion-2167-1\"><div class=\"fusion-panel panel-default panel-990287ed7c2678c90 fusion-toggle-no-divider fusion-toggle-boxed-mode\" style=\"--awb-title-color:#2b2b2b;--awb-content-color:#7e8890;\"><div class=\"panel-heading\"><h3 class=\"panel-title toggle\" id=\"toggle_990287ed7c2678c90\"><a aria-expanded=\"false\" aria-controls=\"990287ed7c2678c90\" role=\"button\" data-toggle=\"collapse\" data-parent=\"#accordion-2167-1\" data-target=\"#990287ed7c2678c90\" href=\"#990287ed7c2678c90\"><span class=\"fusion-toggle-icon-wrapper\" aria-hidden=\"true\"><i class=\"fa-fusion-box active-icon fa-angle-up fas\" aria-hidden=\"true\"><\/i><i class=\"fa-fusion-box inactive-icon fa-angle-down fas\" aria-hidden=\"true\"><\/i><\/span><span class=\"fusion-toggle-heading\">\u00bfCu\u00e1ndo es el momento adecuado para acudir a vuestro centro de psicolog\u00eda en Logro\u00f1o?<\/span><\/a><\/h3><\/div><div id=\"990287ed7c2678c90\" class=\"panel-collapse collapse \" aria-labelledby=\"toggle_990287ed7c2678c90\"><div class=\"panel-body toggle-content fusion-clearfix\">\n<p>Siempre solemos decir a nuestros pacientes que la medida para saber cu\u00e1ndo acudir al especialista en salud mental o al Terapeuta es <strong>cuando tienes problemas y solo no los puedes resolver<\/strong>. Entonces es momento de solicitar ayuda y dejar de lado nuestro narcisismo, o ideas de que \u00abnosotros solos podemos\u00bb. Recuerda que <strong>no vale la pena continuar y seguir sufriendo cuando con una ayuda profesional las puedes superar evit\u00e1ndote mayores malestares<\/strong>. Es bueno empezar a cuidar nuestras emociones, nuestra mente. Nos falta aprender a comprender y atenderla por falta de conocimiento. Debes saber que as\u00ed como el cuerpo enferma, tambi\u00e9n nuestra mente adolece y enferma. Eso no es delito, ni tenemos que ocultarlo o sentirnos mal ni despreciados por la sociedad.<\/p>\n<p>\u00bfTe has dado cuenta de que cuando tienes problemas f\u00edsicos ya has interiorizado y sabes que debes acudir al m\u00e9dico para que te curen? Pues lo mismo debes hacer cuando tus sentimientos van mal, o estamos deca\u00eddos, sin saber qu\u00e9 hacer. \u00bfPor qu\u00e9 vas a seguir temiendo ir al psic\u00f3logo o al terapeuta? Rompe ese temor y el recelo que te asalta. No pienses como antes se cre\u00eda: \u201cpsic\u00f3logo no, no estoy loco, eso es para los loqueros\u201d. Recuerda que ese dicho no es real. <strong>Es mejor prevenir y acudir a la consulta psicol\u00f3gica antes que se desarrollen cuadros muy complejos del tipo depresi\u00f3n, estr\u00e9s, ansiedad, obsesi\u00f3n, fobia o la psicosis.<\/strong><\/p>\n<p><span style=\"font-size: 14pt;\">Te vamos a dar un ejemplo cotidiano de cu\u00e1ndo solicitar ayuda profesional:<\/span><\/p>\n<p>Las circunstancias econ\u00f3micas que estamos viviendo est\u00e1n generando en el interior de las familias conflictos en las relaciones interpersonales producto del estr\u00e9s y la ansiedad que genera la p\u00e9rdida del trabajo. Esta situaci\u00f3n desencadena estados emocionales que van desde una preocupaci\u00f3n profunda acompa\u00f1ada de malestar, que cada vez se agudiza, hasta la irritabilidad, angustia, p\u00e9rdida de sue\u00f1o, ansiedad, depresi\u00f3n y en muchos casos el aislamiento, hundi\u00e9ndose cada vez m\u00e1s en el sufrimiento. En otros casos se dan peleas constantes, sobre todo en las parejas (recordemos que con el estr\u00e9s se pierde la capacidad de di\u00e1logo y de comunicaci\u00f3n). Es en este momento que se necesita la ayuda del especialista para procesar lo que internamente te est\u00e1 aconteciendo. El poder hablar ayuda a pensar, y es ah\u00ed donde creativamente podemos encontrar alternativas de soluci\u00f3n.<\/p>\n<p><span style=\"font-size: 14pt;\">Nuestra mente es el motor que dirige toda nuestra vida y es importante que estemos bien para salir adelante.<\/span><\/p>\n<\/div><\/div><\/div><div class=\"fusion-panel panel-default panel-d92f043848b7741b0 fusion-toggle-no-divider fusion-toggle-boxed-mode\" style=\"--awb-title-color:#2b2b2b;--awb-content-color:#7e8890;\"><div class=\"panel-heading\"><h3 class=\"panel-title toggle\" id=\"toggle_d92f043848b7741b0\"><a aria-expanded=\"false\" aria-controls=\"d92f043848b7741b0\" role=\"button\" data-toggle=\"collapse\" data-parent=\"#accordion-2167-1\" data-target=\"#d92f043848b7741b0\" href=\"#d92f043848b7741b0\"><span class=\"fusion-toggle-icon-wrapper\" aria-hidden=\"true\"><i class=\"fa-fusion-box active-icon fa-angle-up fas\" aria-hidden=\"true\"><\/i><i class=\"fa-fusion-box inactive-icon fa-angle-down fas\" aria-hidden=\"true\"><\/i><\/span><span class=\"fusion-toggle-heading\">\u00bfSer\u00e1 un proceso muy doloroso?<\/span><\/a><\/h3><\/div><div id=\"d92f043848b7741b0\" class=\"panel-collapse collapse \" aria-labelledby=\"toggle_d92f043848b7741b0\"><div class=\"panel-body toggle-content fusion-clearfix\">\n<p>M\u00e1s que doloroso es liberador, sabemos que a nadie le gusta hablar de lo que duele por eso evitan pedir ayuda profesional, sin embargo es importante que sepas que el poder hablar de lo prohibido o lo que no se puede expresar, frente a un profesional que no te va a juzgar ayuda a afrontar el problema, te permite procesar lo ocurrido, primero reconociendo el sentimiento y poni\u00e9ndole nombre, hasta poder pasar a las siguientes fases del pesar, reflexionar y finalmente lograr verbalizarlo.<\/p>\n<p>Se dice que no hay parto sin dolor que luego va acompa\u00f1ado de la alegr\u00eda de ver nacer otro ser. Es similar en la terapia. Se pasa por diferentes fases y etapas donde se evidencian muchas emociones. Es un espacio privado donde se habla no solo de aquello que nos duele y al decirlo, nos liberamos de la misma \u00a1y vamos! como dicen nuestros pacientes \u201cestoy tan ligero como una pluma\u201d. Esto es parte de sus propios procesos, dentro de una sinergia paciente-terapeuta donde tambi\u00e9n evaluamos nuestros alcances y logros. El tratamiento es integral y bifronte.<\/p>\n<\/div><\/div><\/div><div class=\"fusion-panel panel-default panel-1239bd2741f4c64cd fusion-toggle-no-divider fusion-toggle-boxed-mode\" style=\"--awb-title-color:#2b2b2b;--awb-content-color:#7e8890;\"><div class=\"panel-heading\"><h3 class=\"panel-title toggle\" id=\"toggle_1239bd2741f4c64cd\"><a aria-expanded=\"false\" aria-controls=\"1239bd2741f4c64cd\" role=\"button\" data-toggle=\"collapse\" data-parent=\"#accordion-2167-1\" data-target=\"#1239bd2741f4c64cd\" href=\"#1239bd2741f4c64cd\"><span class=\"fusion-toggle-icon-wrapper\" aria-hidden=\"true\"><i class=\"fa-fusion-box active-icon fa-angle-up fas\" aria-hidden=\"true\"><\/i><i class=\"fa-fusion-box inactive-icon fa-angle-down fas\" aria-hidden=\"true\"><\/i><\/span><span class=\"fusion-toggle-heading\">Si acudo a vuestro gabinete de psicolog\u00eda en Logro\u00f1o...\u00bfSe necesita la presencia de familiares en las sesiones?<\/span><\/a><\/h3><\/div><div id=\"1239bd2741f4c64cd\" class=\"panel-collapse collapse \" aria-labelledby=\"toggle_1239bd2741f4c64cd\"><div class=\"panel-body toggle-content fusion-clearfix\">\n<p>En algunos casos si, sobre todo cuando los pacientes est\u00e1n descompensados o tienen problemas psic\u00f3ticos se requiere de la informaci\u00f3n colateral y apoyo familiar suele pasar com\u00fanmente tambi\u00e9n con pacientes depresivos y con intentos de suicidio, o los que tienen problemas de nutrici\u00f3n ejemplo la anorexia o bulimia. En el resto de los casos relacionados con la neurosis no hacen falta.<\/p>\n<\/div><\/div><\/div><div class=\"fusion-panel panel-default panel-281b9c111c7ca2095 fusion-toggle-no-divider fusion-toggle-boxed-mode\" style=\"--awb-title-color:#2b2b2b;--awb-content-color:#7e8890;\"><div class=\"panel-heading\"><h3 class=\"panel-title toggle\" id=\"toggle_281b9c111c7ca2095\"><a aria-expanded=\"false\" aria-controls=\"281b9c111c7ca2095\" role=\"button\" data-toggle=\"collapse\" data-parent=\"#accordion-2167-1\" data-target=\"#281b9c111c7ca2095\" href=\"#281b9c111c7ca2095\"><span class=\"fusion-toggle-icon-wrapper\" aria-hidden=\"true\"><i class=\"fa-fusion-box active-icon fa-angle-up fas\" aria-hidden=\"true\"><\/i><i class=\"fa-fusion-box inactive-icon fa-angle-down fas\" aria-hidden=\"true\"><\/i><\/span><span class=\"fusion-toggle-heading\">\u00bfTendr\u00e9 que tomar alg\u00fan tipo de f\u00e1rmaco?<\/span><\/a><\/h3><\/div><div id=\"281b9c111c7ca2095\" class=\"panel-collapse collapse \" aria-labelledby=\"toggle_281b9c111c7ca2095\"><div class=\"panel-body toggle-content fusion-clearfix\">\n<p>Si observamos que el paciente puede requerirlo, es nuestro deber derivarlo al psiquiatra. No est\u00e1 re\u00f1ida la ingesta de f\u00e1rmacos con la terapia psicol\u00f3gica. De hecho, ambas deben ir unidas para conducir y mejorar los resultados de los pacientes y evitar que el uso de la medicina sea permanente.<\/p>\n<p>En nuestra experiencia cl\u00ednica hemos observado que com\u00fanmente los pacientes medicados a lo largo de la terapia al superar su dificultad dejan de tomar su medicaci\u00f3n. La palabra tiene seg\u00fan investigaciones cient\u00edficas el mismo poder de una medicaci\u00f3n, dado que produce las mismas modificaciones bioqu\u00edmicas en el cerebro, por ejemplo, si decimos una frase con dulzura, no es igual a que cuando decimos la misma frase con violencia, el cuerpo y los procesos qu\u00edmicos que se generan y desarrollan reacciona diferente.<\/p>\n<\/div><\/div><\/div><div class=\"fusion-panel panel-default panel-fcf0ed798d7fe9f2c fusion-toggle-no-divider fusion-toggle-boxed-mode\" style=\"--awb-title-color:#2b2b2b;--awb-content-color:#7e8890;\"><div class=\"panel-heading\"><h3 class=\"panel-title toggle\" id=\"toggle_fcf0ed798d7fe9f2c\"><a aria-expanded=\"false\" aria-controls=\"fcf0ed798d7fe9f2c\" role=\"button\" data-toggle=\"collapse\" data-parent=\"#accordion-2167-1\" data-target=\"#fcf0ed798d7fe9f2c\" href=\"#fcf0ed798d7fe9f2c\"><span class=\"fusion-toggle-icon-wrapper\" aria-hidden=\"true\"><i class=\"fa-fusion-box active-icon fa-angle-up fas\" aria-hidden=\"true\"><\/i><i class=\"fa-fusion-box inactive-icon fa-angle-down fas\" aria-hidden=\"true\"><\/i><\/span><span class=\"fusion-toggle-heading\">\u00bfCom\u00fanmente, cu\u00e1nto es el tiempo medio de una terapia?<\/span><\/a><\/h3><\/div><div id=\"fcf0ed798d7fe9f2c\" class=\"panel-collapse collapse \" aria-labelledby=\"toggle_fcf0ed798d7fe9f2c\"><div class=\"panel-body toggle-content fusion-clearfix\">\n<p>Es dif\u00edcil decir cu\u00e1nto tiempo dura una terapia porque depende de cada caso. Es decir, de c\u00f3mo viene el paciente y del tiempo que se haya desarrollado el cuadro emocional. La mente es tan compleja que es dif\u00edcil decir en cuanto tiempo te has de recuperar, sin embargo hay est\u00e1ndares te\u00f3ricos aproximados que duran <strong>desde 6 sesiones hasta dos a\u00f1os normalmente<\/strong>.<\/p>\n<p>Pero tambi\u00e9n depende de las necesidades que requieran las personas en cuanto a la atenci\u00f3n psicol\u00f3gica profesional.<\/p>\n<p>Nosotros preferibles hablar de tipos de tratamiento o terapias, es decir, hay terapias focalizadas de tiempo cerrado y otras de tiempo abierto. En las terapias de tiempo cerrado, se toca un tema puntual que preocupa a la persona y se trabaja sobre ese problema y si existe otros temas que van surgiendo se le se\u00f1ala al paciente para que decida si quiere trabajarlos, esto puede durar dependiendo de la problem\u00e1tica de 6 a mas sesiones.<\/p>\n<p>Lo normal en las terapias psicoanal\u00edticas es de dos a\u00f1os, dado que es una terapia profunda en el que se busca estructurar la personalidad. Es figurativamente como armar el esqueleto de la persona. Hay que ayudar a crear nuevas conexiones neuronales y a que el paciente aprenda a internalizar y andar por otras huellas psicol\u00f3gicas y no las habituales. Por ejemplo, si antes se relacionaba con violencia ahora tiene que aprender a relacionarse asertivamente, se dice f\u00e1cil pero eso requiere tiempo. Las terapias EMDR tambi\u00e9n se dice que son de tratamiento corto, de 3 meses a m\u00e1s dependiendo del problema.<\/p>\n<\/div><\/div><\/div><div class=\"fusion-panel panel-default panel-3b574f1389b3381f3 fusion-toggle-no-divider fusion-toggle-boxed-mode\" style=\"--awb-title-color:#2b2b2b;--awb-content-color:#7e8890;\"><div class=\"panel-heading\"><h3 class=\"panel-title toggle\" id=\"toggle_3b574f1389b3381f3\"><a aria-expanded=\"false\" aria-controls=\"3b574f1389b3381f3\" role=\"button\" data-toggle=\"collapse\" data-parent=\"#accordion-2167-1\" data-target=\"#3b574f1389b3381f3\" href=\"#3b574f1389b3381f3\"><span class=\"fusion-toggle-icon-wrapper\" aria-hidden=\"true\"><i class=\"fa-fusion-box active-icon fa-angle-up fas\" aria-hidden=\"true\"><\/i><i class=\"fa-fusion-box inactive-icon fa-angle-down fas\" aria-hidden=\"true\"><\/i><\/span><span class=\"fusion-toggle-heading\">\u00bfLos psic\u00f3logos de CEBIE est\u00e1n colegiados?<\/span><\/a><\/h3><\/div><div id=\"3b574f1389b3381f3\" class=\"panel-collapse collapse \" aria-labelledby=\"toggle_3b574f1389b3381f3\"><div class=\"panel-body toggle-content fusion-clearfix\">\n<p>S\u00ed, todos los psic\u00f3logos que forman parte del equipo de CEBIE est\u00e1n colegiados y cuentan con la formaci\u00f3n y experiencia necesarias para garantizar un tratamiento psicol\u00f3gico de calidad en Logro\u00f1o.<\/p>\n<\/div><\/div><\/div><div class=\"fusion-panel panel-default panel-fd588c0b7e7ae4058 fusion-toggle-no-divider fusion-toggle-boxed-mode\" style=\"--awb-title-color:#2b2b2b;--awb-content-color:#7e8890;\"><div class=\"panel-heading\"><h3 class=\"panel-title toggle\" id=\"toggle_fd588c0b7e7ae4058\"><a aria-expanded=\"false\" aria-controls=\"fd588c0b7e7ae4058\" role=\"button\" data-toggle=\"collapse\" data-parent=\"#accordion-2167-1\" data-target=\"#fd588c0b7e7ae4058\" href=\"#fd588c0b7e7ae4058\"><span class=\"fusion-toggle-icon-wrapper\" aria-hidden=\"true\"><i class=\"fa-fusion-box active-icon fa-angle-up fas\" aria-hidden=\"true\"><\/i><i class=\"fa-fusion-box inactive-icon fa-angle-down fas\" aria-hidden=\"true\"><\/i><\/span><span class=\"fusion-toggle-heading\">\u00bfCu\u00e1nto tiempo dura el tratamiento psicol\u00f3gico en CEBIE?<\/span><\/a><\/h3><\/div><div id=\"fd588c0b7e7ae4058\" class=\"panel-collapse collapse \" aria-labelledby=\"toggle_fd588c0b7e7ae4058\"><div class=\"panel-body toggle-content fusion-clearfix\">\n<p>La duraci\u00f3n de la terapia var\u00eda dependiendo de cada caso. Algunas personas pueden ver mejoras en pocas sesiones, mientras que otras necesitan un tratamiento m\u00e1s prolongado. Tu psic\u00f3loga te proporcionar\u00e1 una orientaci\u00f3n sobre la duraci\u00f3n estimada del tratamiento tras la primera evaluaci\u00f3n.<\/p>\n<\/div><\/div><\/div><div class=\"fusion-panel panel-default panel-be2adac1067977d22 fusion-toggle-no-divider fusion-toggle-boxed-mode\" style=\"--awb-title-color:#2b2b2b;--awb-content-color:#7e8890;\"><div class=\"panel-heading\"><h3 class=\"panel-title toggle\" id=\"toggle_be2adac1067977d22\"><a aria-expanded=\"false\" aria-controls=\"be2adac1067977d22\" role=\"button\" data-toggle=\"collapse\" data-parent=\"#accordion-2167-1\" data-target=\"#be2adac1067977d22\" href=\"#be2adac1067977d22\"><span class=\"fusion-toggle-icon-wrapper\" aria-hidden=\"true\"><i class=\"fa-fusion-box active-icon fa-angle-up fas\" aria-hidden=\"true\"><\/i><i class=\"fa-fusion-box inactive-icon fa-angle-down fas\" aria-hidden=\"true\"><\/i><\/span><span class=\"fusion-toggle-heading\">\u00bfC\u00f3mo se realiza la primera consulta en CEBIE, Logro\u00f1o?<\/span><\/a><\/h3><\/div><div id=\"be2adac1067977d22\" class=\"panel-collapse collapse \" aria-labelledby=\"toggle_be2adac1067977d22\"><div class=\"panel-body toggle-content fusion-clearfix\">\n<p>La primera consulta en CEBIE est\u00e1 orientada a conocer al paciente y evaluar sus necesidades. Durante esta sesi\u00f3n, se escucha el motivo de consulta, se exploran las principales preocupaciones del paciente y se plantea un plan terap\u00e9utico adaptado. Esta sesi\u00f3n es fundamental para establecer una relaci\u00f3n de confianza entre el psic\u00f3logo y el paciente.<\/p>\n<\/div><\/div><\/div><\/div><\/div><\/div><\/div><\/div><\/div><div class=\"fusion-bg-parallax\" data-bg-align=\"center center\" data-direction=\"right\" data-mute=\"false\" data-opacity=\"100\" data-velocity=\"-0.5\" data-mobile-enabled=\"false\" data-break_parents=\"0\" data-bg-image=\"https:\/\/cebie.es\/Staging\/wp-content\/uploads\/2015\/12\/make-an-appointment.jpg\" data-bg-repeat=\"false\" ><\/div><div class=\"fusion-fullwidth fullwidth-box fusion-builder-row-15 has-pattern-background has-mask-background fusion-parallax-right nonhundred-percent-fullwidth non-hundred-percent-height-scrolling\" style=\"--awb-border-sizes-top:0px;--awb-border-sizes-bottom:0px;--awb-border-sizes-left:0px;--awb-border-sizes-right:0px;--awb-border-radius-top-left:0px;--awb-border-radius-top-right:0px;--awb-border-radius-bottom-right:0px;--awb-border-radius-bottom-left:0px;--awb-padding-top:50px;--awb-background-image:url(&quot;https:\/\/cebie.es\/Staging\/wp-content\/uploads\/2015\/12\/make-an-appointment.jpg&quot;);--awb-background-size:cover;--awb-flex-wrap:wrap;\" ><div class=\"fusion-builder-row fusion-row\"><div class=\"fusion-layout-column fusion_builder_column fusion-builder-column-40 fusion_builder_column_1_2 1_2 fusion-one-half fusion-column-first fusion-no-small-visibility\" style=\"--awb-bg-blend:overlay;--awb-bg-size:cover;width:48%; margin-right: 4%;\"><div class=\"fusion-column-wrapper fusion-flex-column-wrapper-legacy\"><div class=\"fusion-text fusion-text-42\"><h2 style=\"color: #ffffff; text-align: left;\">Escr\u00edbenos y te informamos<\/h2>\n<\/div><div class=\"fusion-sep-clear\"><\/div><div class=\"fusion-separator\" style=\"margin-left: auto;margin-right: auto;margin-top:0px;margin-bottom:30px;width:100%;max-width:280px;\"><div class=\"fusion-separator-border sep-single sep-solid\" style=\"--awb-height:20px;--awb-amount:20px;--awb-sep-color:#d1d1d1;border-color:#d1d1d1;border-top-width:2px;\"><\/div><\/div><div class=\"fusion-sep-clear\"><\/div><div class=\"fusion-text fusion-text-43\" style=\"--awb-font-size:24px;--awb-line-height:var(--awb-typography1-line-height);--awb-letter-spacing:var(--awb-typography1-letter-spacing);--awb-text-transform:var(--awb-typography1-text-transform);\"><h3 style=\"color: #fcfcfc; text-align: left;\"><span style=\"font-size: 18pt;\">\u00bfNecesitas que un psic\u00f3logo de Logro\u00f1o o Arnedo contacte contigo y te informe del proceso de terapia? Rellena el formulario para que podamos atenderte con la mayor brevedad.<\/span><\/h3>\n<\/div><div class=\"fusion-clearfix\"><\/div><\/div><\/div><div class=\"fusion-layout-column fusion_builder_column fusion-builder-column-41 fusion_builder_column_1_2 1_2 fusion-one-half fusion-column-last\" style=\"--awb-bg-blend:overlay;--awb-bg-size:cover;width:48%;\"><div class=\"fusion-column-wrapper fusion-flex-column-wrapper-legacy\">\n<div class=\"wpcf7 no-js\" id=\"wpcf7-f586-o1\" lang=\"en-US\" dir=\"ltr\" data-wpcf7-id=\"586\">\n<div class=\"screen-reader-response\"><p role=\"status\" aria-live=\"polite\" aria-atomic=\"true\"><\/p> <ul><\/ul><\/div>\n<form action=\"\/Staging\/wp-json\/wp\/v2\/pages\/5#wpcf7-f586-o1\" method=\"post\" class=\"wpcf7-form init\" aria-label=\"Contact form\" novalidate=\"novalidate\" data-status=\"init\">\n<fieldset class=\"hidden-fields-container\"><input type=\"hidden\" name=\"_wpcf7\" value=\"586\" \/><input type=\"hidden\" name=\"_wpcf7_version\" value=\"6.1.5\" \/><input type=\"hidden\" name=\"_wpcf7_locale\" value=\"en_US\" \/><input type=\"hidden\" name=\"_wpcf7_unit_tag\" value=\"wpcf7-f586-o1\" \/><input type=\"hidden\" name=\"_wpcf7_container_post\" value=\"0\" \/><input type=\"hidden\" name=\"_wpcf7_posted_data_hash\" value=\"\" \/>\n<\/fieldset>\n<p>Tu nombre (requerido)\n<\/p>\n<p><span class=\"wpcf7-form-control-wrap\" data-name=\"your-name\"><input size=\"40\" maxlength=\"400\" class=\"wpcf7-form-control wpcf7-text wpcf7-validates-as-required\" aria-required=\"true\" aria-invalid=\"false\" value=\"\" type=\"text\" name=\"your-name\" \/><\/span>\n<\/p>\n<p>Tu Email (requerido)\n<\/p>\n<p><span class=\"wpcf7-form-control-wrap\" data-name=\"your-email\"><input size=\"40\" maxlength=\"400\" class=\"wpcf7-form-control wpcf7-email wpcf7-validates-as-required wpcf7-text wpcf7-validates-as-email\" aria-required=\"true\" aria-invalid=\"false\" value=\"\" type=\"email\" name=\"your-email\" \/><\/span>\n<\/p>\n<p>Asunto\n<\/p>\n<p><span class=\"wpcf7-form-control-wrap\" data-name=\"your-subject\"><input size=\"40\" maxlength=\"400\" class=\"wpcf7-form-control wpcf7-text\" aria-invalid=\"false\" value=\"\" type=\"text\" name=\"your-subject\" \/><\/span>\n<\/p>\n<p>Tu Mensaje\n<\/p>\n<p><span class=\"wpcf7-form-control-wrap\" data-name=\"your-message\"><textarea cols=\"40\" rows=\"10\" maxlength=\"2000\" class=\"wpcf7-form-control wpcf7-textarea\" aria-invalid=\"false\" name=\"your-message\"><\/textarea><\/span>\n<\/p>\n<p><span class=\"wpcf7-form-control-wrap\" data-name=\"aceptacion\"><span class=\"wpcf7-form-control wpcf7-acceptance\"><span class=\"wpcf7-list-item\"><input type=\"checkbox\" name=\"aceptacion\" value=\"1\" aria-invalid=\"false\" \/><\/span><\/span><\/span> He leido y acepto la <a href=\"\/aviso-legal\">Pol\u00edtica de privacidad<\/a><br \/>\n<div id=\"cf7sr-69f5e906ea71d\" class=\"cf7sr-g-recaptcha\" data-theme=\"light\" data-type=\"image\" data-size=\"normal\" data-sitekey=\"6LdbfMQsAAAAAHU2-HXSN-oo77DmVCC50PkNl4iu\"><\/div><span class=\"wpcf7-form-control-wrap cf7sr-recaptcha\" data-name=\"cf7sr-recaptcha\"><input type=\"hidden\" name=\"cf7sr-recaptcha\" value=\"\" class=\"wpcf7-form-control\"><\/span>\n<\/p>\n<p><input class=\"wpcf7-form-control wpcf7-submit has-spinner\" type=\"submit\" value=\"Enviar\" \/>\n<\/p><p style=\"display: none !important;\" class=\"akismet-fields-container\" data-prefix=\"_wpcf7_ak_\"><label>&#916;<textarea name=\"_wpcf7_ak_hp_textarea\" cols=\"45\" rows=\"8\" maxlength=\"100\"><\/textarea><\/label><input type=\"hidden\" id=\"ak_js_1\" name=\"_wpcf7_ak_js\" value=\"85\"\/><script type=\"text\/javascript\">\n\/* <![CDATA[ *\/\ndocument.getElementById( \"ak_js_1\" ).setAttribute( \"value\", ( new Date() ).getTime() );\n\/* ]]> *\/\n<\/script>\n<\/p><div class=\"fusion-alert alert custom alert-custom fusion-alert-center wpcf7-response-output awb-alert-native-link-color alert-dismissable awb-alert-close-boxed\" style=\"--awb-border-size:1px;--awb-border-top-left-radius:0px;--awb-border-top-right-radius:0px;--awb-border-bottom-left-radius:0px;--awb-border-bottom-right-radius:0px;\" role=\"alert\"><div class=\"fusion-alert-content-wrapper\"><span class=\"fusion-alert-content\"><\/span><\/div><button type=\"button\" class=\"close toggle-alert\" data-dismiss=\"alert\" aria-label=\"Close\">&times;<\/button><\/div>\n<\/form>\n<\/div>\n<div class=\"fusion-clearfix\"><\/div><\/div><\/div><div class=\"fusion-layout-column fusion_builder_column fusion-builder-column-42 fusion_builder_column_1_6 1_6 fusion-one-sixth fusion-column-first fusion-no-small-visibility\" style=\"--awb-bg-blend:overlay;--awb-bg-size:cover;width:13.3333%; margin-right: 4%;\"><div class=\"fusion-column-wrapper fusion-flex-column-wrapper-legacy\"><div class=\"fusion-clearfix\"><\/div><\/div><\/div><div class=\"fusion-layout-column fusion_builder_column fusion-builder-column-43 fusion_builder_column_1_1 1_1 fusion-one-full fusion-column-last\" style=\"--awb-bg-blend:overlay;--awb-bg-size:cover;\"><div class=\"fusion-column-wrapper fusion-flex-column-wrapper-legacy\"><div class=\"fusion-image-carousel fusion-image-carousel-auto fusion-image-carousel-1\"><div class=\"awb-carousel awb-swiper awb-swiper-carousel awb-carousel--carousel awb-swiper-dots-position-bottom\" data-layout=\"carousel\" data-autoplay=\"yes\" data-autoplayspeed=\"2500\" data-autoplaypause=\"no\" data-columns=\"3\" data-columnsmedium=\"1\" data-columnssmall=\"1\" data-itemmargin=\"45\" data-itemwidth=\"180\" data-touchscroll=\"no\" data-freemode=\"no\" data-imagesize=\"auto\" data-scrollitems=\"0\" data-centeredslides=\"no\" data-rotationangle=\"50\" data-depth=\"100\" data-speed=\"500\" data-shadow=\"no\" data-pagination=\"bullets\" style=\"--awb-columns:3;--awb-column-spacing:45px;\"><div class=\"swiper-wrapper awb-image-carousel-wrapper fusion-flex-align-items-center\"><div class=\"swiper-slide\"><div class=\"fusion-carousel-item-wrapper\"><div class=\"fusion-image-wrapper hover-type-none\"><a href=\"http:\/\/emdr-es.org\/\" target=\"_blank\" rel=\"noopener noreferrer nofollow\"><img decoding=\"async\" width=\"121\" height=\"119\" src=\"https:\/\/cebie.es\/Staging\/wp-content\/uploads\/2015\/12\/emdresp.gif\" class=\"attachment-full size-full\" alt=\"Asociaci\u00f3n EMDR Espa\u00f1a\" title=\"\"><\/a><\/div><\/div><\/div><div class=\"swiper-slide\"><div class=\"fusion-carousel-item-wrapper\"><div class=\"fusion-image-wrapper hover-type-none\"><a href=\"http:\/\/www.efpa.eu\/\" target=\"_blank\" rel=\"noopener noreferrer nofollow\"><img decoding=\"async\" width=\"221\" height=\"110\" src=\"https:\/\/cebie.es\/Staging\/wp-content\/uploads\/2015\/12\/efpa.gif\" class=\"attachment-full size-full\" alt=\"European Federation of Psychologists&#039; Associations\" title=\"\"><\/a><\/div><\/div><\/div><div class=\"swiper-slide\"><div class=\"fusion-carousel-item-wrapper\"><div class=\"fusion-image-wrapper hover-type-none\"><a href=\"http:\/\/www.cppl.org\/\" target=\"_blank\" rel=\"noopener noreferrer nofollow\"><img decoding=\"async\" width=\"143\" height=\"87\" src=\"https:\/\/cebie.es\/Staging\/wp-content\/uploads\/2015\/12\/cppl.gif\" class=\"attachment-full size-full\" alt=\"Centro de Psicoterapia Psicoanal\u00edtica de Lima\" title=\"\"><\/a><\/div><\/div><\/div><div class=\"swiper-slide\"><div class=\"fusion-carousel-item-wrapper\"><div class=\"fusion-image-wrapper hover-type-none\"><a href=\"http:\/\/www.usmp.edu.pe\/\" target=\"_blank\" rel=\"noopener noreferrer nofollow\"><img decoding=\"async\" width=\"181\" height=\"77\" src=\"https:\/\/cebie.es\/Staging\/wp-content\/uploads\/2015\/12\/usmp.gif\" class=\"attachment-full size-full\" alt=\"Universidad San Mart\u00edn de Porres\" title=\"\"><\/a><\/div><\/div><\/div><div class=\"swiper-slide\"><div class=\"fusion-carousel-item-wrapper\"><div class=\"fusion-image-wrapper hover-type-none\"><a href=\"http:\/\/www.iemdr.es\/\" target=\"_blank\" rel=\"noopener noreferrer nofollow\"><img decoding=\"async\" width=\"156\" height=\"109\" src=\"https:\/\/cebie.es\/Staging\/wp-content\/uploads\/2015\/12\/emdr.gif\" class=\"attachment-full size-full\" alt=\"Instituo Espa\u00f1ol EMDR \" title=\"\"><\/a><\/div><\/div><\/div><div class=\"swiper-slide\"><div class=\"fusion-carousel-item-wrapper\"><div class=\"fusion-image-wrapper hover-type-none\"><a href=\"https:\/\/www.unileon.es\/\" target=\"_blank\" rel=\"noopener noreferrer nofollow\"><img decoding=\"async\" width=\"182\" height=\"85\" src=\"https:\/\/cebie.es\/Staging\/wp-content\/uploads\/2015\/12\/leon.gif\" class=\"attachment-full size-full\" alt=\"Universidad de Le\u00f3n\" title=\"\"><\/a><\/div><\/div><\/div><\/div><\/div><\/div><div class=\"fusion-clearfix\"><\/div><\/div><\/div><\/div><\/div><div class=\"fusion-fullwidth fullwidth-box fusion-builder-row-16 has-pattern-background has-mask-background nonhundred-percent-fullwidth non-hundred-percent-height-scrolling\" style=\"--awb-border-radius-top-left:0px;--awb-border-radius-top-right:0px;--awb-border-radius-bottom-right:0px;--awb-border-radius-bottom-left:0px;--awb-padding-top:20px;--awb-padding-bottom:20px;--awb-margin-top:95px;--awb-flex-wrap:wrap;\" ><div class=\"fusion-builder-row fusion-row\"><div class=\"fusion-layout-column fusion_builder_column fusion-builder-column-44 fusion_builder_column_1_1 1_1 fusion-one-full fusion-column-first fusion-column-last fusion-column-inner-bg-wrapper fusion-column-liftup-border\" style=\"--awb-inner-bg-blend:overlay;--awb-inner-bg-size:cover;\"><span class=\"fusion-column-inner-bg hover-type-liftup\"><span class=\"fusion-column-anchor\"><span class=\"fusion-column-inner-bg-image\"><\/span><\/span><\/span><div class=\"fusion-column-wrapper fusion-flex-column-wrapper-legacy\"><div class=\"fusion-column-content-centered\"><div class=\"fusion-column-content\">\t\t\t\t\t<div class=\"fusion-slider-container fusion-slider-sc-ultimas-consultas fusion-slider-56\" style=\"height:400px; max-width:100%;\" data-id=\"56\" data-full_height=\"\">\n\t\t\t\t\t\t<style type=\"text\/css\">.fusion-slider-56 .flex-direction-nav a {width:63px;height:63px;line-height:63px;font-size:25px;}<\/style>\t\t\t\t\t\t<div class=\"fusion-slider-loading\">Loading...<\/div>\n\t\t\t\t\t\t<div class=\"tfs-slider flexslider main-flex\" data-slider_width=\"100%\" data-slider_height=\"400px\" data-full_screen=\"1\" data-parallax=\"1\" data-nav_arrows=\"1\" data-nav_box_width=\"63px\" data-nav_box_height=\"63px\" data-nav_arrow_size=\"25px\" data-pagination_circles=\"0\" data-autoplay=\"1\" data-loop=\"1\" data-animation=\"slide\" data-slideshow_speed=\"8000\" data-animation_speed=\"600\" data-typo_sensitivity=\"1\" data-typo_factor=\"1.5\" style=\"max-width:100%;\">\n\t\t\t\t\t\t\t<ul class=\"slides\">\n\t\t\t\t\t\t\t\t\t\t\t\t\t\t\t\t\t<li data-mute=\"yes\" data-loop=\"yes\" data-autoplay=\"yes\">\n\t\t\t\t\t\t\t\t\t\t<div class=\"slide-content-container slide-content-left\" style=\"display: none;\">\n\t\t\t\t\t\t\t\t\t\t\t<div class=\"slide-content\" style=\"\">\n\t\t\t\t\t\t\t\t\t\t\t\t\t\t\t\t\t\t\t\t\t\t\t\t\t<div class=\"heading with-bg\">\n\t\t\t\t\t\t\t\t\t\t\t\t\t\t<div class=\"fusion-title-sc-wrapper\" style=\"background-color: rgba(0,0,0, 0.4);\">\n\t\t\t\t\t\t\t\t\t\t\t\t\t\t\t<div class=\"fusion-title title fusion-title-19 fusion-sep-none fusion-title-text fusion-title-size-two\" style=\"--awb-margin-top-small:10px;--awb-margin-right-small:0px;--awb-margin-bottom-small:10px;--awb-margin-left-small:0px;--awb-font-size:90%px;\"><h2 class=\"fusion-title-heading title-heading-left fusion-responsive-typography-calculated\" style=\"margin:0;font-size:1em;--fontSize:90;line-height:1.2;\">\u00daLTIMAS CONSULTAS<\/h2><\/div>\t\t\t\t\t\t\t\t\t\t\t\t\t\t<\/div>\n\t\t\t\t\t\t\t\t\t\t\t\t\t<\/div>\n\t\t\t\t\t\t\t\t\t\t\t\t\t\t\t\t\t\t\t\t\t\t\t\t\t\t\t\t\t\t\t\t\t\t\t\t\t<div class=\"caption with-bg\">\n\t\t\t\t\t\t\t\t\t\t\t\t\t\t<div class=\"fusion-title-sc-wrapper\" style=\"background-color: rgba(0, 0, 0, 0.4);\">\n\t\t\t\t\t\t\t\t\t\t\t\t\t\t\t<div class=\"fusion-title title fusion-title-20 fusion-sep-none fusion-title-text fusion-title-size-three\" style=\"--awb-margin-top-small:10px;--awb-margin-right-small:0px;--awb-margin-bottom-small:10px;--awb-margin-left-small:0px;--awb-font-size:24px;\"><h3 class=\"fusion-title-heading title-heading-left fusion-responsive-typography-calculated\" style=\"margin:0;font-size:1em;--fontSize:24;--minFontSize:24;line-height:1.58;\">\u00bfC\u00f3mo disfrutar de la llegada de un hijo no deseado?<\/h3><\/div>\t\t\t\t\t\t\t\t\t\t\t\t\t\t<\/div>\n\t\t\t\t\t\t\t\t\t\t\t\t\t<\/div>\n\t\t\t\t\t\t\t\t\t\t\t\t\t\t\t\t\t\t\t\t\t\t\t\t\t\t\t\t\t\t\t\t\t\t\t\t\t<div class=\"buttons\" >\n\t\t\t\t\t\t\t\t\t\t\t\t\t\t\t\t\t\t\t\t\t\t\t\t\t\t\t\t\t<div class=\"tfs-button-1\"><div class=\"fusion-align-block\"><a class=\"fusion-button button-flat fusion-button-default-size button-default fusion-button-default button-18 fusion-button-default-span fusion-button-default-type\" style=\"width:calc(100%);\" target=\"_self\" href=\"\/tus-consultas\/\"><span class=\"fusion-button-text awb-button__text awb-button__text--default\">Ver Respuesta<\/span><\/a><\/div><\/div>\n\t\t\t\t\t\t\t\t\t\t\t\t\t\t\t\t\t\t\t\t\t\t\t\t\t\t\t\t\t\t\t\t\t\t\t\t\t\t\t\t\t<\/div>\n\t\t\t\t\t\t\t\t\t\t\t\t\t\t\t\t\t\t\t\t\t\t\t<\/div>\n\t\t\t\t\t\t\t\t\t\t<\/div>\n\t\t\t\t\t\t\t\t\t\t\t\t\t\t\t\t\t\t\t\t\t\t\t\t\t\t\t\t\t\t\t\t\t\t\t\t\t\t\t\t<div class=\"background background-image\" style=\"background-image: url(https:\/\/cebie.es\/Staging\/wp-content\/uploads\/2016\/02\/header-image-beautiful-life-two.jpg);max-width:100%;height:400px;filter: progid:DXImageTransform.Microsoft.AlphaImageLoader(src='https:\/\/cebie.es\/Staging\/wp-content\/uploads\/2016\/02\/header-image-beautiful-life-two.jpg', sizingMethod='scale');\" data-imgwidth=\"2000\">\n\t\t\t\t\t\t\t\t\t\t\t\t\t\t\t\t\t\t\t\t\t\t\t\t\t\t\t\t\t\t\t\t\t\t\t\t\t\t\t\t\t\t\t\t\t\t\t\t\t\t\t\t\t\t\t\t\t\t\t\t\t\t\t\t\t\t<\/div>\n\t\t\t\t\t\t\t\t\t<\/li>\n\t\t\t\t\t\t\t\t\t\t\t\t\t\t\t\t\t<li data-mute=\"yes\" data-loop=\"yes\" data-autoplay=\"yes\">\n\t\t\t\t\t\t\t\t\t\t<div class=\"slide-content-container slide-content-left\" style=\"display: none;\">\n\t\t\t\t\t\t\t\t\t\t\t<div class=\"slide-content\" style=\"\">\n\t\t\t\t\t\t\t\t\t\t\t\t\t\t\t\t\t\t\t\t\t\t\t\t\t<div class=\"heading with-bg\">\n\t\t\t\t\t\t\t\t\t\t\t\t\t\t<div class=\"fusion-title-sc-wrapper\" style=\"background-color: rgba(0,0,0, 0.4);\">\n\t\t\t\t\t\t\t\t\t\t\t\t\t\t\t<div class=\"fusion-title title fusion-title-21 fusion-sep-none fusion-title-text fusion-title-size-two\" style=\"--awb-margin-top-small:10px;--awb-margin-right-small:0px;--awb-margin-bottom-small:10px;--awb-margin-left-small:0px;--awb-font-size:60px;\"><h2 class=\"fusion-title-heading title-heading-left fusion-responsive-typography-calculated\" style=\"margin:0;font-size:1em;--fontSize:60;line-height:1.33;\">\u00daLTIMAS CONSULTAS<\/h2><\/div>\t\t\t\t\t\t\t\t\t\t\t\t\t\t<\/div>\n\t\t\t\t\t\t\t\t\t\t\t\t\t<\/div>\n\t\t\t\t\t\t\t\t\t\t\t\t\t\t\t\t\t\t\t\t\t\t\t\t\t\t\t\t\t\t\t\t\t\t\t\t\t<div class=\"caption with-bg\">\n\t\t\t\t\t\t\t\t\t\t\t\t\t\t<div class=\"fusion-title-sc-wrapper\" style=\"background-color: rgba(0, 0, 0, 0.4);\">\n\t\t\t\t\t\t\t\t\t\t\t\t\t\t\t<div class=\"fusion-title title fusion-title-22 fusion-sep-none fusion-title-text fusion-title-size-three\" style=\"--awb-margin-top-small:10px;--awb-margin-right-small:0px;--awb-margin-bottom-small:10px;--awb-margin-left-small:0px;--awb-font-size:24px;\"><h3 class=\"fusion-title-heading title-heading-left fusion-responsive-typography-calculated\" style=\"margin:0;font-size:1em;--fontSize:24;--minFontSize:24;line-height:1.58;\">Tengo miedo a hablar en p\u00fablico, \u00bfQu\u00e9 puedo hacer?<\/h3><\/div>\t\t\t\t\t\t\t\t\t\t\t\t\t\t<\/div>\n\t\t\t\t\t\t\t\t\t\t\t\t\t<\/div>\n\t\t\t\t\t\t\t\t\t\t\t\t\t\t\t\t\t\t\t\t\t\t\t\t\t\t\t\t\t\t\t\t\t\t\t\t\t<div class=\"buttons\" >\n\t\t\t\t\t\t\t\t\t\t\t\t\t\t\t\t\t\t\t\t\t\t\t\t\t\t\t\t\t<div class=\"tfs-button-1\"><div class=\"fusion-align-block\"><a class=\"fusion-button button-flat fusion-button-default-size button-default fusion-button-default button-19 fusion-button-default-span fusion-button-default-type\" style=\"width:calc(100%);\" target=\"_self\" href=\"\/tus-consultas\/\"><span class=\"fusion-button-text awb-button__text awb-button__text--default\">Ver Respuesta<\/span><\/a><\/div><\/div>\n\t\t\t\t\t\t\t\t\t\t\t\t\t\t\t\t\t\t\t\t\t\t\t\t\t\t\t\t\t\t\t\t\t\t\t\t\t\t\t\t\t<\/div>\n\t\t\t\t\t\t\t\t\t\t\t\t\t\t\t\t\t\t\t\t\t\t\t<\/div>\n\t\t\t\t\t\t\t\t\t\t<\/div>\n\t\t\t\t\t\t\t\t\t\t\t\t\t\t\t\t\t\t\t\t\t\t\t\t\t\t\t\t\t\t\t\t\t\t\t\t\t\t\t\t<div class=\"background background-image\" style=\"background-image: url(https:\/\/cebie.es\/Staging\/wp-content\/uploads\/2017\/01\/miedo_hablar_publico.jpg);max-width:100%;height:400px;filter: progid:DXImageTransform.Microsoft.AlphaImageLoader(src='https:\/\/cebie.es\/Staging\/wp-content\/uploads\/2017\/01\/miedo_hablar_publico.jpg', sizingMethod='scale');\" data-imgwidth=\"1127\">\n\t\t\t\t\t\t\t\t\t\t\t\t\t\t\t\t\t\t\t\t\t\t\t\t\t\t\t\t\t\t\t\t\t\t\t\t\t\t\t\t\t\t\t\t\t\t\t\t\t\t\t\t\t\t\t\t\t\t\t\t\t\t\t\t\t\t<\/div>\n\t\t\t\t\t\t\t\t\t<\/li>\n\t\t\t\t\t\t\t\t\t\t\t\t\t\t\t\t\t<li data-mute=\"yes\" data-loop=\"yes\" data-autoplay=\"yes\">\n\t\t\t\t\t\t\t\t\t\t<div class=\"slide-content-container slide-content-left\" style=\"display: none;\">\n\t\t\t\t\t\t\t\t\t\t\t<div class=\"slide-content\" style=\"\">\n\t\t\t\t\t\t\t\t\t\t\t\t\t\t\t\t\t\t\t\t\t\t\t\t\t<div class=\"heading with-bg\">\n\t\t\t\t\t\t\t\t\t\t\t\t\t\t<div class=\"fusion-title-sc-wrapper\" style=\"background-color: rgba(0,0,0, 0.4);\">\n\t\t\t\t\t\t\t\t\t\t\t\t\t\t\t<div class=\"fusion-title title fusion-title-23 fusion-sep-none fusion-title-text fusion-title-size-two\" style=\"--awb-margin-top-small:10px;--awb-margin-right-small:0px;--awb-margin-bottom-small:10px;--awb-margin-left-small:0px;--awb-font-size:90%px;\"><h2 class=\"fusion-title-heading title-heading-left fusion-responsive-typography-calculated\" style=\"margin:0;font-size:1em;--fontSize:90;line-height:1.2;\">\u00daLTIMAS CONSULTAS<\/h2><\/div>\t\t\t\t\t\t\t\t\t\t\t\t\t\t<\/div>\n\t\t\t\t\t\t\t\t\t\t\t\t\t<\/div>\n\t\t\t\t\t\t\t\t\t\t\t\t\t\t\t\t\t\t\t\t\t\t\t\t\t\t\t\t\t\t\t\t\t\t\t\t\t<div class=\"caption with-bg\">\n\t\t\t\t\t\t\t\t\t\t\t\t\t\t<div class=\"fusion-title-sc-wrapper\" style=\"background-color: rgba(0, 0, 0, 0.4);\">\n\t\t\t\t\t\t\t\t\t\t\t\t\t\t\t<div class=\"fusion-title title fusion-title-24 fusion-sep-none fusion-title-text fusion-title-size-three\" style=\"--awb-margin-top-small:10px;--awb-margin-right-small:0px;--awb-margin-bottom-small:10px;--awb-margin-left-small:0px;--awb-font-size:24px;\"><h3 class=\"fusion-title-heading title-heading-left fusion-responsive-typography-calculated\" style=\"margin:0;font-size:1em;--fontSize:24;--minFontSize:24;line-height:1.58;\">\"No puedo olvidarme de mi ex-pareja, peleamos y lo dejamos, pero ahora estoy hecho polvo.\"<\/h3><\/div>\t\t\t\t\t\t\t\t\t\t\t\t\t\t<\/div>\n\t\t\t\t\t\t\t\t\t\t\t\t\t<\/div>\n\t\t\t\t\t\t\t\t\t\t\t\t\t\t\t\t\t\t\t\t\t\t\t\t\t\t\t\t\t\t\t\t\t\t\t\t\t<div class=\"buttons\" >\n\t\t\t\t\t\t\t\t\t\t\t\t\t\t\t\t\t\t\t\t\t\t\t\t\t\t\t\t\t<div class=\"tfs-button-1\"><div class=\"fusion-align-block\"><a class=\"fusion-button button-flat fusion-button-default-size button-default fusion-button-default button-20 fusion-button-default-span fusion-button-default-type\" style=\"width:calc(100%);\" target=\"_self\" href=\"\/tus-consultas\/\"><span class=\"fusion-button-text awb-button__text awb-button__text--default\">Ver Respuesta<\/span><\/a><\/div><\/div>\n\t\t\t\t\t\t\t\t\t\t\t\t\t\t\t\t\t\t\t\t\t\t\t\t\t\t\t\t\t\t\t\t\t\t\t\t\t\t\t\t\t<\/div>\n\t\t\t\t\t\t\t\t\t\t\t\t\t\t\t\t\t\t\t\t\t\t\t<\/div>\n\t\t\t\t\t\t\t\t\t\t<\/div>\n\t\t\t\t\t\t\t\t\t\t\t\t\t\t\t\t\t\t\t\t\t\t\t\t\t\t\t\t\t\t\t\t\t\t\t\t\t\t\t\t<div class=\"background background-image\" style=\"background-image: url(https:\/\/cebie.es\/Staging\/wp-content\/uploads\/2017\/02\/nuestra_filosofia.jpg);max-width:100%;height:400px;filter: progid:DXImageTransform.Microsoft.AlphaImageLoader(src='https:\/\/cebie.es\/Staging\/wp-content\/uploads\/2017\/02\/nuestra_filosofia.jpg', sizingMethod='scale');\" data-imgwidth=\"1348\">\n\t\t\t\t\t\t\t\t\t\t\t\t\t\t\t\t\t\t\t\t\t\t\t\t\t\t\t\t\t\t\t\t\t\t\t\t\t\t\t\t\t\t\t\t\t\t\t\t\t\t\t\t\t\t\t\t\t\t\t\t\t\t\t\t\t\t<\/div>\n\t\t\t\t\t\t\t\t\t<\/li>\n\t\t\t\t\t\t\t\t\t\t\t\t\t\t\t\t\t\t\t\t\t\t\t<\/ul>\n\t\t\t\t\t\t<\/div>\n\t\t\t\t\t<\/div>\n\t\t\t\t\t\t\t\t<\/div><\/div><div class=\"fusion-clearfix\"><\/div><\/div><\/div><div class=\"fusion-layout-column fusion_builder_column fusion-builder-column-45 fusion_builder_column_3_4 3_4 fusion-three-fourth fusion-column-first\" style=\"--awb-bg-blend:overlay;--awb-bg-size:cover;width:75%;width:calc(75% - ( ( 4% ) * 0.75 ) );margin-right: 4%;\"><div class=\"fusion-column-wrapper fusion-flex-column-wrapper-legacy\"><div class=\"fusion-column-content-centered\"><div class=\"fusion-column-content\"><div class=\"fusion-text fusion-text-44\"><h3 style=\"text-align: center;\">\u00bfQuieres que nuestros psic\u00f3logos respondan a tus preguntas?<\/h3>\n<h4 style=\"text-align: center;\">M\u00e1ndanos tu consulta y ser\u00e1 respondida por mail o en la web<\/h4>\n<\/div><\/div><\/div><div class=\"fusion-clearfix\"><\/div><\/div><\/div><div class=\"fusion-layout-column fusion_builder_column fusion-builder-column-46 fusion_builder_column_1_4 1_4 fusion-one-fourth fusion-column-last\" style=\"--awb-padding-top:30px;--awb-bg-blend:overlay;--awb-bg-size:cover;--awb-border-color:#494949;--awb-border-top:0px;--awb-border-right:0px;--awb-border-bottom:0px;--awb-border-left:0px;--awb-border-style:solid;width:25%;width:calc(25% - ( ( 4% ) * 0.25 ) );\"><div class=\"fusion-column-wrapper fusion-flex-column-wrapper-legacy\"><div class=\"fusion-button-wrapper\"><a class=\"fusion-button button-flat button-xlarge button-default fusion-button-default button-21 fusion-button-span-no \" target=\"_self\" href=\"https:\/\/api.whatsapp.com\/send\/?phone=34636016783&amp;text&amp;type=phone_number&amp;app_absent=0\" rel=\"nofollow noopener\"><span class=\"fusion-button-icon-divider button-icon-divider-left\"><i class=\"fa-question-circle fas awb-button__icon awb-button__icon--default\" aria-hidden=\"true\"><\/i><\/span><span class=\"fusion-button-text awb-button__text awb-button__text--default fusion-button-text-left\">CONS\u00daLTANOS<\/span><\/a><\/div><div class=\"fusion-clearfix\"><\/div><\/div><\/div><\/div><\/div><\/p>\n","protected":false},"excerpt":{"rendered":"","protected":false},"author":8,"featured_media":3486,"parent":0,"menu_order":0,"comment_status":"closed","ping_status":"closed","template":"100-width.php","meta":{"_joinchat":[],"footnotes":""},"class_list":["post-5","page","type-page","status-publish","has-post-thumbnail","hentry"],"amp_enabled":false,"_links":{"self":[{"href":"https:\/\/cebie.es\/Staging\/wp-json\/wp\/v2\/pages\/5","targetHints":{"allow":["GET"]}}],"collection":[{"href":"https:\/\/cebie.es\/Staging\/wp-json\/wp\/v2\/pages"}],"about":[{"href":"https:\/\/cebie.es\/Staging\/wp-json\/wp\/v2\/types\/page"}],"author":[{"embeddable":true,"href":"https:\/\/cebie.es\/Staging\/wp-json\/wp\/v2\/users\/8"}],"replies":[{"embeddable":true,"href":"https:\/\/cebie.es\/Staging\/wp-json\/wp\/v2\/comments?post=5"}],"version-history":[{"count":159,"href":"https:\/\/cebie.es\/Staging\/wp-json\/wp\/v2\/pages\/5\/revisions"}],"predecessor-version":[{"id":3732,"href":"https:\/\/cebie.es\/Staging\/wp-json\/wp\/v2\/pages\/5\/revisions\/3732"}],"wp:featuredmedia":[{"embeddable":true,"href":"https:\/\/cebie.es\/Staging\/wp-json\/wp\/v2\/media\/3486"}],"wp:attachment":[{"href":"https:\/\/cebie.es\/Staging\/wp-json\/wp\/v2\/media?parent=5"}],"curies":[{"name":"wp","href":"https:\/\/api.w.org\/{rel}","templated":true}]}}